{"id":5775,"date":"2022-05-19T09:20:32","date_gmt":"2022-05-19T07:20:32","guid":{"rendered":"https:\/\/joseppons.neorgvirtual.com\/noticias\/"},"modified":"2025-10-28T11:30:29","modified_gmt":"2025-10-28T10:30:29","slug":"noticias","status":"publish","type":"page","link":"https:\/\/www.joseppons.net\/es\/noticias\/","title":{"rendered":"Noticias"},"content":{"rendered":"\t\t<div data-elementor-type=\"wp-page\" data-elementor-id=\"5775\" class=\"elementor elementor-5775 elementor-1170\" data-elementor-post-type=\"page\">\n\t\t\t\t<div class=\"elementor-element elementor-element-a78ee46 e-con-full e-flex e-con e-parent\" data-id=\"a78ee46\" data-element_type=\"container\" data-settings=\"{&quot;background_background&quot;:&quot;classic&quot;}\">\n\t\t\t\t<div class=\"elementor-element elementor-element-7d4c8a8 elementor-widget elementor-widget-heading\" data-id=\"7d4c8a8\" data-element_type=\"widget\" data-widget_type=\"heading.default\">\n\t\t\t\t<div class=\"elementor-widget-container\">\n\t\t\t\t\t<h1 class=\"elementor-heading-title elementor-size-default\">Noticias<\/h1>\t\t\t\t<\/div>\n\t\t\t\t<\/div>\n\t\t\t\t<\/div>\n\t\t<div class=\"elementor-element elementor-element-7ac43bc e-flex e-con-boxed e-con e-parent\" data-id=\"7ac43bc\" data-element_type=\"container\" data-settings=\"{&quot;background_background&quot;:&quot;classic&quot;}\">\n\t\t\t\t\t<div class=\"e-con-inner\">\n\t\t\t\t<div class=\"elementor-element elementor-element-dbd6a42 elementor-grid-3 elementor-grid-tablet-2 elementor-grid-mobile-1 elementor-widget elementor-widget-loop-grid\" data-id=\"dbd6a42\" data-element_type=\"widget\" data-settings=\"{&quot;template_id&quot;:5797,&quot;pagination_type&quot;:&quot;load_more_infinite_scroll&quot;,&quot;row_gap&quot;:{&quot;unit&quot;:&quot;px&quot;,&quot;size&quot;:50,&quot;sizes&quot;:[]},&quot;_skin&quot;:&quot;post&quot;,&quot;columns&quot;:&quot;3&quot;,&quot;columns_tablet&quot;:&quot;2&quot;,&quot;columns_mobile&quot;:&quot;1&quot;,&quot;edit_handle_selector&quot;:&quot;[data-elementor-type=\\&quot;loop-item\\&quot;]&quot;,&quot;load_more_spinner&quot;:{&quot;value&quot;:&quot;fas fa-spinner&quot;,&quot;library&quot;:&quot;fa-solid&quot;},&quot;row_gap_laptop&quot;:{&quot;unit&quot;:&quot;px&quot;,&quot;size&quot;:&quot;&quot;,&quot;sizes&quot;:[]},&quot;row_gap_tablet&quot;:{&quot;unit&quot;:&quot;px&quot;,&quot;size&quot;:&quot;&quot;,&quot;sizes&quot;:[]},&quot;row_gap_mobile&quot;:{&quot;unit&quot;:&quot;px&quot;,&quot;size&quot;:&quot;&quot;,&quot;sizes&quot;:[]}}\" data-widget_type=\"loop-grid.post\">\n\t\t\t\t<div class=\"elementor-widget-container\">\n\t\t\t\t\t\t\t<div class=\"elementor-loop-container elementor-grid\" role=\"list\">\n\t\t<style id=\"loop-5797\">.elementor-5797 .elementor-element.elementor-element-50da0826{--display:flex;--gap:10px 10px;--row-gap:10px;--column-gap:10px;--padding-top:0px;--padding-bottom:0px;--padding-left:0px;--padding-right:0px;}.elementor-5797 .elementor-element.elementor-element-16d3c757{--display:flex;--gap:15px 15px;--row-gap:15px;--column-gap:15px;--margin-top:0px;--margin-bottom:35px;--margin-left:0px;--margin-right:0px;--padding-top:0px;--padding-bottom:0px;--padding-left:0px;--padding-right:0px;}.elementor-widget-theme-post-featured-image .widget-image-caption{color:var( --e-global-color-text );font-family:var( --e-global-typography-text-font-family ), Sans-serif;font-weight:var( --e-global-typography-text-font-weight );}.elementor-5797 .elementor-element.elementor-element-a9270ce img{width:100%;height:400px;object-fit:cover;object-position:center center;}.elementor-widget-theme-post-title .elementor-heading-title{font-family:var( --e-global-typography-primary-font-family ), Sans-serif;font-weight:var( --e-global-typography-primary-font-weight );color:var( --e-global-color-primary );}.elementor-5797 .elementor-element.elementor-element-68646aa5 .elementor-heading-title{font-family:\"utopia-std\", Sans-serif;font-size:22px;font-weight:400;text-transform:none;font-style:normal;text-decoration:none;line-height:1.2em;letter-spacing:0px;word-spacing:0em;color:#1E1E1E;}.elementor-widget-theme-post-excerpt .elementor-widget-container{font-family:var( --e-global-typography-text-font-family ), Sans-serif;font-weight:var( --e-global-typography-text-font-weight );color:var( --e-global-color-text );}.elementor-5797 .elementor-element.elementor-element-597eafa2 .elementor-widget-container{font-family:\"Inter\", Sans-serif;font-size:14px;font-weight:400;text-transform:none;font-style:normal;text-decoration:none;line-height:21px;letter-spacing:0px;word-spacing:0em;color:#1E1E1E;}.elementor-widget-button .elementor-button{background-color:var( --e-global-color-accent );font-family:var( --e-global-typography-accent-font-family ), Sans-serif;font-weight:var( --e-global-typography-accent-font-weight );}.elementor-5797 .elementor-element.elementor-element-31daf02b .elementor-button{background-color:#FFFFFF00;font-family:\"Inter\", Sans-serif;font-size:12px;font-weight:400;text-transform:uppercase;font-style:normal;text-decoration:none;line-height:1em;letter-spacing:0px;word-spacing:0em;fill:#1E1E1E;color:#1E1E1E;border-style:solid;border-width:1px 1px 1px 1px;border-color:#1E1E1E;border-radius:100px 100px 100px 100px;padding:12px 25px 12px 25px;}.elementor-5797 .elementor-element.elementor-element-31daf02b .elementor-button:hover, .elementor-5797 .elementor-element.elementor-element-31daf02b .elementor-button:focus{background-color:var( --e-global-color-primary );color:var( --e-global-color-secondary );border-color:var( --e-global-color-primary );}.elementor-5797 .elementor-element.elementor-element-31daf02b .elementor-button:hover svg, .elementor-5797 .elementor-element.elementor-element-31daf02b .elementor-button:focus svg{fill:var( --e-global-color-secondary );}@media(max-width:1024px){.elementor-5797 .elementor-element.elementor-element-50da0826{--justify-content:space-between;}.elementor-5797 .elementor-element.elementor-element-16d3c757{--justify-content:flex-start;--gap:20px 20px;--row-gap:20px;--column-gap:20px;--margin-top:0px;--margin-bottom:20px;--margin-left:0px;--margin-right:0px;}.elementor-5797 .elementor-element.elementor-element-a9270ce img{height:400px;}.elementor-5797 .elementor-element.elementor-element-68646aa5 > .elementor-widget-container{padding:0% 1% 0% 0%;}.elementor-5797 .elementor-element.elementor-element-68646aa5 .elementor-heading-title{font-size:24px;}.elementor-5797 .elementor-element.elementor-element-597eafa2 .elementor-widget-container{font-size:14px;}.elementor-5797 .elementor-element.elementor-element-31daf02b .elementor-button{font-size:11px;}}@media(min-width:768px){.elementor-5797 .elementor-element.elementor-element-50da0826{--content-width:424px;}}@media(max-width:1024px) and (min-width:768px){.elementor-5797 .elementor-element.elementor-element-50da0826{--content-width:400px;}}@media(max-width:767px){.elementor-5797 .elementor-element.elementor-element-50da0826{--content-width:500px;}.elementor-5797 .elementor-element.elementor-element-a9270ce img{height:400px;}.elementor-5797 .elementor-element.elementor-element-68646aa5 > .elementor-widget-container{padding:0% 7% 0% 7%;}.elementor-5797 .elementor-element.elementor-element-68646aa5{text-align:center;}.elementor-5797 .elementor-element.elementor-element-68646aa5 .elementor-heading-title{font-size:20px;line-height:28px;}.elementor-5797 .elementor-element.elementor-element-597eafa2 .elementor-widget-container{text-align:center;}}<\/style>\t\t<div data-elementor-type=\"loop-item\" data-elementor-id=\"5797\" class=\"elementor elementor-5797 elementor-3840 e-loop-item e-loop-item-6374 post-6374 post type-post status-publish format-standard has-post-thumbnail hentry\" data-elementor-post-type=\"elementor_library\" data-custom-edit-handle=\"1\">\n\t\t\t<div class=\"elementor-element elementor-element-50da0826 e-flex e-con-boxed e-con e-parent\" data-id=\"50da0826\" data-element_type=\"container\">\n\t\t\t\t\t<div class=\"e-con-inner\">\n\t\t<div class=\"elementor-element elementor-element-16d3c757 e-flex e-con-boxed e-con e-child\" data-id=\"16d3c757\" data-element_type=\"container\">\n\t\t\t\t\t<div class=\"e-con-inner\">\n\t\t\t\t<div class=\"elementor-element elementor-element-a9270ce elementor-widget elementor-widget-theme-post-featured-image elementor-widget-image\" data-id=\"a9270ce\" data-element_type=\"widget\" data-widget_type=\"theme-post-featured-image.default\">\n\t\t\t\t<div class=\"elementor-widget-container\">\n\t\t\t\t\t\t\t\t\t\t\t\t\t\t\t\t<a href=\"https:\/\/www.joseppons.net\/es\/josep-pons-recibe-la-medalla-de-oro-artistica-del-gran-teatre-del-liceu-2025\/\">\n\t\t\t\t\t\t\t<img fetchpriority=\"high\" decoding=\"async\" width=\"850\" height=\"567\" src=\"https:\/\/www.joseppons.net\/wp-content\/uploads\/2025\/11\/Medalla_liceuok.jpg\" class=\"attachment-large size-large wp-image-6370\" alt=\"\" srcset=\"https:\/\/www.joseppons.net\/wp-content\/uploads\/2025\/11\/Medalla_liceuok.jpg 850w, https:\/\/www.joseppons.net\/wp-content\/uploads\/2025\/11\/Medalla_liceuok-300x200.jpg 300w, https:\/\/www.joseppons.net\/wp-content\/uploads\/2025\/11\/Medalla_liceuok-768x512.jpg 768w\" sizes=\"(max-width: 850px) 100vw, 850px\" \/>\t\t\t\t\t\t\t\t<\/a>\n\t\t\t\t\t\t\t\t\t\t\t\t\t\t\t<\/div>\n\t\t\t\t<\/div>\n\t\t\t\t<div class=\"elementor-element elementor-element-68646aa5 elementor-widget elementor-widget-theme-post-title elementor-page-title elementor-widget-heading\" data-id=\"68646aa5\" data-element_type=\"widget\" data-widget_type=\"theme-post-title.default\">\n\t\t\t\t<div class=\"elementor-widget-container\">\n\t\t\t\t\t<h4 class=\"elementor-heading-title elementor-size-default\">Josep Pons recibe la Medalla de Oro Art\u00edstica del Gran Teatre del Liceu 2025<\/h4>\t\t\t\t<\/div>\n\t\t\t\t<\/div>\n\t\t\t\t<div class=\"elementor-element elementor-element-31daf02b elementor-mobile-align-center elementor-widget elementor-widget-button\" data-id=\"31daf02b\" data-element_type=\"widget\" data-widget_type=\"button.default\">\n\t\t\t\t<div class=\"elementor-widget-container\">\n\t\t\t\t\t\t\t\t\t<div class=\"elementor-button-wrapper\">\n\t\t\t\t\t<a class=\"elementor-button elementor-button-link elementor-size-sm\" href=\"https:\/\/www.joseppons.net\/es\/josep-pons-recibe-la-medalla-de-oro-artistica-del-gran-teatre-del-liceu-2025\/\">\n\t\t\t\t\t\t<span class=\"elementor-button-content-wrapper\">\n\t\t\t\t\t\t\t\t\t<span class=\"elementor-button-text\">Leer m\u00e1s<\/span>\n\t\t\t\t\t<\/span>\n\t\t\t\t\t<\/a>\n\t\t\t\t<\/div>\n\t\t\t\t\t\t\t\t<\/div>\n\t\t\t\t<\/div>\n\t\t\t\t\t<\/div>\n\t\t\t\t<\/div>\n\t\t\t\t\t<\/div>\n\t\t\t\t<\/div>\n\t\t\t\t<\/div>\n\t\t\t\t<div data-elementor-type=\"loop-item\" data-elementor-id=\"5797\" class=\"elementor elementor-5797 elementor-3840 e-loop-item e-loop-item-6360 post-6360 post type-post status-publish format-standard has-post-thumbnail hentry\" data-elementor-post-type=\"elementor_library\" data-custom-edit-handle=\"1\">\n\t\t\t<div class=\"elementor-element elementor-element-50da0826 e-flex e-con-boxed e-con e-parent\" data-id=\"50da0826\" data-element_type=\"container\">\n\t\t\t\t\t<div class=\"e-con-inner\">\n\t\t<div class=\"elementor-element elementor-element-16d3c757 e-flex e-con-boxed e-con e-child\" data-id=\"16d3c757\" data-element_type=\"container\">\n\t\t\t\t\t<div class=\"e-con-inner\">\n\t\t\t\t<div class=\"elementor-element elementor-element-a9270ce elementor-widget elementor-widget-theme-post-featured-image elementor-widget-image\" data-id=\"a9270ce\" data-element_type=\"widget\" data-widget_type=\"theme-post-featured-image.default\">\n\t\t\t\t<div class=\"elementor-widget-container\">\n\t\t\t\t\t\t\t\t\t\t\t\t\t\t\t\t<a href=\"https:\/\/www.joseppons.net\/es\/josep-pons-recibe-el-premio-opera-actual-2025\/\">\n\t\t\t\t\t\t\t<img decoding=\"async\" width=\"400\" height=\"520\" src=\"https:\/\/www.joseppons.net\/wp-content\/uploads\/2025\/11\/Premio-OA-1-Josep-Pons-2025.jpg\" class=\"attachment-large size-large wp-image-6358\" alt=\"\" srcset=\"https:\/\/www.joseppons.net\/wp-content\/uploads\/2025\/11\/Premio-OA-1-Josep-Pons-2025.jpg 400w, https:\/\/www.joseppons.net\/wp-content\/uploads\/2025\/11\/Premio-OA-1-Josep-Pons-2025-231x300.jpg 231w\" sizes=\"(max-width: 400px) 100vw, 400px\" \/>\t\t\t\t\t\t\t\t<\/a>\n\t\t\t\t\t\t\t\t\t\t\t\t\t\t\t<\/div>\n\t\t\t\t<\/div>\n\t\t\t\t<div class=\"elementor-element elementor-element-68646aa5 elementor-widget elementor-widget-theme-post-title elementor-page-title elementor-widget-heading\" data-id=\"68646aa5\" data-element_type=\"widget\" data-widget_type=\"theme-post-title.default\">\n\t\t\t\t<div class=\"elementor-widget-container\">\n\t\t\t\t\t<h4 class=\"elementor-heading-title elementor-size-default\">Premio \u00d3pera Actual 2025<\/h4>\t\t\t\t<\/div>\n\t\t\t\t<\/div>\n\t\t\t\t<div class=\"elementor-element elementor-element-31daf02b elementor-mobile-align-center elementor-widget elementor-widget-button\" data-id=\"31daf02b\" data-element_type=\"widget\" data-widget_type=\"button.default\">\n\t\t\t\t<div class=\"elementor-widget-container\">\n\t\t\t\t\t\t\t\t\t<div class=\"elementor-button-wrapper\">\n\t\t\t\t\t<a class=\"elementor-button elementor-button-link elementor-size-sm\" href=\"https:\/\/www.joseppons.net\/es\/josep-pons-recibe-el-premio-opera-actual-2025\/\">\n\t\t\t\t\t\t<span class=\"elementor-button-content-wrapper\">\n\t\t\t\t\t\t\t\t\t<span class=\"elementor-button-text\">Leer m\u00e1s<\/span>\n\t\t\t\t\t<\/span>\n\t\t\t\t\t<\/a>\n\t\t\t\t<\/div>\n\t\t\t\t\t\t\t\t<\/div>\n\t\t\t\t<\/div>\n\t\t\t\t\t<\/div>\n\t\t\t\t<\/div>\n\t\t\t\t\t<\/div>\n\t\t\t\t<\/div>\n\t\t\t\t<\/div>\n\t\t\t\t<div data-elementor-type=\"loop-item\" data-elementor-id=\"5797\" class=\"elementor elementor-5797 elementor-3840 e-loop-item e-loop-item-6350 post-6350 post type-post status-publish format-standard has-post-thumbnail hentry\" data-elementor-post-type=\"elementor_library\" data-custom-edit-handle=\"1\">\n\t\t\t<div class=\"elementor-element elementor-element-50da0826 e-flex e-con-boxed e-con e-parent\" data-id=\"50da0826\" data-element_type=\"container\">\n\t\t\t\t\t<div class=\"e-con-inner\">\n\t\t<div class=\"elementor-element elementor-element-16d3c757 e-flex e-con-boxed e-con e-child\" data-id=\"16d3c757\" data-element_type=\"container\">\n\t\t\t\t\t<div class=\"e-con-inner\">\n\t\t\t\t<div class=\"elementor-element elementor-element-a9270ce elementor-widget elementor-widget-theme-post-featured-image elementor-widget-image\" data-id=\"a9270ce\" data-element_type=\"widget\" data-widget_type=\"theme-post-featured-image.default\">\n\t\t\t\t<div class=\"elementor-widget-container\">\n\t\t\t\t\t\t\t\t\t\t\t\t\t\t\t\t<a href=\"https:\/\/www.joseppons.net\/es\/el-liceu-abre-la-temporada-2025-26-con-la-zorrita-astuta\/\">\n\t\t\t\t\t\t\t<img decoding=\"async\" width=\"1024\" height=\"620\" src=\"https:\/\/www.joseppons.net\/wp-content\/uploads\/2025\/11\/K3BJRBUJQBBILBNDN7ZSMJMVNE-1024x620.jpg\" class=\"attachment-large size-large wp-image-6345\" alt=\"\" srcset=\"https:\/\/www.joseppons.net\/wp-content\/uploads\/2025\/11\/K3BJRBUJQBBILBNDN7ZSMJMVNE-1024x620.jpg 1024w, https:\/\/www.joseppons.net\/wp-content\/uploads\/2025\/11\/K3BJRBUJQBBILBNDN7ZSMJMVNE-300x182.jpg 300w, https:\/\/www.joseppons.net\/wp-content\/uploads\/2025\/11\/K3BJRBUJQBBILBNDN7ZSMJMVNE-768x465.jpg 768w, https:\/\/www.joseppons.net\/wp-content\/uploads\/2025\/11\/K3BJRBUJQBBILBNDN7ZSMJMVNE-1536x930.jpg 1536w, https:\/\/www.joseppons.net\/wp-content\/uploads\/2025\/11\/K3BJRBUJQBBILBNDN7ZSMJMVNE.jpg 1960w\" sizes=\"(max-width: 1024px) 100vw, 1024px\" \/>\t\t\t\t\t\t\t\t<\/a>\n\t\t\t\t\t\t\t\t\t\t\t\t\t\t\t<\/div>\n\t\t\t\t<\/div>\n\t\t\t\t<div class=\"elementor-element elementor-element-68646aa5 elementor-widget elementor-widget-theme-post-title elementor-page-title elementor-widget-heading\" data-id=\"68646aa5\" data-element_type=\"widget\" data-widget_type=\"theme-post-title.default\">\n\t\t\t\t<div class=\"elementor-widget-container\">\n\t\t\t\t\t<h4 class=\"elementor-heading-title elementor-size-default\">El Liceu abre la temporada 2025-26 con La zorrita astuta<\/h4>\t\t\t\t<\/div>\n\t\t\t\t<\/div>\n\t\t\t\t<div class=\"elementor-element elementor-element-31daf02b elementor-mobile-align-center elementor-widget elementor-widget-button\" data-id=\"31daf02b\" data-element_type=\"widget\" data-widget_type=\"button.default\">\n\t\t\t\t<div class=\"elementor-widget-container\">\n\t\t\t\t\t\t\t\t\t<div class=\"elementor-button-wrapper\">\n\t\t\t\t\t<a class=\"elementor-button elementor-button-link elementor-size-sm\" href=\"https:\/\/www.joseppons.net\/es\/el-liceu-abre-la-temporada-2025-26-con-la-zorrita-astuta\/\">\n\t\t\t\t\t\t<span class=\"elementor-button-content-wrapper\">\n\t\t\t\t\t\t\t\t\t<span class=\"elementor-button-text\">Leer m\u00e1s<\/span>\n\t\t\t\t\t<\/span>\n\t\t\t\t\t<\/a>\n\t\t\t\t<\/div>\n\t\t\t\t\t\t\t\t<\/div>\n\t\t\t\t<\/div>\n\t\t\t\t\t<\/div>\n\t\t\t\t<\/div>\n\t\t\t\t\t<\/div>\n\t\t\t\t<\/div>\n\t\t\t\t<\/div>\n\t\t\t\t<div data-elementor-type=\"loop-item\" data-elementor-id=\"5797\" class=\"elementor elementor-5797 elementor-3840 e-loop-item e-loop-item-6334 post-6334 post type-post status-publish format-standard has-post-thumbnail hentry\" data-elementor-post-type=\"elementor_library\" data-custom-edit-handle=\"1\">\n\t\t\t<div class=\"elementor-element elementor-element-50da0826 e-flex e-con-boxed e-con e-parent\" data-id=\"50da0826\" data-element_type=\"container\">\n\t\t\t\t\t<div class=\"e-con-inner\">\n\t\t<div class=\"elementor-element elementor-element-16d3c757 e-flex e-con-boxed e-con e-child\" data-id=\"16d3c757\" data-element_type=\"container\">\n\t\t\t\t\t<div class=\"e-con-inner\">\n\t\t\t\t<div class=\"elementor-element elementor-element-a9270ce elementor-widget elementor-widget-theme-post-featured-image elementor-widget-image\" data-id=\"a9270ce\" data-element_type=\"widget\" data-widget_type=\"theme-post-featured-image.default\">\n\t\t\t\t<div class=\"elementor-widget-container\">\n\t\t\t\t\t\t\t\t\t\t\t\t\t\t\t\t<a href=\"https:\/\/www.joseppons.net\/es\/temporada-2025-26-deutsche-radio-philharmonie\/\">\n\t\t\t\t\t\t\t<img loading=\"lazy\" decoding=\"async\" width=\"900\" height=\"506\" src=\"https:\/\/www.joseppons.net\/wp-content\/uploads\/2025\/09\/2025-26_Cover_blanko100_v-sr__169__900.jpg\" class=\"attachment-large size-large wp-image-6332\" alt=\"\" srcset=\"https:\/\/www.joseppons.net\/wp-content\/uploads\/2025\/09\/2025-26_Cover_blanko100_v-sr__169__900.jpg 900w, https:\/\/www.joseppons.net\/wp-content\/uploads\/2025\/09\/2025-26_Cover_blanko100_v-sr__169__900-300x169.jpg 300w, https:\/\/www.joseppons.net\/wp-content\/uploads\/2025\/09\/2025-26_Cover_blanko100_v-sr__169__900-768x432.jpg 768w\" sizes=\"(max-width: 900px) 100vw, 900px\" \/>\t\t\t\t\t\t\t\t<\/a>\n\t\t\t\t\t\t\t\t\t\t\t\t\t\t\t<\/div>\n\t\t\t\t<\/div>\n\t\t\t\t<div class=\"elementor-element elementor-element-68646aa5 elementor-widget elementor-widget-theme-post-title elementor-page-title elementor-widget-heading\" data-id=\"68646aa5\" data-element_type=\"widget\" data-widget_type=\"theme-post-title.default\">\n\t\t\t\t<div class=\"elementor-widget-container\">\n\t\t\t\t\t<h4 class=\"elementor-heading-title elementor-size-default\">Temporada 2025\/26 Deutsche Radio Philharmonie<\/h4>\t\t\t\t<\/div>\n\t\t\t\t<\/div>\n\t\t\t\t<div class=\"elementor-element elementor-element-31daf02b elementor-mobile-align-center elementor-widget elementor-widget-button\" data-id=\"31daf02b\" data-element_type=\"widget\" data-widget_type=\"button.default\">\n\t\t\t\t<div class=\"elementor-widget-container\">\n\t\t\t\t\t\t\t\t\t<div class=\"elementor-button-wrapper\">\n\t\t\t\t\t<a class=\"elementor-button elementor-button-link elementor-size-sm\" href=\"https:\/\/www.joseppons.net\/es\/temporada-2025-26-deutsche-radio-philharmonie\/\">\n\t\t\t\t\t\t<span class=\"elementor-button-content-wrapper\">\n\t\t\t\t\t\t\t\t\t<span class=\"elementor-button-text\">Leer m\u00e1s<\/span>\n\t\t\t\t\t<\/span>\n\t\t\t\t\t<\/a>\n\t\t\t\t<\/div>\n\t\t\t\t\t\t\t\t<\/div>\n\t\t\t\t<\/div>\n\t\t\t\t\t<\/div>\n\t\t\t\t<\/div>\n\t\t\t\t\t<\/div>\n\t\t\t\t<\/div>\n\t\t\t\t<\/div>\n\t\t\t\t<div data-elementor-type=\"loop-item\" data-elementor-id=\"5797\" class=\"elementor elementor-5797 elementor-3840 e-loop-item e-loop-item-6306 post-6306 post type-post status-publish format-standard has-post-thumbnail hentry\" data-elementor-post-type=\"elementor_library\" data-custom-edit-handle=\"1\">\n\t\t\t<div class=\"elementor-element elementor-element-50da0826 e-flex e-con-boxed e-con e-parent\" data-id=\"50da0826\" data-element_type=\"container\">\n\t\t\t\t\t<div class=\"e-con-inner\">\n\t\t<div class=\"elementor-element elementor-element-16d3c757 e-flex e-con-boxed e-con e-child\" data-id=\"16d3c757\" data-element_type=\"container\">\n\t\t\t\t\t<div class=\"e-con-inner\">\n\t\t\t\t<div class=\"elementor-element elementor-element-a9270ce elementor-widget elementor-widget-theme-post-featured-image elementor-widget-image\" data-id=\"a9270ce\" data-element_type=\"widget\" data-widget_type=\"theme-post-featured-image.default\">\n\t\t\t\t<div class=\"elementor-widget-container\">\n\t\t\t\t\t\t\t\t\t\t\t\t\t\t\t\t<a href=\"https:\/\/www.joseppons.net\/es\/josep-pons-dirige-la-segunda-sinfonia-de-mahler-en-montserrat-con-motivo-del-milenario\/\">\n\t\t\t\t\t\t\t<img loading=\"lazy\" decoding=\"async\" width=\"1024\" height=\"683\" src=\"https:\/\/www.joseppons.net\/wp-content\/uploads\/2025\/11\/Foto_Concert_Liceu_Montserrat-1024x683.jpg\" class=\"attachment-large size-large wp-image-6304\" alt=\"\" srcset=\"https:\/\/www.joseppons.net\/wp-content\/uploads\/2025\/11\/Foto_Concert_Liceu_Montserrat-1024x683.jpg 1024w, https:\/\/www.joseppons.net\/wp-content\/uploads\/2025\/11\/Foto_Concert_Liceu_Montserrat-300x200.jpg 300w, https:\/\/www.joseppons.net\/wp-content\/uploads\/2025\/11\/Foto_Concert_Liceu_Montserrat-768x512.jpg 768w, https:\/\/www.joseppons.net\/wp-content\/uploads\/2025\/11\/Foto_Concert_Liceu_Montserrat-1536x1024.jpg 1536w, https:\/\/www.joseppons.net\/wp-content\/uploads\/2025\/11\/Foto_Concert_Liceu_Montserrat-930x620.jpg 930w, https:\/\/www.joseppons.net\/wp-content\/uploads\/2025\/11\/Foto_Concert_Liceu_Montserrat.jpg 1650w\" sizes=\"(max-width: 1024px) 100vw, 1024px\" \/>\t\t\t\t\t\t\t\t<\/a>\n\t\t\t\t\t\t\t\t\t\t\t\t\t\t\t<\/div>\n\t\t\t\t<\/div>\n\t\t\t\t<div class=\"elementor-element elementor-element-68646aa5 elementor-widget elementor-widget-theme-post-title elementor-page-title elementor-widget-heading\" data-id=\"68646aa5\" data-element_type=\"widget\" data-widget_type=\"theme-post-title.default\">\n\t\t\t\t<div class=\"elementor-widget-container\">\n\t\t\t\t\t<h4 class=\"elementor-heading-title elementor-size-default\">Josep Pons dirige la Segunda Sinfon\u00eda de Mahler en Montserrat con motivo del Milenario<\/h4>\t\t\t\t<\/div>\n\t\t\t\t<\/div>\n\t\t\t\t<div class=\"elementor-element elementor-element-31daf02b elementor-mobile-align-center elementor-widget elementor-widget-button\" data-id=\"31daf02b\" data-element_type=\"widget\" data-widget_type=\"button.default\">\n\t\t\t\t<div class=\"elementor-widget-container\">\n\t\t\t\t\t\t\t\t\t<div class=\"elementor-button-wrapper\">\n\t\t\t\t\t<a class=\"elementor-button elementor-button-link elementor-size-sm\" href=\"https:\/\/www.joseppons.net\/es\/josep-pons-dirige-la-segunda-sinfonia-de-mahler-en-montserrat-con-motivo-del-milenario\/\">\n\t\t\t\t\t\t<span class=\"elementor-button-content-wrapper\">\n\t\t\t\t\t\t\t\t\t<span class=\"elementor-button-text\">Leer m\u00e1s<\/span>\n\t\t\t\t\t<\/span>\n\t\t\t\t\t<\/a>\n\t\t\t\t<\/div>\n\t\t\t\t\t\t\t\t<\/div>\n\t\t\t\t<\/div>\n\t\t\t\t\t<\/div>\n\t\t\t\t<\/div>\n\t\t\t\t\t<\/div>\n\t\t\t\t<\/div>\n\t\t\t\t<\/div>\n\t\t\t\t<div data-elementor-type=\"loop-item\" data-elementor-id=\"5797\" class=\"elementor elementor-5797 elementor-3840 e-loop-item e-loop-item-6314 post-6314 post type-post status-publish format-standard has-post-thumbnail hentry\" data-elementor-post-type=\"elementor_library\" data-custom-edit-handle=\"1\">\n\t\t\t<div class=\"elementor-element elementor-element-50da0826 e-flex e-con-boxed e-con e-parent\" data-id=\"50da0826\" data-element_type=\"container\">\n\t\t\t\t\t<div class=\"e-con-inner\">\n\t\t<div class=\"elementor-element elementor-element-16d3c757 e-flex e-con-boxed e-con e-child\" data-id=\"16d3c757\" data-element_type=\"container\">\n\t\t\t\t\t<div class=\"e-con-inner\">\n\t\t\t\t<div class=\"elementor-element elementor-element-a9270ce elementor-widget elementor-widget-theme-post-featured-image elementor-widget-image\" data-id=\"a9270ce\" data-element_type=\"widget\" data-widget_type=\"theme-post-featured-image.default\">\n\t\t\t\t<div class=\"elementor-widget-container\">\n\t\t\t\t\t\t\t\t\t\t\t\t\t\t\t\t<a href=\"https:\/\/www.joseppons.net\/es\/la-nova-temporada-25-26-al-gran-teatre-del-liceu\/\">\n\t\t\t\t\t\t\t<img loading=\"lazy\" decoding=\"async\" width=\"1024\" height=\"571\" src=\"https:\/\/www.joseppons.net\/wp-content\/uploads\/2025\/11\/Capcalera-Noticia-RDP-Temporada-1024x571.jpg\" class=\"attachment-large size-large wp-image-6316\" alt=\"\" srcset=\"https:\/\/www.joseppons.net\/wp-content\/uploads\/2025\/11\/Capcalera-Noticia-RDP-Temporada-1024x571.jpg 1024w, https:\/\/www.joseppons.net\/wp-content\/uploads\/2025\/11\/Capcalera-Noticia-RDP-Temporada-300x167.jpg 300w, https:\/\/www.joseppons.net\/wp-content\/uploads\/2025\/11\/Capcalera-Noticia-RDP-Temporada-768x428.jpg 768w, https:\/\/www.joseppons.net\/wp-content\/uploads\/2025\/11\/Capcalera-Noticia-RDP-Temporada.jpg 1470w\" sizes=\"(max-width: 1024px) 100vw, 1024px\" \/>\t\t\t\t\t\t\t\t<\/a>\n\t\t\t\t\t\t\t\t\t\t\t\t\t\t\t<\/div>\n\t\t\t\t<\/div>\n\t\t\t\t<div class=\"elementor-element elementor-element-68646aa5 elementor-widget elementor-widget-theme-post-title elementor-page-title elementor-widget-heading\" data-id=\"68646aa5\" data-element_type=\"widget\" data-widget_type=\"theme-post-title.default\">\n\t\t\t\t<div class=\"elementor-widget-container\">\n\t\t\t\t\t<h4 class=\"elementor-heading-title elementor-size-default\">La nueva temporada 25\/26 en el Gran Teatre del Liceu<\/h4>\t\t\t\t<\/div>\n\t\t\t\t<\/div>\n\t\t\t\t<div class=\"elementor-element elementor-element-31daf02b elementor-mobile-align-center elementor-widget elementor-widget-button\" data-id=\"31daf02b\" data-element_type=\"widget\" data-widget_type=\"button.default\">\n\t\t\t\t<div class=\"elementor-widget-container\">\n\t\t\t\t\t\t\t\t\t<div class=\"elementor-button-wrapper\">\n\t\t\t\t\t<a class=\"elementor-button elementor-button-link elementor-size-sm\" href=\"https:\/\/www.joseppons.net\/es\/la-nova-temporada-25-26-al-gran-teatre-del-liceu\/\">\n\t\t\t\t\t\t<span class=\"elementor-button-content-wrapper\">\n\t\t\t\t\t\t\t\t\t<span class=\"elementor-button-text\">Leer m\u00e1s<\/span>\n\t\t\t\t\t<\/span>\n\t\t\t\t\t<\/a>\n\t\t\t\t<\/div>\n\t\t\t\t\t\t\t\t<\/div>\n\t\t\t\t<\/div>\n\t\t\t\t\t<\/div>\n\t\t\t\t<\/div>\n\t\t\t\t\t<\/div>\n\t\t\t\t<\/div>\n\t\t\t\t<\/div>\n\t\t\t\t<div data-elementor-type=\"loop-item\" data-elementor-id=\"5797\" class=\"elementor elementor-5797 elementor-3840 e-loop-item e-loop-item-6297 post-6297 post type-post status-publish format-standard has-post-thumbnail hentry\" data-elementor-post-type=\"elementor_library\" data-custom-edit-handle=\"1\">\n\t\t\t<div class=\"elementor-element elementor-element-50da0826 e-flex e-con-boxed e-con e-parent\" data-id=\"50da0826\" data-element_type=\"container\">\n\t\t\t\t\t<div class=\"e-con-inner\">\n\t\t<div class=\"elementor-element elementor-element-16d3c757 e-flex e-con-boxed e-con e-child\" data-id=\"16d3c757\" data-element_type=\"container\">\n\t\t\t\t\t<div class=\"e-con-inner\">\n\t\t\t\t<div class=\"elementor-element elementor-element-a9270ce elementor-widget elementor-widget-theme-post-featured-image elementor-widget-image\" data-id=\"a9270ce\" data-element_type=\"widget\" data-widget_type=\"theme-post-featured-image.default\">\n\t\t\t\t<div class=\"elementor-widget-container\">\n\t\t\t\t\t\t\t\t\t\t\t\t\t\t\t\t<a href=\"https:\/\/www.joseppons.net\/es\/josep-pons-regresa-a-los-bbc-proms-con-la-bbc-symphony-orchestra\/\">\n\t\t\t\t\t\t\t<img loading=\"lazy\" decoding=\"async\" width=\"880\" height=\"880\" src=\"https:\/\/www.joseppons.net\/wp-content\/uploads\/2025\/11\/npr.brightspotcdn.jpg\" class=\"attachment-large size-large wp-image-6293\" alt=\"\" srcset=\"https:\/\/www.joseppons.net\/wp-content\/uploads\/2025\/11\/npr.brightspotcdn.jpg 880w, https:\/\/www.joseppons.net\/wp-content\/uploads\/2025\/11\/npr.brightspotcdn-300x300.jpg 300w, https:\/\/www.joseppons.net\/wp-content\/uploads\/2025\/11\/npr.brightspotcdn-150x150.jpg 150w, https:\/\/www.joseppons.net\/wp-content\/uploads\/2025\/11\/npr.brightspotcdn-768x768.jpg 768w, https:\/\/www.joseppons.net\/wp-content\/uploads\/2025\/11\/npr.brightspotcdn-650x650.jpg 650w\" sizes=\"(max-width: 880px) 100vw, 880px\" \/>\t\t\t\t\t\t\t\t<\/a>\n\t\t\t\t\t\t\t\t\t\t\t\t\t\t\t<\/div>\n\t\t\t\t<\/div>\n\t\t\t\t<div class=\"elementor-element elementor-element-68646aa5 elementor-widget elementor-widget-theme-post-title elementor-page-title elementor-widget-heading\" data-id=\"68646aa5\" data-element_type=\"widget\" data-widget_type=\"theme-post-title.default\">\n\t\t\t\t<div class=\"elementor-widget-container\">\n\t\t\t\t\t<h4 class=\"elementor-heading-title elementor-size-default\">Josep Pons regresa a los BBC Proms con la BBC Symphony Orchestra<\/h4>\t\t\t\t<\/div>\n\t\t\t\t<\/div>\n\t\t\t\t<div class=\"elementor-element elementor-element-31daf02b elementor-mobile-align-center elementor-widget elementor-widget-button\" data-id=\"31daf02b\" data-element_type=\"widget\" data-widget_type=\"button.default\">\n\t\t\t\t<div class=\"elementor-widget-container\">\n\t\t\t\t\t\t\t\t\t<div class=\"elementor-button-wrapper\">\n\t\t\t\t\t<a class=\"elementor-button elementor-button-link elementor-size-sm\" href=\"https:\/\/www.joseppons.net\/es\/josep-pons-regresa-a-los-bbc-proms-con-la-bbc-symphony-orchestra\/\">\n\t\t\t\t\t\t<span class=\"elementor-button-content-wrapper\">\n\t\t\t\t\t\t\t\t\t<span class=\"elementor-button-text\">Leer m\u00e1s<\/span>\n\t\t\t\t\t<\/span>\n\t\t\t\t\t<\/a>\n\t\t\t\t<\/div>\n\t\t\t\t\t\t\t\t<\/div>\n\t\t\t\t<\/div>\n\t\t\t\t\t<\/div>\n\t\t\t\t<\/div>\n\t\t\t\t\t<\/div>\n\t\t\t\t<\/div>\n\t\t\t\t<\/div>\n\t\t\t\t<div data-elementor-type=\"loop-item\" data-elementor-id=\"5797\" class=\"elementor elementor-5797 elementor-3840 e-loop-item e-loop-item-6237 post-6237 post type-post status-publish format-standard has-post-thumbnail hentry\" data-elementor-post-type=\"elementor_library\" data-custom-edit-handle=\"1\">\n\t\t\t<div class=\"elementor-element elementor-element-50da0826 e-flex e-con-boxed e-con e-parent\" data-id=\"50da0826\" data-element_type=\"container\">\n\t\t\t\t\t<div class=\"e-con-inner\">\n\t\t<div class=\"elementor-element elementor-element-16d3c757 e-flex e-con-boxed e-con e-child\" data-id=\"16d3c757\" data-element_type=\"container\">\n\t\t\t\t\t<div class=\"e-con-inner\">\n\t\t\t\t<div class=\"elementor-element elementor-element-a9270ce elementor-widget elementor-widget-theme-post-featured-image elementor-widget-image\" data-id=\"a9270ce\" data-element_type=\"widget\" data-widget_type=\"theme-post-featured-image.default\">\n\t\t\t\t<div class=\"elementor-widget-container\">\n\t\t\t\t\t\t\t\t\t\t\t\t\t\t\t\t<a href=\"https:\/\/www.joseppons.net\/es\/josep-pons-nombrado-director-musical-honorario-del-gran-teatre-del-liceu\/\">\n\t\t\t\t\t\t\t<img loading=\"lazy\" decoding=\"async\" width=\"1024\" height=\"571\" src=\"https:\/\/www.joseppons.net\/wp-content\/uploads\/2025\/11\/Capcalera-Pons-Mahler-8-1024x571.png\" class=\"attachment-large size-large wp-image-6233\" alt=\"\" srcset=\"https:\/\/www.joseppons.net\/wp-content\/uploads\/2025\/11\/Capcalera-Pons-Mahler-8-1024x571.png 1024w, https:\/\/www.joseppons.net\/wp-content\/uploads\/2025\/11\/Capcalera-Pons-Mahler-8-300x167.png 300w, https:\/\/www.joseppons.net\/wp-content\/uploads\/2025\/11\/Capcalera-Pons-Mahler-8-768x428.png 768w, https:\/\/www.joseppons.net\/wp-content\/uploads\/2025\/11\/Capcalera-Pons-Mahler-8.png 1470w\" sizes=\"(max-width: 1024px) 100vw, 1024px\" \/>\t\t\t\t\t\t\t\t<\/a>\n\t\t\t\t\t\t\t\t\t\t\t\t\t\t\t<\/div>\n\t\t\t\t<\/div>\n\t\t\t\t<div class=\"elementor-element elementor-element-68646aa5 elementor-widget elementor-widget-theme-post-title elementor-page-title elementor-widget-heading\" data-id=\"68646aa5\" data-element_type=\"widget\" data-widget_type=\"theme-post-title.default\">\n\t\t\t\t<div class=\"elementor-widget-container\">\n\t\t\t\t\t<h4 class=\"elementor-heading-title elementor-size-default\">Josep Pons, nombrado Director Musical Honorario del Gran Teatre del Liceu<\/h4>\t\t\t\t<\/div>\n\t\t\t\t<\/div>\n\t\t\t\t<div class=\"elementor-element elementor-element-31daf02b elementor-mobile-align-center elementor-widget elementor-widget-button\" data-id=\"31daf02b\" data-element_type=\"widget\" data-widget_type=\"button.default\">\n\t\t\t\t<div class=\"elementor-widget-container\">\n\t\t\t\t\t\t\t\t\t<div class=\"elementor-button-wrapper\">\n\t\t\t\t\t<a class=\"elementor-button elementor-button-link elementor-size-sm\" href=\"https:\/\/www.joseppons.net\/es\/josep-pons-nombrado-director-musical-honorario-del-gran-teatre-del-liceu\/\">\n\t\t\t\t\t\t<span class=\"elementor-button-content-wrapper\">\n\t\t\t\t\t\t\t\t\t<span class=\"elementor-button-text\">Leer m\u00e1s<\/span>\n\t\t\t\t\t<\/span>\n\t\t\t\t\t<\/a>\n\t\t\t\t<\/div>\n\t\t\t\t\t\t\t\t<\/div>\n\t\t\t\t<\/div>\n\t\t\t\t\t<\/div>\n\t\t\t\t<\/div>\n\t\t\t\t\t<\/div>\n\t\t\t\t<\/div>\n\t\t\t\t<\/div>\n\t\t\t\t<div data-elementor-type=\"loop-item\" data-elementor-id=\"5797\" class=\"elementor elementor-5797 elementor-3840 e-loop-item e-loop-item-6225 post-6225 post type-post status-publish format-standard has-post-thumbnail hentry\" data-elementor-post-type=\"elementor_library\" data-custom-edit-handle=\"1\">\n\t\t\t<div class=\"elementor-element elementor-element-50da0826 e-flex e-con-boxed e-con e-parent\" data-id=\"50da0826\" data-element_type=\"container\">\n\t\t\t\t\t<div class=\"e-con-inner\">\n\t\t<div class=\"elementor-element elementor-element-16d3c757 e-flex e-con-boxed e-con e-child\" data-id=\"16d3c757\" data-element_type=\"container\">\n\t\t\t\t\t<div class=\"e-con-inner\">\n\t\t\t\t<div class=\"elementor-element elementor-element-a9270ce elementor-widget elementor-widget-theme-post-featured-image elementor-widget-image\" data-id=\"a9270ce\" data-element_type=\"widget\" data-widget_type=\"theme-post-featured-image.default\">\n\t\t\t\t<div class=\"elementor-widget-container\">\n\t\t\t\t\t\t\t\t\t\t\t\t\t\t\t\t<a href=\"https:\/\/www.joseppons.net\/es\/socio-de-honor-2025-de-los-amics-del-liceu\/\">\n\t\t\t\t\t\t\t<img loading=\"lazy\" decoding=\"async\" width=\"1024\" height=\"682\" src=\"https:\/\/www.joseppons.net\/wp-content\/uploads\/2025\/11\/Imatge-de-WhatsApp-2025-06-27-a-les-09.58.14_2f9906d6-1024x682.jpg\" class=\"attachment-large size-large wp-image-6215\" alt=\"\" srcset=\"https:\/\/www.joseppons.net\/wp-content\/uploads\/2025\/11\/Imatge-de-WhatsApp-2025-06-27-a-les-09.58.14_2f9906d6-1024x682.jpg 1024w, https:\/\/www.joseppons.net\/wp-content\/uploads\/2025\/11\/Imatge-de-WhatsApp-2025-06-27-a-les-09.58.14_2f9906d6-300x200.jpg 300w, https:\/\/www.joseppons.net\/wp-content\/uploads\/2025\/11\/Imatge-de-WhatsApp-2025-06-27-a-les-09.58.14_2f9906d6-768x512.jpg 768w, https:\/\/www.joseppons.net\/wp-content\/uploads\/2025\/11\/Imatge-de-WhatsApp-2025-06-27-a-les-09.58.14_2f9906d6-1536x1023.jpg 1536w, https:\/\/www.joseppons.net\/wp-content\/uploads\/2025\/11\/Imatge-de-WhatsApp-2025-06-27-a-les-09.58.14_2f9906d6-930x620.jpg 930w, https:\/\/www.joseppons.net\/wp-content\/uploads\/2025\/11\/Imatge-de-WhatsApp-2025-06-27-a-les-09.58.14_2f9906d6.jpg 1600w\" sizes=\"(max-width: 1024px) 100vw, 1024px\" \/>\t\t\t\t\t\t\t\t<\/a>\n\t\t\t\t\t\t\t\t\t\t\t\t\t\t\t<\/div>\n\t\t\t\t<\/div>\n\t\t\t\t<div class=\"elementor-element elementor-element-68646aa5 elementor-widget elementor-widget-theme-post-title elementor-page-title elementor-widget-heading\" data-id=\"68646aa5\" data-element_type=\"widget\" data-widget_type=\"theme-post-title.default\">\n\t\t\t\t<div class=\"elementor-widget-container\">\n\t\t\t\t\t<h4 class=\"elementor-heading-title elementor-size-default\">Socio de Honor 2025 de los Amics del Liceu<\/h4>\t\t\t\t<\/div>\n\t\t\t\t<\/div>\n\t\t\t\t<div class=\"elementor-element elementor-element-31daf02b elementor-mobile-align-center elementor-widget elementor-widget-button\" data-id=\"31daf02b\" data-element_type=\"widget\" data-widget_type=\"button.default\">\n\t\t\t\t<div class=\"elementor-widget-container\">\n\t\t\t\t\t\t\t\t\t<div class=\"elementor-button-wrapper\">\n\t\t\t\t\t<a class=\"elementor-button elementor-button-link elementor-size-sm\" href=\"https:\/\/www.joseppons.net\/es\/socio-de-honor-2025-de-los-amics-del-liceu\/\">\n\t\t\t\t\t\t<span class=\"elementor-button-content-wrapper\">\n\t\t\t\t\t\t\t\t\t<span class=\"elementor-button-text\">Leer m\u00e1s<\/span>\n\t\t\t\t\t<\/span>\n\t\t\t\t\t<\/a>\n\t\t\t\t<\/div>\n\t\t\t\t\t\t\t\t<\/div>\n\t\t\t\t<\/div>\n\t\t\t\t\t<\/div>\n\t\t\t\t<\/div>\n\t\t\t\t\t<\/div>\n\t\t\t\t<\/div>\n\t\t\t\t<\/div>\n\t\t\t\t<div data-elementor-type=\"loop-item\" data-elementor-id=\"5797\" class=\"elementor elementor-5797 elementor-3840 e-loop-item e-loop-item-6275 post-6275 post type-post status-publish format-standard has-post-thumbnail hentry\" data-elementor-post-type=\"elementor_library\" data-custom-edit-handle=\"1\">\n\t\t\t<div class=\"elementor-element elementor-element-50da0826 e-flex e-con-boxed e-con e-parent\" data-id=\"50da0826\" data-element_type=\"container\">\n\t\t\t\t\t<div class=\"e-con-inner\">\n\t\t<div class=\"elementor-element elementor-element-16d3c757 e-flex e-con-boxed e-con e-child\" data-id=\"16d3c757\" data-element_type=\"container\">\n\t\t\t\t\t<div class=\"e-con-inner\">\n\t\t\t\t<div class=\"elementor-element elementor-element-a9270ce elementor-widget elementor-widget-theme-post-featured-image elementor-widget-image\" data-id=\"a9270ce\" data-element_type=\"widget\" data-widget_type=\"theme-post-featured-image.default\">\n\t\t\t\t<div class=\"elementor-widget-container\">\n\t\t\t\t\t\t\t\t\t\t\t\t\t\t\t\t<a href=\"https:\/\/www.joseppons.net\/es\/josep-pons-dirige-rusalka-en-el-gran-teatre-del-liceu\/\">\n\t\t\t\t\t\t\t<img loading=\"lazy\" decoding=\"async\" width=\"725\" height=\"400\" src=\"https:\/\/www.joseppons.net\/wp-content\/uploads\/2025\/11\/rusalka-liceu-operaactual.jpg\" class=\"attachment-large size-large wp-image-6271\" alt=\"\" srcset=\"https:\/\/www.joseppons.net\/wp-content\/uploads\/2025\/11\/rusalka-liceu-operaactual.jpg 725w, https:\/\/www.joseppons.net\/wp-content\/uploads\/2025\/11\/rusalka-liceu-operaactual-300x166.jpg 300w\" sizes=\"(max-width: 725px) 100vw, 725px\" \/>\t\t\t\t\t\t\t\t<\/a>\n\t\t\t\t\t\t\t\t\t\t\t\t\t\t\t<\/div>\n\t\t\t\t<\/div>\n\t\t\t\t<div class=\"elementor-element elementor-element-68646aa5 elementor-widget elementor-widget-theme-post-title elementor-page-title elementor-widget-heading\" data-id=\"68646aa5\" data-element_type=\"widget\" data-widget_type=\"theme-post-title.default\">\n\t\t\t\t<div class=\"elementor-widget-container\">\n\t\t\t\t\t<h4 class=\"elementor-heading-title elementor-size-default\">Josep Pons dirige Rusalka en el Gran Teatre del Liceu<\/h4>\t\t\t\t<\/div>\n\t\t\t\t<\/div>\n\t\t\t\t<div class=\"elementor-element elementor-element-31daf02b elementor-mobile-align-center elementor-widget elementor-widget-button\" data-id=\"31daf02b\" data-element_type=\"widget\" data-widget_type=\"button.default\">\n\t\t\t\t<div class=\"elementor-widget-container\">\n\t\t\t\t\t\t\t\t\t<div class=\"elementor-button-wrapper\">\n\t\t\t\t\t<a class=\"elementor-button elementor-button-link elementor-size-sm\" href=\"https:\/\/www.joseppons.net\/es\/josep-pons-dirige-rusalka-en-el-gran-teatre-del-liceu\/\">\n\t\t\t\t\t\t<span class=\"elementor-button-content-wrapper\">\n\t\t\t\t\t\t\t\t\t<span class=\"elementor-button-text\">Leer m\u00e1s<\/span>\n\t\t\t\t\t<\/span>\n\t\t\t\t\t<\/a>\n\t\t\t\t<\/div>\n\t\t\t\t\t\t\t\t<\/div>\n\t\t\t\t<\/div>\n\t\t\t\t\t<\/div>\n\t\t\t\t<\/div>\n\t\t\t\t\t<\/div>\n\t\t\t\t<\/div>\n\t\t\t\t<\/div>\n\t\t\t\t<div data-elementor-type=\"loop-item\" data-elementor-id=\"5797\" class=\"elementor elementor-5797 elementor-3840 e-loop-item e-loop-item-6247 post-6247 post type-post status-publish format-standard has-post-thumbnail hentry\" data-elementor-post-type=\"elementor_library\" data-custom-edit-handle=\"1\">\n\t\t\t<div class=\"elementor-element elementor-element-50da0826 e-flex e-con-boxed e-con e-parent\" data-id=\"50da0826\" data-element_type=\"container\">\n\t\t\t\t\t<div class=\"e-con-inner\">\n\t\t<div class=\"elementor-element elementor-element-16d3c757 e-flex e-con-boxed e-con e-child\" data-id=\"16d3c757\" data-element_type=\"container\">\n\t\t\t\t\t<div class=\"e-con-inner\">\n\t\t\t\t<div class=\"elementor-element elementor-element-a9270ce elementor-widget elementor-widget-theme-post-featured-image elementor-widget-image\" data-id=\"a9270ce\" data-element_type=\"widget\" data-widget_type=\"theme-post-featured-image.default\">\n\t\t\t\t<div class=\"elementor-widget-container\">\n\t\t\t\t\t\t\t\t\t\t\t\t\t\t\t\t<a href=\"https:\/\/www.joseppons.net\/es\/el-gobierno-distingue-a-josep-pons-con-la-creu-de-sant-jordi-2025\/\">\n\t\t\t\t\t\t\t<img loading=\"lazy\" decoding=\"async\" width=\"960\" height=\"801\" src=\"https:\/\/www.joseppons.net\/wp-content\/uploads\/2025\/11\/WhatsApp-Image-2025-05-16-at-09.25.30.jpg\" class=\"attachment-large size-large wp-image-6242\" alt=\"\" srcset=\"https:\/\/www.joseppons.net\/wp-content\/uploads\/2025\/11\/WhatsApp-Image-2025-05-16-at-09.25.30.jpg 960w, https:\/\/www.joseppons.net\/wp-content\/uploads\/2025\/11\/WhatsApp-Image-2025-05-16-at-09.25.30-300x250.jpg 300w, https:\/\/www.joseppons.net\/wp-content\/uploads\/2025\/11\/WhatsApp-Image-2025-05-16-at-09.25.30-768x641.jpg 768w\" sizes=\"(max-width: 960px) 100vw, 960px\" \/>\t\t\t\t\t\t\t\t<\/a>\n\t\t\t\t\t\t\t\t\t\t\t\t\t\t\t<\/div>\n\t\t\t\t<\/div>\n\t\t\t\t<div class=\"elementor-element elementor-element-68646aa5 elementor-widget elementor-widget-theme-post-title elementor-page-title elementor-widget-heading\" data-id=\"68646aa5\" data-element_type=\"widget\" data-widget_type=\"theme-post-title.default\">\n\t\t\t\t<div class=\"elementor-widget-container\">\n\t\t\t\t\t<h4 class=\"elementor-heading-title elementor-size-default\">El Gobierno distingue a Josep Pons con la Creu de Sant Jordi 2025<\/h4>\t\t\t\t<\/div>\n\t\t\t\t<\/div>\n\t\t\t\t<div class=\"elementor-element elementor-element-31daf02b elementor-mobile-align-center elementor-widget elementor-widget-button\" data-id=\"31daf02b\" data-element_type=\"widget\" data-widget_type=\"button.default\">\n\t\t\t\t<div class=\"elementor-widget-container\">\n\t\t\t\t\t\t\t\t\t<div class=\"elementor-button-wrapper\">\n\t\t\t\t\t<a class=\"elementor-button elementor-button-link elementor-size-sm\" href=\"https:\/\/www.joseppons.net\/es\/el-gobierno-distingue-a-josep-pons-con-la-creu-de-sant-jordi-2025\/\">\n\t\t\t\t\t\t<span class=\"elementor-button-content-wrapper\">\n\t\t\t\t\t\t\t\t\t<span class=\"elementor-button-text\">Leer m\u00e1s<\/span>\n\t\t\t\t\t<\/span>\n\t\t\t\t\t<\/a>\n\t\t\t\t<\/div>\n\t\t\t\t\t\t\t\t<\/div>\n\t\t\t\t<\/div>\n\t\t\t\t\t<\/div>\n\t\t\t\t<\/div>\n\t\t\t\t\t<\/div>\n\t\t\t\t<\/div>\n\t\t\t\t<\/div>\n\t\t\t\t<div data-elementor-type=\"loop-item\" data-elementor-id=\"5797\" class=\"elementor elementor-5797 elementor-3840 e-loop-item e-loop-item-6288 post-6288 post type-post status-publish format-standard has-post-thumbnail hentry\" data-elementor-post-type=\"elementor_library\" data-custom-edit-handle=\"1\">\n\t\t\t<div class=\"elementor-element elementor-element-50da0826 e-flex e-con-boxed e-con e-parent\" data-id=\"50da0826\" data-element_type=\"container\">\n\t\t\t\t\t<div class=\"e-con-inner\">\n\t\t<div class=\"elementor-element elementor-element-16d3c757 e-flex e-con-boxed e-con e-child\" data-id=\"16d3c757\" data-element_type=\"container\">\n\t\t\t\t\t<div class=\"e-con-inner\">\n\t\t\t\t<div class=\"elementor-element elementor-element-a9270ce elementor-widget elementor-widget-theme-post-featured-image elementor-widget-image\" data-id=\"a9270ce\" data-element_type=\"widget\" data-widget_type=\"theme-post-featured-image.default\">\n\t\t\t\t<div class=\"elementor-widget-container\">\n\t\t\t\t\t\t\t\t\t\t\t\t\t\t\t\t<a href=\"https:\/\/www.joseppons.net\/es\/parsifal-de-richard-wagner-en-montserrat\/\">\n\t\t\t\t\t\t\t<img loading=\"lazy\" decoding=\"async\" width=\"1024\" height=\"766\" src=\"https:\/\/www.joseppons.net\/wp-content\/uploads\/2025\/11\/1620_1744381250P4290051-1024x766.jpg\" class=\"attachment-large size-large wp-image-6281\" alt=\"\" srcset=\"https:\/\/www.joseppons.net\/wp-content\/uploads\/2025\/11\/1620_1744381250P4290051-1024x766.jpg 1024w, https:\/\/www.joseppons.net\/wp-content\/uploads\/2025\/11\/1620_1744381250P4290051-300x224.jpg 300w, https:\/\/www.joseppons.net\/wp-content\/uploads\/2025\/11\/1620_1744381250P4290051-768x575.jpg 768w, https:\/\/www.joseppons.net\/wp-content\/uploads\/2025\/11\/1620_1744381250P4290051-1536x1149.jpg 1536w, https:\/\/www.joseppons.net\/wp-content\/uploads\/2025\/11\/1620_1744381250P4290051.jpg 1620w\" sizes=\"(max-width: 1024px) 100vw, 1024px\" \/>\t\t\t\t\t\t\t\t<\/a>\n\t\t\t\t\t\t\t\t\t\t\t\t\t\t\t<\/div>\n\t\t\t\t<\/div>\n\t\t\t\t<div class=\"elementor-element elementor-element-68646aa5 elementor-widget elementor-widget-theme-post-title elementor-page-title elementor-widget-heading\" data-id=\"68646aa5\" data-element_type=\"widget\" data-widget_type=\"theme-post-title.default\">\n\t\t\t\t<div class=\"elementor-widget-container\">\n\t\t\t\t\t<h4 class=\"elementor-heading-title elementor-size-default\">Parsifal de Richard Wagner en Montserrat<\/h4>\t\t\t\t<\/div>\n\t\t\t\t<\/div>\n\t\t\t\t<div class=\"elementor-element elementor-element-31daf02b elementor-mobile-align-center elementor-widget elementor-widget-button\" data-id=\"31daf02b\" data-element_type=\"widget\" data-widget_type=\"button.default\">\n\t\t\t\t<div class=\"elementor-widget-container\">\n\t\t\t\t\t\t\t\t\t<div class=\"elementor-button-wrapper\">\n\t\t\t\t\t<a class=\"elementor-button elementor-button-link elementor-size-sm\" href=\"https:\/\/www.joseppons.net\/es\/parsifal-de-richard-wagner-en-montserrat\/\">\n\t\t\t\t\t\t<span class=\"elementor-button-content-wrapper\">\n\t\t\t\t\t\t\t\t\t<span class=\"elementor-button-text\">Leer m\u00e1s<\/span>\n\t\t\t\t\t<\/span>\n\t\t\t\t\t<\/a>\n\t\t\t\t<\/div>\n\t\t\t\t\t\t\t\t<\/div>\n\t\t\t\t<\/div>\n\t\t\t\t\t<\/div>\n\t\t\t\t<\/div>\n\t\t\t\t\t<\/div>\n\t\t\t\t<\/div>\n\t\t\t\t<\/div>\n\t\t\t\t<div data-elementor-type=\"loop-item\" data-elementor-id=\"5797\" class=\"elementor elementor-5797 elementor-3840 e-loop-item e-loop-item-6265 post-6265 post type-post status-publish format-standard has-post-thumbnail hentry\" data-elementor-post-type=\"elementor_library\" data-custom-edit-handle=\"1\">\n\t\t\t<div class=\"elementor-element elementor-element-50da0826 e-flex e-con-boxed e-con e-parent\" data-id=\"50da0826\" data-element_type=\"container\">\n\t\t\t\t\t<div class=\"e-con-inner\">\n\t\t<div class=\"elementor-element elementor-element-16d3c757 e-flex e-con-boxed e-con e-child\" data-id=\"16d3c757\" data-element_type=\"container\">\n\t\t\t\t\t<div class=\"e-con-inner\">\n\t\t\t\t<div class=\"elementor-element elementor-element-a9270ce elementor-widget elementor-widget-theme-post-featured-image elementor-widget-image\" data-id=\"a9270ce\" data-element_type=\"widget\" data-widget_type=\"theme-post-featured-image.default\">\n\t\t\t\t<div class=\"elementor-widget-container\">\n\t\t\t\t\t\t\t\t\t\t\t\t\t\t\t\t<a href=\"https:\/\/www.joseppons.net\/es\/josep-pons-dirige-la-nueva-produccion-de-lohengrin-en-el-gran-teatre-del-liceu\/\">\n\t\t\t\t\t\t\t<img loading=\"lazy\" decoding=\"async\" width=\"800\" height=\"533\" src=\"https:\/\/www.joseppons.net\/wp-content\/uploads\/2025\/11\/ritmowebRDP_Lohengrin_16.jpg\" class=\"attachment-large size-large wp-image-6261\" alt=\"\" srcset=\"https:\/\/www.joseppons.net\/wp-content\/uploads\/2025\/11\/ritmowebRDP_Lohengrin_16.jpg 800w, https:\/\/www.joseppons.net\/wp-content\/uploads\/2025\/11\/ritmowebRDP_Lohengrin_16-300x200.jpg 300w, https:\/\/www.joseppons.net\/wp-content\/uploads\/2025\/11\/ritmowebRDP_Lohengrin_16-768x512.jpg 768w\" sizes=\"(max-width: 800px) 100vw, 800px\" \/>\t\t\t\t\t\t\t\t<\/a>\n\t\t\t\t\t\t\t\t\t\t\t\t\t\t\t<\/div>\n\t\t\t\t<\/div>\n\t\t\t\t<div class=\"elementor-element elementor-element-68646aa5 elementor-widget elementor-widget-theme-post-title elementor-page-title elementor-widget-heading\" data-id=\"68646aa5\" data-element_type=\"widget\" data-widget_type=\"theme-post-title.default\">\n\t\t\t\t<div class=\"elementor-widget-container\">\n\t\t\t\t\t<h4 class=\"elementor-heading-title elementor-size-default\">Josep Pons dirige la nueva producci\u00f3n de Lohengrin en el Gran Teatre del Liceu<\/h4>\t\t\t\t<\/div>\n\t\t\t\t<\/div>\n\t\t\t\t<div class=\"elementor-element elementor-element-31daf02b elementor-mobile-align-center elementor-widget elementor-widget-button\" data-id=\"31daf02b\" data-element_type=\"widget\" data-widget_type=\"button.default\">\n\t\t\t\t<div class=\"elementor-widget-container\">\n\t\t\t\t\t\t\t\t\t<div class=\"elementor-button-wrapper\">\n\t\t\t\t\t<a class=\"elementor-button elementor-button-link elementor-size-sm\" href=\"https:\/\/www.joseppons.net\/es\/josep-pons-dirige-la-nueva-produccion-de-lohengrin-en-el-gran-teatre-del-liceu\/\">\n\t\t\t\t\t\t<span class=\"elementor-button-content-wrapper\">\n\t\t\t\t\t\t\t\t\t<span class=\"elementor-button-text\">Leer m\u00e1s<\/span>\n\t\t\t\t\t<\/span>\n\t\t\t\t\t<\/a>\n\t\t\t\t<\/div>\n\t\t\t\t\t\t\t\t<\/div>\n\t\t\t\t<\/div>\n\t\t\t\t\t<\/div>\n\t\t\t\t<\/div>\n\t\t\t\t\t<\/div>\n\t\t\t\t<\/div>\n\t\t\t\t<\/div>\n\t\t\t\t<div data-elementor-type=\"loop-item\" data-elementor-id=\"5797\" class=\"elementor elementor-5797 elementor-3840 e-loop-item e-loop-item-5314 post-5314 post type-post status-publish format-standard has-post-thumbnail hentry\" data-elementor-post-type=\"elementor_library\" data-custom-edit-handle=\"1\">\n\t\t\t<div class=\"elementor-element elementor-element-50da0826 e-flex e-con-boxed e-con e-parent\" data-id=\"50da0826\" data-element_type=\"container\">\n\t\t\t\t\t<div class=\"e-con-inner\">\n\t\t<div class=\"elementor-element elementor-element-16d3c757 e-flex e-con-boxed e-con e-child\" data-id=\"16d3c757\" data-element_type=\"container\">\n\t\t\t\t\t<div class=\"e-con-inner\">\n\t\t\t\t<div class=\"elementor-element elementor-element-a9270ce elementor-widget elementor-widget-theme-post-featured-image elementor-widget-image\" data-id=\"a9270ce\" data-element_type=\"widget\" data-widget_type=\"theme-post-featured-image.default\">\n\t\t\t\t<div class=\"elementor-widget-container\">\n\t\t\t\t\t\t\t\t\t\t\t\t\t\t\t\t<a href=\"https:\/\/www.joseppons.net\/es\/entrega-del-premio-opera-xxi-a-josep-pons-como-mejor-direccion-musical-por-parsifal\/\">\n\t\t\t\t\t\t\t<img loading=\"lazy\" decoding=\"async\" width=\"880\" height=\"495\" src=\"https:\/\/www.joseppons.net\/wp-content\/uploads\/2025\/06\/OperaXXI_premis2023_Parsifal.jpg\" class=\"attachment-large size-large wp-image-5258\" alt=\"\" srcset=\"https:\/\/www.joseppons.net\/wp-content\/uploads\/2025\/06\/OperaXXI_premis2023_Parsifal.jpg 880w, https:\/\/www.joseppons.net\/wp-content\/uploads\/2025\/06\/OperaXXI_premis2023_Parsifal-300x169.jpg 300w, https:\/\/www.joseppons.net\/wp-content\/uploads\/2025\/06\/OperaXXI_premis2023_Parsifal-768x432.jpg 768w\" sizes=\"(max-width: 880px) 100vw, 880px\" \/>\t\t\t\t\t\t\t\t<\/a>\n\t\t\t\t\t\t\t\t\t\t\t\t\t\t\t<\/div>\n\t\t\t\t<\/div>\n\t\t\t\t<div class=\"elementor-element elementor-element-68646aa5 elementor-widget elementor-widget-theme-post-title elementor-page-title elementor-widget-heading\" data-id=\"68646aa5\" data-element_type=\"widget\" data-widget_type=\"theme-post-title.default\">\n\t\t\t\t<div class=\"elementor-widget-container\">\n\t\t\t\t\t<h4 class=\"elementor-heading-title elementor-size-default\">Premio \u00d3pera XXI a la Mejor Direcci\u00f3n Musical por Parsifal<\/h4>\t\t\t\t<\/div>\n\t\t\t\t<\/div>\n\t\t\t\t<div class=\"elementor-element elementor-element-31daf02b elementor-mobile-align-center elementor-widget elementor-widget-button\" data-id=\"31daf02b\" data-element_type=\"widget\" data-widget_type=\"button.default\">\n\t\t\t\t<div class=\"elementor-widget-container\">\n\t\t\t\t\t\t\t\t\t<div class=\"elementor-button-wrapper\">\n\t\t\t\t\t<a class=\"elementor-button elementor-button-link elementor-size-sm\" href=\"https:\/\/www.joseppons.net\/es\/entrega-del-premio-opera-xxi-a-josep-pons-como-mejor-direccion-musical-por-parsifal\/\">\n\t\t\t\t\t\t<span class=\"elementor-button-content-wrapper\">\n\t\t\t\t\t\t\t\t\t<span class=\"elementor-button-text\">Leer m\u00e1s<\/span>\n\t\t\t\t\t<\/span>\n\t\t\t\t\t<\/a>\n\t\t\t\t<\/div>\n\t\t\t\t\t\t\t\t<\/div>\n\t\t\t\t<\/div>\n\t\t\t\t\t<\/div>\n\t\t\t\t<\/div>\n\t\t\t\t\t<\/div>\n\t\t\t\t<\/div>\n\t\t\t\t<\/div>\n\t\t\t\t<div data-elementor-type=\"loop-item\" data-elementor-id=\"5797\" class=\"elementor elementor-5797 elementor-3840 e-loop-item e-loop-item-5313 post-5313 post type-post status-publish format-standard has-post-thumbnail hentry\" data-elementor-post-type=\"elementor_library\" data-custom-edit-handle=\"1\">\n\t\t\t<div class=\"elementor-element elementor-element-50da0826 e-flex e-con-boxed e-con e-parent\" data-id=\"50da0826\" data-element_type=\"container\">\n\t\t\t\t\t<div class=\"e-con-inner\">\n\t\t<div class=\"elementor-element elementor-element-16d3c757 e-flex e-con-boxed e-con e-child\" data-id=\"16d3c757\" data-element_type=\"container\">\n\t\t\t\t\t<div class=\"e-con-inner\">\n\t\t\t\t<div class=\"elementor-element elementor-element-a9270ce elementor-widget elementor-widget-theme-post-featured-image elementor-widget-image\" data-id=\"a9270ce\" data-element_type=\"widget\" data-widget_type=\"theme-post-featured-image.default\">\n\t\t\t\t<div class=\"elementor-widget-container\">\n\t\t\t\t\t\t\t\t\t\t\t\t\t\t\t\t<a href=\"https:\/\/www.joseppons.net\/es\/liceo-inaugura-temporada-con-lady-macbeth-de-xostakovitx-en-una-producion-espectacular-firmada-por-alex-olle-y-direccion-musical-de-josep-pons\/\">\n\t\t\t\t\t\t\t<img loading=\"lazy\" decoding=\"async\" width=\"1024\" height=\"683\" src=\"https:\/\/www.joseppons.net\/wp-content\/uploads\/2025\/06\/RDP_Lady_Macbeth_01-1024x683.jpg\" class=\"attachment-large size-large wp-image-5255\" alt=\"\" srcset=\"https:\/\/www.joseppons.net\/wp-content\/uploads\/2025\/06\/RDP_Lady_Macbeth_01-1024x683.jpg 1024w, https:\/\/www.joseppons.net\/wp-content\/uploads\/2025\/06\/RDP_Lady_Macbeth_01-300x200.jpg 300w, https:\/\/www.joseppons.net\/wp-content\/uploads\/2025\/06\/RDP_Lady_Macbeth_01-768x512.jpg 768w, https:\/\/www.joseppons.net\/wp-content\/uploads\/2025\/06\/RDP_Lady_Macbeth_01-1536x1024.jpg 1536w, https:\/\/www.joseppons.net\/wp-content\/uploads\/2025\/06\/RDP_Lady_Macbeth_01-930x620.jpg 930w, https:\/\/www.joseppons.net\/wp-content\/uploads\/2025\/06\/RDP_Lady_Macbeth_01.jpg 1650w\" sizes=\"(max-width: 1024px) 100vw, 1024px\" \/>\t\t\t\t\t\t\t\t<\/a>\n\t\t\t\t\t\t\t\t\t\t\t\t\t\t\t<\/div>\n\t\t\t\t<\/div>\n\t\t\t\t<div class=\"elementor-element elementor-element-68646aa5 elementor-widget elementor-widget-theme-post-title elementor-page-title elementor-widget-heading\" data-id=\"68646aa5\" data-element_type=\"widget\" data-widget_type=\"theme-post-title.default\">\n\t\t\t\t<div class=\"elementor-widget-container\">\n\t\t\t\t\t<h4 class=\"elementor-heading-title elementor-size-default\">Lady Macbeth de Mtsensk inaugura la temporada del Liceu bajo la direcci\u00f3n de Josep Pons i \u00c0lex Oll\u00e9<\/h4>\t\t\t\t<\/div>\n\t\t\t\t<\/div>\n\t\t\t\t<div class=\"elementor-element elementor-element-31daf02b elementor-mobile-align-center elementor-widget elementor-widget-button\" data-id=\"31daf02b\" data-element_type=\"widget\" data-widget_type=\"button.default\">\n\t\t\t\t<div class=\"elementor-widget-container\">\n\t\t\t\t\t\t\t\t\t<div class=\"elementor-button-wrapper\">\n\t\t\t\t\t<a class=\"elementor-button elementor-button-link elementor-size-sm\" href=\"https:\/\/www.joseppons.net\/es\/liceo-inaugura-temporada-con-lady-macbeth-de-xostakovitx-en-una-producion-espectacular-firmada-por-alex-olle-y-direccion-musical-de-josep-pons\/\">\n\t\t\t\t\t\t<span class=\"elementor-button-content-wrapper\">\n\t\t\t\t\t\t\t\t\t<span class=\"elementor-button-text\">Leer m\u00e1s<\/span>\n\t\t\t\t\t<\/span>\n\t\t\t\t\t<\/a>\n\t\t\t\t<\/div>\n\t\t\t\t\t\t\t\t<\/div>\n\t\t\t\t<\/div>\n\t\t\t\t\t<\/div>\n\t\t\t\t<\/div>\n\t\t\t\t\t<\/div>\n\t\t\t\t<\/div>\n\t\t\t\t<\/div>\n\t\t\t\t<div data-elementor-type=\"loop-item\" data-elementor-id=\"5797\" class=\"elementor elementor-5797 elementor-3840 e-loop-item e-loop-item-5312 post-5312 post type-post status-publish format-standard has-post-thumbnail hentry\" data-elementor-post-type=\"elementor_library\" data-custom-edit-handle=\"1\">\n\t\t\t<div class=\"elementor-element elementor-element-50da0826 e-flex e-con-boxed e-con e-parent\" data-id=\"50da0826\" data-element_type=\"container\">\n\t\t\t\t\t<div class=\"e-con-inner\">\n\t\t<div class=\"elementor-element elementor-element-16d3c757 e-flex e-con-boxed e-con e-child\" data-id=\"16d3c757\" data-element_type=\"container\">\n\t\t\t\t\t<div class=\"e-con-inner\">\n\t\t\t\t<div class=\"elementor-element elementor-element-a9270ce elementor-widget elementor-widget-theme-post-featured-image elementor-widget-image\" data-id=\"a9270ce\" data-element_type=\"widget\" data-widget_type=\"theme-post-featured-image.default\">\n\t\t\t\t<div class=\"elementor-widget-container\">\n\t\t\t\t\t\t\t\t\t\t\t\t\t\t\t\t<a href=\"https:\/\/www.joseppons.net\/es\/catmusica-dedica-una-semana-a-josep-pons\/\">\n\t\t\t\t\t\t\t<img loading=\"lazy\" decoding=\"async\" width=\"512\" height=\"512\" src=\"https:\/\/www.joseppons.net\/wp-content\/uploads\/2025\/06\/Ld3QR4ngWx__1_.jpg\" class=\"attachment-large size-large wp-image-3753\" alt=\"\" srcset=\"https:\/\/www.joseppons.net\/wp-content\/uploads\/2025\/06\/Ld3QR4ngWx__1_.jpg 512w, https:\/\/www.joseppons.net\/wp-content\/uploads\/2025\/06\/Ld3QR4ngWx__1_-300x300.jpg 300w, https:\/\/www.joseppons.net\/wp-content\/uploads\/2025\/06\/Ld3QR4ngWx__1_-150x150.jpg 150w\" sizes=\"(max-width: 512px) 100vw, 512px\" \/>\t\t\t\t\t\t\t\t<\/a>\n\t\t\t\t\t\t\t\t\t\t\t\t\t\t\t<\/div>\n\t\t\t\t<\/div>\n\t\t\t\t<div class=\"elementor-element elementor-element-68646aa5 elementor-widget elementor-widget-theme-post-title elementor-page-title elementor-widget-heading\" data-id=\"68646aa5\" data-element_type=\"widget\" data-widget_type=\"theme-post-title.default\">\n\t\t\t\t<div class=\"elementor-widget-container\">\n\t\t\t\t\t<h4 class=\"elementor-heading-title elementor-size-default\">Catm\u00fasica dedica una semana a Josep Pons<\/h4>\t\t\t\t<\/div>\n\t\t\t\t<\/div>\n\t\t\t\t<div class=\"elementor-element elementor-element-31daf02b elementor-mobile-align-center elementor-widget elementor-widget-button\" data-id=\"31daf02b\" data-element_type=\"widget\" data-widget_type=\"button.default\">\n\t\t\t\t<div class=\"elementor-widget-container\">\n\t\t\t\t\t\t\t\t\t<div class=\"elementor-button-wrapper\">\n\t\t\t\t\t<a class=\"elementor-button elementor-button-link elementor-size-sm\" href=\"https:\/\/www.joseppons.net\/es\/catmusica-dedica-una-semana-a-josep-pons\/\">\n\t\t\t\t\t\t<span class=\"elementor-button-content-wrapper\">\n\t\t\t\t\t\t\t\t\t<span class=\"elementor-button-text\">Leer m\u00e1s<\/span>\n\t\t\t\t\t<\/span>\n\t\t\t\t\t<\/a>\n\t\t\t\t<\/div>\n\t\t\t\t\t\t\t\t<\/div>\n\t\t\t\t<\/div>\n\t\t\t\t\t<\/div>\n\t\t\t\t<\/div>\n\t\t\t\t\t<\/div>\n\t\t\t\t<\/div>\n\t\t\t\t<\/div>\n\t\t\t\t<div data-elementor-type=\"loop-item\" data-elementor-id=\"5797\" class=\"elementor elementor-5797 elementor-3840 e-loop-item e-loop-item-5311 post-5311 post type-post status-publish format-standard has-post-thumbnail hentry\" data-elementor-post-type=\"elementor_library\" data-custom-edit-handle=\"1\">\n\t\t\t<div class=\"elementor-element elementor-element-50da0826 e-flex e-con-boxed e-con e-parent\" data-id=\"50da0826\" data-element_type=\"container\">\n\t\t\t\t\t<div class=\"e-con-inner\">\n\t\t<div class=\"elementor-element elementor-element-16d3c757 e-flex e-con-boxed e-con e-child\" data-id=\"16d3c757\" data-element_type=\"container\">\n\t\t\t\t\t<div class=\"e-con-inner\">\n\t\t\t\t<div class=\"elementor-element elementor-element-a9270ce elementor-widget elementor-widget-theme-post-featured-image elementor-widget-image\" data-id=\"a9270ce\" data-element_type=\"widget\" data-widget_type=\"theme-post-featured-image.default\">\n\t\t\t\t<div class=\"elementor-widget-container\">\n\t\t\t\t\t\t\t\t\t\t\t\t\t\t\t\t<a href=\"https:\/\/www.joseppons.net\/es\/la-nueva-temporada-24-25-en-el-gran-teatre-del-liceu-de-barcelona\/\">\n\t\t\t\t\t\t\t<img loading=\"lazy\" decoding=\"async\" width=\"567\" height=\"423\" src=\"https:\/\/www.joseppons.net\/wp-content\/uploads\/2025\/06\/www_sergipanizo_cat_240419_liceu_24_25_a_003_1.jpg\" class=\"attachment-large size-large wp-image-3749\" alt=\"\" srcset=\"https:\/\/www.joseppons.net\/wp-content\/uploads\/2025\/06\/www_sergipanizo_cat_240419_liceu_24_25_a_003_1.jpg 567w, https:\/\/www.joseppons.net\/wp-content\/uploads\/2025\/06\/www_sergipanizo_cat_240419_liceu_24_25_a_003_1-300x224.jpg 300w\" sizes=\"(max-width: 567px) 100vw, 567px\" \/>\t\t\t\t\t\t\t\t<\/a>\n\t\t\t\t\t\t\t\t\t\t\t\t\t\t\t<\/div>\n\t\t\t\t<\/div>\n\t\t\t\t<div class=\"elementor-element elementor-element-68646aa5 elementor-widget elementor-widget-theme-post-title elementor-page-title elementor-widget-heading\" data-id=\"68646aa5\" data-element_type=\"widget\" data-widget_type=\"theme-post-title.default\">\n\t\t\t\t<div class=\"elementor-widget-container\">\n\t\t\t\t\t<h4 class=\"elementor-heading-title elementor-size-default\">La nueva temporada 24\/25 en el Gran Teatre del Liceu de Barcelona<\/h4>\t\t\t\t<\/div>\n\t\t\t\t<\/div>\n\t\t\t\t<div class=\"elementor-element elementor-element-31daf02b elementor-mobile-align-center elementor-widget elementor-widget-button\" data-id=\"31daf02b\" data-element_type=\"widget\" data-widget_type=\"button.default\">\n\t\t\t\t<div class=\"elementor-widget-container\">\n\t\t\t\t\t\t\t\t\t<div class=\"elementor-button-wrapper\">\n\t\t\t\t\t<a class=\"elementor-button elementor-button-link elementor-size-sm\" href=\"https:\/\/www.joseppons.net\/es\/la-nueva-temporada-24-25-en-el-gran-teatre-del-liceu-de-barcelona\/\">\n\t\t\t\t\t\t<span class=\"elementor-button-content-wrapper\">\n\t\t\t\t\t\t\t\t\t<span class=\"elementor-button-text\">Leer m\u00e1s<\/span>\n\t\t\t\t\t<\/span>\n\t\t\t\t\t<\/a>\n\t\t\t\t<\/div>\n\t\t\t\t\t\t\t\t<\/div>\n\t\t\t\t<\/div>\n\t\t\t\t\t<\/div>\n\t\t\t\t<\/div>\n\t\t\t\t\t<\/div>\n\t\t\t\t<\/div>\n\t\t\t\t<\/div>\n\t\t\t\t<div data-elementor-type=\"loop-item\" data-elementor-id=\"5797\" class=\"elementor elementor-5797 elementor-3840 e-loop-item e-loop-item-5310 post-5310 post type-post status-publish format-standard has-post-thumbnail hentry\" data-elementor-post-type=\"elementor_library\" data-custom-edit-handle=\"1\">\n\t\t\t<div class=\"elementor-element elementor-element-50da0826 e-flex e-con-boxed e-con e-parent\" data-id=\"50da0826\" data-element_type=\"container\">\n\t\t\t\t\t<div class=\"e-con-inner\">\n\t\t<div class=\"elementor-element elementor-element-16d3c757 e-flex e-con-boxed e-con e-child\" data-id=\"16d3c757\" data-element_type=\"container\">\n\t\t\t\t\t<div class=\"e-con-inner\">\n\t\t\t\t<div class=\"elementor-element elementor-element-a9270ce elementor-widget elementor-widget-theme-post-featured-image elementor-widget-image\" data-id=\"a9270ce\" data-element_type=\"widget\" data-widget_type=\"theme-post-featured-image.default\">\n\t\t\t\t<div class=\"elementor-widget-container\">\n\t\t\t\t\t\t\t\t\t\t\t\t\t\t\t\t<a href=\"https:\/\/www.joseppons.net\/es\/josep-pons-premio-a-la-mejor-direccion-musical-por-parsifal-de-wagner\/\">\n\t\t\t\t\t\t\t<img loading=\"lazy\" decoding=\"async\" width=\"380\" height=\"228\" src=\"https:\/\/www.joseppons.net\/wp-content\/uploads\/2025\/06\/pons_batuta_BO.jpg\" class=\"attachment-large size-large wp-image-3745\" alt=\"\" srcset=\"https:\/\/www.joseppons.net\/wp-content\/uploads\/2025\/06\/pons_batuta_BO.jpg 380w, https:\/\/www.joseppons.net\/wp-content\/uploads\/2025\/06\/pons_batuta_BO-300x180.jpg 300w\" sizes=\"(max-width: 380px) 100vw, 380px\" \/>\t\t\t\t\t\t\t\t<\/a>\n\t\t\t\t\t\t\t\t\t\t\t\t\t\t\t<\/div>\n\t\t\t\t<\/div>\n\t\t\t\t<div class=\"elementor-element elementor-element-68646aa5 elementor-widget elementor-widget-theme-post-title elementor-page-title elementor-widget-heading\" data-id=\"68646aa5\" data-element_type=\"widget\" data-widget_type=\"theme-post-title.default\">\n\t\t\t\t<div class=\"elementor-widget-container\">\n\t\t\t\t\t<h4 class=\"elementor-heading-title elementor-size-default\">Josep Pons, premio a la mejor direcci\u00f3n musical por \u00abParsifal\u00bb de Wagner<\/h4>\t\t\t\t<\/div>\n\t\t\t\t<\/div>\n\t\t\t\t<div class=\"elementor-element elementor-element-31daf02b elementor-mobile-align-center elementor-widget elementor-widget-button\" data-id=\"31daf02b\" data-element_type=\"widget\" data-widget_type=\"button.default\">\n\t\t\t\t<div class=\"elementor-widget-container\">\n\t\t\t\t\t\t\t\t\t<div class=\"elementor-button-wrapper\">\n\t\t\t\t\t<a class=\"elementor-button elementor-button-link elementor-size-sm\" href=\"https:\/\/www.joseppons.net\/es\/josep-pons-premio-a-la-mejor-direccion-musical-por-parsifal-de-wagner\/\">\n\t\t\t\t\t\t<span class=\"elementor-button-content-wrapper\">\n\t\t\t\t\t\t\t\t\t<span class=\"elementor-button-text\">Leer m\u00e1s<\/span>\n\t\t\t\t\t<\/span>\n\t\t\t\t\t<\/a>\n\t\t\t\t<\/div>\n\t\t\t\t\t\t\t\t<\/div>\n\t\t\t\t<\/div>\n\t\t\t\t\t<\/div>\n\t\t\t\t<\/div>\n\t\t\t\t\t<\/div>\n\t\t\t\t<\/div>\n\t\t\t\t<\/div>\n\t\t\t\t<div data-elementor-type=\"loop-item\" data-elementor-id=\"5797\" class=\"elementor elementor-5797 elementor-3840 e-loop-item e-loop-item-5309 post-5309 post type-post status-publish format-standard has-post-thumbnail hentry\" data-elementor-post-type=\"elementor_library\" data-custom-edit-handle=\"1\">\n\t\t\t<div class=\"elementor-element elementor-element-50da0826 e-flex e-con-boxed e-con e-parent\" data-id=\"50da0826\" data-element_type=\"container\">\n\t\t\t\t\t<div class=\"e-con-inner\">\n\t\t<div class=\"elementor-element elementor-element-16d3c757 e-flex e-con-boxed e-con e-child\" data-id=\"16d3c757\" data-element_type=\"container\">\n\t\t\t\t\t<div class=\"e-con-inner\">\n\t\t\t\t<div class=\"elementor-element elementor-element-a9270ce elementor-widget elementor-widget-theme-post-featured-image elementor-widget-image\" data-id=\"a9270ce\" data-element_type=\"widget\" data-widget_type=\"theme-post-featured-image.default\">\n\t\t\t\t<div class=\"elementor-widget-container\">\n\t\t\t\t\t\t\t\t\t\t\t\t\t\t\t\t<a href=\"https:\/\/www.joseppons.net\/es\/josep-pons-nombrado-nuevo-director-titular-de-la-deutsche-radio-philharmonie\/\">\n\t\t\t\t\t\t\t<img loading=\"lazy\" decoding=\"async\" width=\"1024\" height=\"683\" src=\"https:\/\/www.joseppons.net\/wp-content\/uploads\/2025\/06\/Josep_Pons__foto_David_Ruano_BaixaResoluci__-1024x683.jpg\" class=\"attachment-large size-large wp-image-3741\" alt=\"\" srcset=\"https:\/\/www.joseppons.net\/wp-content\/uploads\/2025\/06\/Josep_Pons__foto_David_Ruano_BaixaResoluci__-1024x683.jpg 1024w, https:\/\/www.joseppons.net\/wp-content\/uploads\/2025\/06\/Josep_Pons__foto_David_Ruano_BaixaResoluci__-300x200.jpg 300w, https:\/\/www.joseppons.net\/wp-content\/uploads\/2025\/06\/Josep_Pons__foto_David_Ruano_BaixaResoluci__-768x512.jpg 768w, https:\/\/www.joseppons.net\/wp-content\/uploads\/2025\/06\/Josep_Pons__foto_David_Ruano_BaixaResoluci__-1536x1025.jpg 1536w, https:\/\/www.joseppons.net\/wp-content\/uploads\/2025\/06\/Josep_Pons__foto_David_Ruano_BaixaResoluci__-2048x1366.jpg 2048w, https:\/\/www.joseppons.net\/wp-content\/uploads\/2025\/06\/Josep_Pons__foto_David_Ruano_BaixaResoluci__-930x620.jpg 930w\" sizes=\"(max-width: 1024px) 100vw, 1024px\" \/>\t\t\t\t\t\t\t\t<\/a>\n\t\t\t\t\t\t\t\t\t\t\t\t\t\t\t<\/div>\n\t\t\t\t<\/div>\n\t\t\t\t<div class=\"elementor-element elementor-element-68646aa5 elementor-widget elementor-widget-theme-post-title elementor-page-title elementor-widget-heading\" data-id=\"68646aa5\" data-element_type=\"widget\" data-widget_type=\"theme-post-title.default\">\n\t\t\t\t<div class=\"elementor-widget-container\">\n\t\t\t\t\t<h4 class=\"elementor-heading-title elementor-size-default\">Josep Pons nombrado nuevo director titular de la Deutsche Radio Philharmonie<\/h4>\t\t\t\t<\/div>\n\t\t\t\t<\/div>\n\t\t\t\t<div class=\"elementor-element elementor-element-31daf02b elementor-mobile-align-center elementor-widget elementor-widget-button\" data-id=\"31daf02b\" data-element_type=\"widget\" data-widget_type=\"button.default\">\n\t\t\t\t<div class=\"elementor-widget-container\">\n\t\t\t\t\t\t\t\t\t<div class=\"elementor-button-wrapper\">\n\t\t\t\t\t<a class=\"elementor-button elementor-button-link elementor-size-sm\" href=\"https:\/\/www.joseppons.net\/es\/josep-pons-nombrado-nuevo-director-titular-de-la-deutsche-radio-philharmonie\/\">\n\t\t\t\t\t\t<span class=\"elementor-button-content-wrapper\">\n\t\t\t\t\t\t\t\t\t<span class=\"elementor-button-text\">Leer m\u00e1s<\/span>\n\t\t\t\t\t<\/span>\n\t\t\t\t\t<\/a>\n\t\t\t\t<\/div>\n\t\t\t\t\t\t\t\t<\/div>\n\t\t\t\t<\/div>\n\t\t\t\t\t<\/div>\n\t\t\t\t<\/div>\n\t\t\t\t\t<\/div>\n\t\t\t\t<\/div>\n\t\t\t\t<\/div>\n\t\t\t\t<div data-elementor-type=\"loop-item\" data-elementor-id=\"5797\" class=\"elementor elementor-5797 elementor-3840 e-loop-item e-loop-item-5308 post-5308 post type-post status-publish format-standard has-post-thumbnail hentry\" data-elementor-post-type=\"elementor_library\" data-custom-edit-handle=\"1\">\n\t\t\t<div class=\"elementor-element elementor-element-50da0826 e-flex e-con-boxed e-con e-parent\" data-id=\"50da0826\" data-element_type=\"container\">\n\t\t\t\t\t<div class=\"e-con-inner\">\n\t\t<div class=\"elementor-element elementor-element-16d3c757 e-flex e-con-boxed e-con e-child\" data-id=\"16d3c757\" data-element_type=\"container\">\n\t\t\t\t\t<div class=\"e-con-inner\">\n\t\t\t\t<div class=\"elementor-element elementor-element-a9270ce elementor-widget elementor-widget-theme-post-featured-image elementor-widget-image\" data-id=\"a9270ce\" data-element_type=\"widget\" data-widget_type=\"theme-post-featured-image.default\">\n\t\t\t\t<div class=\"elementor-widget-container\">\n\t\t\t\t\t\t\t\t\t\t\t\t\t\t\t\t<a href=\"https:\/\/www.joseppons.net\/es\/emotivo-reencuentro-con-la-orquesta-nacional-de-espana\/\">\n\t\t\t\t\t\t\t<img loading=\"lazy\" decoding=\"async\" width=\"1024\" height=\"512\" src=\"https:\/\/www.joseppons.net\/wp-content\/uploads\/2025\/06\/ocne_colomer_e1700307877901-1024x512.jpg\" class=\"attachment-large size-large wp-image-3737\" alt=\"\" srcset=\"https:\/\/www.joseppons.net\/wp-content\/uploads\/2025\/06\/ocne_colomer_e1700307877901-1024x512.jpg 1024w, https:\/\/www.joseppons.net\/wp-content\/uploads\/2025\/06\/ocne_colomer_e1700307877901-300x150.jpg 300w, https:\/\/www.joseppons.net\/wp-content\/uploads\/2025\/06\/ocne_colomer_e1700307877901-768x384.jpg 768w, https:\/\/www.joseppons.net\/wp-content\/uploads\/2025\/06\/ocne_colomer_e1700307877901.jpg 1031w\" sizes=\"(max-width: 1024px) 100vw, 1024px\" \/>\t\t\t\t\t\t\t\t<\/a>\n\t\t\t\t\t\t\t\t\t\t\t\t\t\t\t<\/div>\n\t\t\t\t<\/div>\n\t\t\t\t<div class=\"elementor-element elementor-element-68646aa5 elementor-widget elementor-widget-theme-post-title elementor-page-title elementor-widget-heading\" data-id=\"68646aa5\" data-element_type=\"widget\" data-widget_type=\"theme-post-title.default\">\n\t\t\t\t<div class=\"elementor-widget-container\">\n\t\t\t\t\t<h4 class=\"elementor-heading-title elementor-size-default\">Emotivo reencuentro con la Orquesta Nacional de Espa\u00f1a<\/h4>\t\t\t\t<\/div>\n\t\t\t\t<\/div>\n\t\t\t\t<div class=\"elementor-element elementor-element-31daf02b elementor-mobile-align-center elementor-widget elementor-widget-button\" data-id=\"31daf02b\" data-element_type=\"widget\" data-widget_type=\"button.default\">\n\t\t\t\t<div class=\"elementor-widget-container\">\n\t\t\t\t\t\t\t\t\t<div class=\"elementor-button-wrapper\">\n\t\t\t\t\t<a class=\"elementor-button elementor-button-link elementor-size-sm\" href=\"https:\/\/www.joseppons.net\/es\/emotivo-reencuentro-con-la-orquesta-nacional-de-espana\/\">\n\t\t\t\t\t\t<span class=\"elementor-button-content-wrapper\">\n\t\t\t\t\t\t\t\t\t<span class=\"elementor-button-text\">Leer m\u00e1s<\/span>\n\t\t\t\t\t<\/span>\n\t\t\t\t\t<\/a>\n\t\t\t\t<\/div>\n\t\t\t\t\t\t\t\t<\/div>\n\t\t\t\t<\/div>\n\t\t\t\t\t<\/div>\n\t\t\t\t<\/div>\n\t\t\t\t\t<\/div>\n\t\t\t\t<\/div>\n\t\t\t\t<\/div>\n\t\t\t\t<div data-elementor-type=\"loop-item\" data-elementor-id=\"5797\" class=\"elementor elementor-5797 elementor-3840 e-loop-item e-loop-item-5307 post-5307 post type-post status-publish format-standard has-post-thumbnail hentry\" data-elementor-post-type=\"elementor_library\" data-custom-edit-handle=\"1\">\n\t\t\t<div class=\"elementor-element elementor-element-50da0826 e-flex e-con-boxed e-con e-parent\" data-id=\"50da0826\" data-element_type=\"container\">\n\t\t\t\t\t<div class=\"e-con-inner\">\n\t\t<div class=\"elementor-element elementor-element-16d3c757 e-flex e-con-boxed e-con e-child\" data-id=\"16d3c757\" data-element_type=\"container\">\n\t\t\t\t\t<div class=\"e-con-inner\">\n\t\t\t\t<div class=\"elementor-element elementor-element-a9270ce elementor-widget elementor-widget-theme-post-featured-image elementor-widget-image\" data-id=\"a9270ce\" data-element_type=\"widget\" data-widget_type=\"theme-post-featured-image.default\">\n\t\t\t\t<div class=\"elementor-widget-container\">\n\t\t\t\t\t\t\t\t\t\t\t\t\t\t\t\t<a href=\"https:\/\/www.joseppons.net\/es\/el-brahms-mas-profundo-con-la-orquesta-sinfonica-de-galicia\/\">\n\t\t\t\t\t\t\t<img loading=\"lazy\" decoding=\"async\" width=\"1024\" height=\"512\" src=\"https:\/\/www.joseppons.net\/wp-content\/uploads\/2025\/06\/Brahms_Gal__cia-1024x512.jpg\" class=\"attachment-large size-large wp-image-5237\" alt=\"\" srcset=\"https:\/\/www.joseppons.net\/wp-content\/uploads\/2025\/06\/Brahms_Gal__cia-1024x512.jpg 1024w, https:\/\/www.joseppons.net\/wp-content\/uploads\/2025\/06\/Brahms_Gal__cia-300x150.jpg 300w, https:\/\/www.joseppons.net\/wp-content\/uploads\/2025\/06\/Brahms_Gal__cia-768x384.jpg 768w, https:\/\/www.joseppons.net\/wp-content\/uploads\/2025\/06\/Brahms_Gal__cia.jpg 1030w\" sizes=\"(max-width: 1024px) 100vw, 1024px\" \/>\t\t\t\t\t\t\t\t<\/a>\n\t\t\t\t\t\t\t\t\t\t\t\t\t\t\t<\/div>\n\t\t\t\t<\/div>\n\t\t\t\t<div class=\"elementor-element elementor-element-68646aa5 elementor-widget elementor-widget-theme-post-title elementor-page-title elementor-widget-heading\" data-id=\"68646aa5\" data-element_type=\"widget\" data-widget_type=\"theme-post-title.default\">\n\t\t\t\t<div class=\"elementor-widget-container\">\n\t\t\t\t\t<h4 class=\"elementor-heading-title elementor-size-default\">El Brahms m\u00e1s profundo con la Orquesta Sinf\u00f3nica de Galicia<\/h4>\t\t\t\t<\/div>\n\t\t\t\t<\/div>\n\t\t\t\t<div class=\"elementor-element elementor-element-31daf02b elementor-mobile-align-center elementor-widget elementor-widget-button\" data-id=\"31daf02b\" data-element_type=\"widget\" data-widget_type=\"button.default\">\n\t\t\t\t<div class=\"elementor-widget-container\">\n\t\t\t\t\t\t\t\t\t<div class=\"elementor-button-wrapper\">\n\t\t\t\t\t<a class=\"elementor-button elementor-button-link elementor-size-sm\" href=\"https:\/\/www.joseppons.net\/es\/el-brahms-mas-profundo-con-la-orquesta-sinfonica-de-galicia\/\">\n\t\t\t\t\t\t<span class=\"elementor-button-content-wrapper\">\n\t\t\t\t\t\t\t\t\t<span class=\"elementor-button-text\">Leer m\u00e1s<\/span>\n\t\t\t\t\t<\/span>\n\t\t\t\t\t<\/a>\n\t\t\t\t<\/div>\n\t\t\t\t\t\t\t\t<\/div>\n\t\t\t\t<\/div>\n\t\t\t\t\t<\/div>\n\t\t\t\t<\/div>\n\t\t\t\t\t<\/div>\n\t\t\t\t<\/div>\n\t\t\t\t<\/div>\n\t\t\t\t<div data-elementor-type=\"loop-item\" data-elementor-id=\"5797\" class=\"elementor elementor-5797 elementor-3840 e-loop-item e-loop-item-5306 post-5306 post type-post status-publish format-standard has-post-thumbnail hentry\" data-elementor-post-type=\"elementor_library\" data-custom-edit-handle=\"1\">\n\t\t\t<div class=\"elementor-element elementor-element-50da0826 e-flex e-con-boxed e-con e-parent\" data-id=\"50da0826\" data-element_type=\"container\">\n\t\t\t\t\t<div class=\"e-con-inner\">\n\t\t<div class=\"elementor-element elementor-element-16d3c757 e-flex e-con-boxed e-con e-child\" data-id=\"16d3c757\" data-element_type=\"container\">\n\t\t\t\t\t<div class=\"e-con-inner\">\n\t\t\t\t<div class=\"elementor-element elementor-element-a9270ce elementor-widget elementor-widget-theme-post-featured-image elementor-widget-image\" data-id=\"a9270ce\" data-element_type=\"widget\" data-widget_type=\"theme-post-featured-image.default\">\n\t\t\t\t<div class=\"elementor-widget-container\">\n\t\t\t\t\t\t\t\t\t\t\t\t\t\t\t\t<a href=\"https:\/\/www.joseppons.net\/es\/memorable-homenaje-a-la-gran-alicia-de-larrocha-en-el-liceu\/\">\n\t\t\t\t\t\t\t<img loading=\"lazy\" decoding=\"async\" width=\"1024\" height=\"683\" src=\"https:\/\/www.joseppons.net\/wp-content\/uploads\/2025\/06\/Alicia_de_Larrocha_Liceu_Bofill-1024x683.jpg\" class=\"attachment-large size-large wp-image-3729\" alt=\"\" srcset=\"https:\/\/www.joseppons.net\/wp-content\/uploads\/2025\/06\/Alicia_de_Larrocha_Liceu_Bofill-1024x683.jpg 1024w, https:\/\/www.joseppons.net\/wp-content\/uploads\/2025\/06\/Alicia_de_Larrocha_Liceu_Bofill-300x200.jpg 300w, https:\/\/www.joseppons.net\/wp-content\/uploads\/2025\/06\/Alicia_de_Larrocha_Liceu_Bofill-768x512.jpg 768w, https:\/\/www.joseppons.net\/wp-content\/uploads\/2025\/06\/Alicia_de_Larrocha_Liceu_Bofill-1536x1024.jpg 1536w, https:\/\/www.joseppons.net\/wp-content\/uploads\/2025\/06\/Alicia_de_Larrocha_Liceu_Bofill-930x620.jpg 930w, https:\/\/www.joseppons.net\/wp-content\/uploads\/2025\/06\/Alicia_de_Larrocha_Liceu_Bofill.jpg 1650w\" sizes=\"(max-width: 1024px) 100vw, 1024px\" \/>\t\t\t\t\t\t\t\t<\/a>\n\t\t\t\t\t\t\t\t\t\t\t\t\t\t\t<\/div>\n\t\t\t\t<\/div>\n\t\t\t\t<div class=\"elementor-element elementor-element-68646aa5 elementor-widget elementor-widget-theme-post-title elementor-page-title elementor-widget-heading\" data-id=\"68646aa5\" data-element_type=\"widget\" data-widget_type=\"theme-post-title.default\">\n\t\t\t\t<div class=\"elementor-widget-container\">\n\t\t\t\t\t<h4 class=\"elementor-heading-title elementor-size-default\">Memorable homenaje a la gran Al\u00edcia de Larrocha en el Liceu<\/h4>\t\t\t\t<\/div>\n\t\t\t\t<\/div>\n\t\t\t\t<div class=\"elementor-element elementor-element-31daf02b elementor-mobile-align-center elementor-widget elementor-widget-button\" data-id=\"31daf02b\" data-element_type=\"widget\" data-widget_type=\"button.default\">\n\t\t\t\t<div class=\"elementor-widget-container\">\n\t\t\t\t\t\t\t\t\t<div class=\"elementor-button-wrapper\">\n\t\t\t\t\t<a class=\"elementor-button elementor-button-link elementor-size-sm\" href=\"https:\/\/www.joseppons.net\/es\/memorable-homenaje-a-la-gran-alicia-de-larrocha-en-el-liceu\/\">\n\t\t\t\t\t\t<span class=\"elementor-button-content-wrapper\">\n\t\t\t\t\t\t\t\t\t<span class=\"elementor-button-text\">Leer m\u00e1s<\/span>\n\t\t\t\t\t<\/span>\n\t\t\t\t\t<\/a>\n\t\t\t\t<\/div>\n\t\t\t\t\t\t\t\t<\/div>\n\t\t\t\t<\/div>\n\t\t\t\t\t<\/div>\n\t\t\t\t<\/div>\n\t\t\t\t\t<\/div>\n\t\t\t\t<\/div>\n\t\t\t\t<\/div>\n\t\t\t\t<div data-elementor-type=\"loop-item\" data-elementor-id=\"5797\" class=\"elementor elementor-5797 elementor-3840 e-loop-item e-loop-item-5305 post-5305 post type-post status-publish format-standard has-post-thumbnail hentry\" data-elementor-post-type=\"elementor_library\" data-custom-edit-handle=\"1\">\n\t\t\t<div class=\"elementor-element elementor-element-50da0826 e-flex e-con-boxed e-con e-parent\" data-id=\"50da0826\" data-element_type=\"container\">\n\t\t\t\t\t<div class=\"e-con-inner\">\n\t\t<div class=\"elementor-element elementor-element-16d3c757 e-flex e-con-boxed e-con e-child\" data-id=\"16d3c757\" data-element_type=\"container\">\n\t\t\t\t\t<div class=\"e-con-inner\">\n\t\t\t\t<div class=\"elementor-element elementor-element-a9270ce elementor-widget elementor-widget-theme-post-featured-image elementor-widget-image\" data-id=\"a9270ce\" data-element_type=\"widget\" data-widget_type=\"theme-post-featured-image.default\">\n\t\t\t\t<div class=\"elementor-widget-container\">\n\t\t\t\t\t\t\t\t\t\t\t\t\t\t\t\t<a href=\"https:\/\/www.joseppons.net\/es\/exito-unanime-al-debut-de-la-temporada-operistica-en-el-liceu-con-eugene-onegin\/\">\n\t\t\t\t\t\t\t<img loading=\"lazy\" decoding=\"async\" width=\"1024\" height=\"683\" src=\"https:\/\/www.joseppons.net\/wp-content\/uploads\/2025\/06\/Eugene_RDP_06-1024x683.jpg\" class=\"attachment-large size-large wp-image-3725\" alt=\"\" srcset=\"https:\/\/www.joseppons.net\/wp-content\/uploads\/2025\/06\/Eugene_RDP_06-1024x683.jpg 1024w, https:\/\/www.joseppons.net\/wp-content\/uploads\/2025\/06\/Eugene_RDP_06-300x200.jpg 300w, https:\/\/www.joseppons.net\/wp-content\/uploads\/2025\/06\/Eugene_RDP_06-768x512.jpg 768w, https:\/\/www.joseppons.net\/wp-content\/uploads\/2025\/06\/Eugene_RDP_06-930x620.jpg 930w, https:\/\/www.joseppons.net\/wp-content\/uploads\/2025\/06\/Eugene_RDP_06.jpg 1090w\" sizes=\"(max-width: 1024px) 100vw, 1024px\" \/>\t\t\t\t\t\t\t\t<\/a>\n\t\t\t\t\t\t\t\t\t\t\t\t\t\t\t<\/div>\n\t\t\t\t<\/div>\n\t\t\t\t<div class=\"elementor-element elementor-element-68646aa5 elementor-widget elementor-widget-theme-post-title elementor-page-title elementor-widget-heading\" data-id=\"68646aa5\" data-element_type=\"widget\" data-widget_type=\"theme-post-title.default\">\n\t\t\t\t<div class=\"elementor-widget-container\">\n\t\t\t\t\t<h4 class=\"elementor-heading-title elementor-size-default\">\u00c9xito un\u00e1nime al debut de la temporada oper\u00edstica en el Liceu con Eugene Onegin<\/h4>\t\t\t\t<\/div>\n\t\t\t\t<\/div>\n\t\t\t\t<div class=\"elementor-element elementor-element-31daf02b elementor-mobile-align-center elementor-widget elementor-widget-button\" data-id=\"31daf02b\" data-element_type=\"widget\" data-widget_type=\"button.default\">\n\t\t\t\t<div class=\"elementor-widget-container\">\n\t\t\t\t\t\t\t\t\t<div class=\"elementor-button-wrapper\">\n\t\t\t\t\t<a class=\"elementor-button elementor-button-link elementor-size-sm\" href=\"https:\/\/www.joseppons.net\/es\/exito-unanime-al-debut-de-la-temporada-operistica-en-el-liceu-con-eugene-onegin\/\">\n\t\t\t\t\t\t<span class=\"elementor-button-content-wrapper\">\n\t\t\t\t\t\t\t\t\t<span class=\"elementor-button-text\">Leer m\u00e1s<\/span>\n\t\t\t\t\t<\/span>\n\t\t\t\t\t<\/a>\n\t\t\t\t<\/div>\n\t\t\t\t\t\t\t\t<\/div>\n\t\t\t\t<\/div>\n\t\t\t\t\t<\/div>\n\t\t\t\t<\/div>\n\t\t\t\t\t<\/div>\n\t\t\t\t<\/div>\n\t\t\t\t<\/div>\n\t\t\t\t<div data-elementor-type=\"loop-item\" data-elementor-id=\"5797\" class=\"elementor elementor-5797 elementor-3840 e-loop-item e-loop-item-5304 post-5304 post type-post status-publish format-standard has-post-thumbnail hentry\" data-elementor-post-type=\"elementor_library\" data-custom-edit-handle=\"1\">\n\t\t\t<div class=\"elementor-element elementor-element-50da0826 e-flex e-con-boxed e-con e-parent\" data-id=\"50da0826\" data-element_type=\"container\">\n\t\t\t\t\t<div class=\"e-con-inner\">\n\t\t<div class=\"elementor-element elementor-element-16d3c757 e-flex e-con-boxed e-con e-child\" data-id=\"16d3c757\" data-element_type=\"container\">\n\t\t\t\t\t<div class=\"e-con-inner\">\n\t\t\t\t<div class=\"elementor-element elementor-element-a9270ce elementor-widget elementor-widget-theme-post-featured-image elementor-widget-image\" data-id=\"a9270ce\" data-element_type=\"widget\" data-widget_type=\"theme-post-featured-image.default\">\n\t\t\t\t<div class=\"elementor-widget-container\">\n\t\t\t\t\t\t\t\t\t\t\t\t\t\t\t\t<a href=\"https:\/\/www.joseppons.net\/es\/exitosa-gira-en-los-festivales-berlioz-enescu-ravel-con-la-orchestre-du-capitole-de-toulouse\/\">\n\t\t\t\t\t\t\t<img loading=\"lazy\" decoding=\"async\" width=\"660\" height=\"441\" src=\"https:\/\/www.joseppons.net\/wp-content\/uploads\/2025\/06\/Festival_Enescu_2.jpg\" class=\"attachment-large size-large wp-image-3715\" alt=\"\" srcset=\"https:\/\/www.joseppons.net\/wp-content\/uploads\/2025\/06\/Festival_Enescu_2.jpg 660w, https:\/\/www.joseppons.net\/wp-content\/uploads\/2025\/06\/Festival_Enescu_2-300x200.jpg 300w\" sizes=\"(max-width: 660px) 100vw, 660px\" \/>\t\t\t\t\t\t\t\t<\/a>\n\t\t\t\t\t\t\t\t\t\t\t\t\t\t\t<\/div>\n\t\t\t\t<\/div>\n\t\t\t\t<div class=\"elementor-element elementor-element-68646aa5 elementor-widget elementor-widget-theme-post-title elementor-page-title elementor-widget-heading\" data-id=\"68646aa5\" data-element_type=\"widget\" data-widget_type=\"theme-post-title.default\">\n\t\t\t\t<div class=\"elementor-widget-container\">\n\t\t\t\t\t<h4 class=\"elementor-heading-title elementor-size-default\">Exitosa gira en los festivales Berlioz, Enescu, Ravel con la Orchestre du Capitole de Toulouse<\/h4>\t\t\t\t<\/div>\n\t\t\t\t<\/div>\n\t\t\t\t<div class=\"elementor-element elementor-element-31daf02b elementor-mobile-align-center elementor-widget elementor-widget-button\" data-id=\"31daf02b\" data-element_type=\"widget\" data-widget_type=\"button.default\">\n\t\t\t\t<div class=\"elementor-widget-container\">\n\t\t\t\t\t\t\t\t\t<div class=\"elementor-button-wrapper\">\n\t\t\t\t\t<a class=\"elementor-button elementor-button-link elementor-size-sm\" href=\"https:\/\/www.joseppons.net\/es\/exitosa-gira-en-los-festivales-berlioz-enescu-ravel-con-la-orchestre-du-capitole-de-toulouse\/\">\n\t\t\t\t\t\t<span class=\"elementor-button-content-wrapper\">\n\t\t\t\t\t\t\t\t\t<span class=\"elementor-button-text\">Leer m\u00e1s<\/span>\n\t\t\t\t\t<\/span>\n\t\t\t\t\t<\/a>\n\t\t\t\t<\/div>\n\t\t\t\t\t\t\t\t<\/div>\n\t\t\t\t<\/div>\n\t\t\t\t\t<\/div>\n\t\t\t\t<\/div>\n\t\t\t\t\t<\/div>\n\t\t\t\t<\/div>\n\t\t\t\t<\/div>\n\t\t\t\t<div data-elementor-type=\"loop-item\" data-elementor-id=\"5797\" class=\"elementor elementor-5797 elementor-3840 e-loop-item e-loop-item-5303 post-5303 post type-post status-publish format-standard has-post-thumbnail hentry\" data-elementor-post-type=\"elementor_library\" data-custom-edit-handle=\"1\">\n\t\t\t<div class=\"elementor-element elementor-element-50da0826 e-flex e-con-boxed e-con e-parent\" data-id=\"50da0826\" data-element_type=\"container\">\n\t\t\t\t\t<div class=\"e-con-inner\">\n\t\t<div class=\"elementor-element elementor-element-16d3c757 e-flex e-con-boxed e-con e-child\" data-id=\"16d3c757\" data-element_type=\"container\">\n\t\t\t\t\t<div class=\"e-con-inner\">\n\t\t\t\t<div class=\"elementor-element elementor-element-a9270ce elementor-widget elementor-widget-theme-post-featured-image elementor-widget-image\" data-id=\"a9270ce\" data-element_type=\"widget\" data-widget_type=\"theme-post-featured-image.default\">\n\t\t\t\t<div class=\"elementor-widget-container\">\n\t\t\t\t\t\t\t\t\t\t\t\t\t\t\t\t<a href=\"https:\/\/www.joseppons.net\/es\/josep-pons-es-aclamado-a-los-proms-londinenses\/\">\n\t\t\t\t\t\t\t<img loading=\"lazy\" decoding=\"async\" width=\"980\" height=\"652\" src=\"https:\/\/www.joseppons.net\/wp-content\/uploads\/2025\/06\/bbcso_pons.jpeg\" class=\"attachment-large size-large wp-image-3711\" alt=\"\" srcset=\"https:\/\/www.joseppons.net\/wp-content\/uploads\/2025\/06\/bbcso_pons.jpeg 980w, https:\/\/www.joseppons.net\/wp-content\/uploads\/2025\/06\/bbcso_pons-300x200.jpeg 300w, https:\/\/www.joseppons.net\/wp-content\/uploads\/2025\/06\/bbcso_pons-768x511.jpeg 768w, https:\/\/www.joseppons.net\/wp-content\/uploads\/2025\/06\/bbcso_pons-930x620.jpeg 930w\" sizes=\"(max-width: 980px) 100vw, 980px\" \/>\t\t\t\t\t\t\t\t<\/a>\n\t\t\t\t\t\t\t\t\t\t\t\t\t\t\t<\/div>\n\t\t\t\t<\/div>\n\t\t\t\t<div class=\"elementor-element elementor-element-68646aa5 elementor-widget elementor-widget-theme-post-title elementor-page-title elementor-widget-heading\" data-id=\"68646aa5\" data-element_type=\"widget\" data-widget_type=\"theme-post-title.default\">\n\t\t\t\t<div class=\"elementor-widget-container\">\n\t\t\t\t\t<h4 class=\"elementor-heading-title elementor-size-default\">Josep Pons es aclamado a los Proms londinenses<\/h4>\t\t\t\t<\/div>\n\t\t\t\t<\/div>\n\t\t\t\t<div class=\"elementor-element elementor-element-31daf02b elementor-mobile-align-center elementor-widget elementor-widget-button\" data-id=\"31daf02b\" data-element_type=\"widget\" data-widget_type=\"button.default\">\n\t\t\t\t<div class=\"elementor-widget-container\">\n\t\t\t\t\t\t\t\t\t<div class=\"elementor-button-wrapper\">\n\t\t\t\t\t<a class=\"elementor-button elementor-button-link elementor-size-sm\" href=\"https:\/\/www.joseppons.net\/es\/josep-pons-es-aclamado-a-los-proms-londinenses\/\">\n\t\t\t\t\t\t<span class=\"elementor-button-content-wrapper\">\n\t\t\t\t\t\t\t\t\t<span class=\"elementor-button-text\">Leer m\u00e1s<\/span>\n\t\t\t\t\t<\/span>\n\t\t\t\t\t<\/a>\n\t\t\t\t<\/div>\n\t\t\t\t\t\t\t\t<\/div>\n\t\t\t\t<\/div>\n\t\t\t\t\t<\/div>\n\t\t\t\t<\/div>\n\t\t\t\t\t<\/div>\n\t\t\t\t<\/div>\n\t\t\t\t<\/div>\n\t\t\t\t<div data-elementor-type=\"loop-item\" data-elementor-id=\"5797\" class=\"elementor elementor-5797 elementor-3840 e-loop-item e-loop-item-5302 post-5302 post type-post status-publish format-standard has-post-thumbnail hentry\" data-elementor-post-type=\"elementor_library\" data-custom-edit-handle=\"1\">\n\t\t\t<div class=\"elementor-element elementor-element-50da0826 e-flex e-con-boxed e-con e-parent\" data-id=\"50da0826\" data-element_type=\"container\">\n\t\t\t\t\t<div class=\"e-con-inner\">\n\t\t<div class=\"elementor-element elementor-element-16d3c757 e-flex e-con-boxed e-con e-child\" data-id=\"16d3c757\" data-element_type=\"container\">\n\t\t\t\t\t<div class=\"e-con-inner\">\n\t\t\t\t<div class=\"elementor-element elementor-element-a9270ce elementor-widget elementor-widget-theme-post-featured-image elementor-widget-image\" data-id=\"a9270ce\" data-element_type=\"widget\" data-widget_type=\"theme-post-featured-image.default\">\n\t\t\t\t<div class=\"elementor-widget-container\">\n\t\t\t\t\t\t\t\t\t\t\t\t\t\t\t\t<a href=\"https:\/\/www.joseppons.net\/es\/triunfal-acogida-de-barbazul-en-el-teatro-la-bastille-de-paris\/\">\n\t\t\t\t\t\t\t<img loading=\"lazy\" decoding=\"async\" width=\"1024\" height=\"683\" src=\"https:\/\/www.joseppons.net\/wp-content\/uploads\/2025\/06\/elisa_haberer_22951-1024x683.jpg\" class=\"attachment-large size-large wp-image-3707\" alt=\"\" srcset=\"https:\/\/www.joseppons.net\/wp-content\/uploads\/2025\/06\/elisa_haberer_22951-1024x683.jpg 1024w, https:\/\/www.joseppons.net\/wp-content\/uploads\/2025\/06\/elisa_haberer_22951-300x200.jpg 300w, https:\/\/www.joseppons.net\/wp-content\/uploads\/2025\/06\/elisa_haberer_22951-768x512.jpg 768w, https:\/\/www.joseppons.net\/wp-content\/uploads\/2025\/06\/elisa_haberer_22951-1536x1024.jpg 1536w, https:\/\/www.joseppons.net\/wp-content\/uploads\/2025\/06\/elisa_haberer_22951-2048x1365.jpg 2048w, https:\/\/www.joseppons.net\/wp-content\/uploads\/2025\/06\/elisa_haberer_22951-930x620.jpg 930w\" sizes=\"(max-width: 1024px) 100vw, 1024px\" \/>\t\t\t\t\t\t\t\t<\/a>\n\t\t\t\t\t\t\t\t\t\t\t\t\t\t\t<\/div>\n\t\t\t\t<\/div>\n\t\t\t\t<div class=\"elementor-element elementor-element-68646aa5 elementor-widget elementor-widget-theme-post-title elementor-page-title elementor-widget-heading\" data-id=\"68646aa5\" data-element_type=\"widget\" data-widget_type=\"theme-post-title.default\">\n\t\t\t\t<div class=\"elementor-widget-container\">\n\t\t\t\t\t<h4 class=\"elementor-heading-title elementor-size-default\">Triunfal acogida de Barbazul en el teatro La Bastille de Par\u00eds<\/h4>\t\t\t\t<\/div>\n\t\t\t\t<\/div>\n\t\t\t\t<div class=\"elementor-element elementor-element-31daf02b elementor-mobile-align-center elementor-widget elementor-widget-button\" data-id=\"31daf02b\" data-element_type=\"widget\" data-widget_type=\"button.default\">\n\t\t\t\t<div class=\"elementor-widget-container\">\n\t\t\t\t\t\t\t\t\t<div class=\"elementor-button-wrapper\">\n\t\t\t\t\t<a class=\"elementor-button elementor-button-link elementor-size-sm\" href=\"https:\/\/www.joseppons.net\/es\/triunfal-acogida-de-barbazul-en-el-teatro-la-bastille-de-paris\/\">\n\t\t\t\t\t\t<span class=\"elementor-button-content-wrapper\">\n\t\t\t\t\t\t\t\t\t<span class=\"elementor-button-text\">Leer m\u00e1s<\/span>\n\t\t\t\t\t<\/span>\n\t\t\t\t\t<\/a>\n\t\t\t\t<\/div>\n\t\t\t\t\t\t\t\t<\/div>\n\t\t\t\t<\/div>\n\t\t\t\t\t<\/div>\n\t\t\t\t<\/div>\n\t\t\t\t\t<\/div>\n\t\t\t\t<\/div>\n\t\t\t\t<\/div>\n\t\t\t\t<div data-elementor-type=\"loop-item\" data-elementor-id=\"5797\" class=\"elementor elementor-5797 elementor-3840 e-loop-item e-loop-item-5301 post-5301 post type-post status-publish format-standard has-post-thumbnail hentry\" data-elementor-post-type=\"elementor_library\" data-custom-edit-handle=\"1\">\n\t\t\t<div class=\"elementor-element elementor-element-50da0826 e-flex e-con-boxed e-con e-parent\" data-id=\"50da0826\" data-element_type=\"container\">\n\t\t\t\t\t<div class=\"e-con-inner\">\n\t\t<div class=\"elementor-element elementor-element-16d3c757 e-flex e-con-boxed e-con e-child\" data-id=\"16d3c757\" data-element_type=\"container\">\n\t\t\t\t\t<div class=\"e-con-inner\">\n\t\t\t\t<div class=\"elementor-element elementor-element-a9270ce elementor-widget elementor-widget-theme-post-featured-image elementor-widget-image\" data-id=\"a9270ce\" data-element_type=\"widget\" data-widget_type=\"theme-post-featured-image.default\">\n\t\t\t\t<div class=\"elementor-widget-container\">\n\t\t\t\t\t\t\t\t\t\t\t\t\t\t\t\t<a href=\"https:\/\/www.joseppons.net\/es\/josep-pons-continua-su-proyecto-artistico-con-la-orquesta-sinfonica-del-gran-teatre-del-liceu\/\">\n\t\t\t\t\t\t\t<img loading=\"lazy\" decoding=\"async\" width=\"1024\" height=\"683\" src=\"https:\/\/www.joseppons.net\/wp-content\/uploads\/2025\/06\/Josep_Pons_3_credit_Igor_Cortadellas-1024x683.jpg\" class=\"attachment-large size-large wp-image-3703\" alt=\"\" srcset=\"https:\/\/www.joseppons.net\/wp-content\/uploads\/2025\/06\/Josep_Pons_3_credit_Igor_Cortadellas-1024x683.jpg 1024w, https:\/\/www.joseppons.net\/wp-content\/uploads\/2025\/06\/Josep_Pons_3_credit_Igor_Cortadellas-300x200.jpg 300w, https:\/\/www.joseppons.net\/wp-content\/uploads\/2025\/06\/Josep_Pons_3_credit_Igor_Cortadellas-768x512.jpg 768w, https:\/\/www.joseppons.net\/wp-content\/uploads\/2025\/06\/Josep_Pons_3_credit_Igor_Cortadellas-1536x1024.jpg 1536w, https:\/\/www.joseppons.net\/wp-content\/uploads\/2025\/06\/Josep_Pons_3_credit_Igor_Cortadellas-2048x1365.jpg 2048w, https:\/\/www.joseppons.net\/wp-content\/uploads\/2025\/06\/Josep_Pons_3_credit_Igor_Cortadellas-930x620.jpg 930w\" sizes=\"(max-width: 1024px) 100vw, 1024px\" \/>\t\t\t\t\t\t\t\t<\/a>\n\t\t\t\t\t\t\t\t\t\t\t\t\t\t\t<\/div>\n\t\t\t\t<\/div>\n\t\t\t\t<div class=\"elementor-element elementor-element-68646aa5 elementor-widget elementor-widget-theme-post-title elementor-page-title elementor-widget-heading\" data-id=\"68646aa5\" data-element_type=\"widget\" data-widget_type=\"theme-post-title.default\">\n\t\t\t\t<div class=\"elementor-widget-container\">\n\t\t\t\t\t<h4 class=\"elementor-heading-title elementor-size-default\">Josep Pons contin\u00faa su proyecto art\u00edstico con la Orquesta Sinf\u00f2nica del Gran Teatre del Liceu<\/h4>\t\t\t\t<\/div>\n\t\t\t\t<\/div>\n\t\t\t\t<div class=\"elementor-element elementor-element-31daf02b elementor-mobile-align-center elementor-widget elementor-widget-button\" data-id=\"31daf02b\" data-element_type=\"widget\" data-widget_type=\"button.default\">\n\t\t\t\t<div class=\"elementor-widget-container\">\n\t\t\t\t\t\t\t\t\t<div class=\"elementor-button-wrapper\">\n\t\t\t\t\t<a class=\"elementor-button elementor-button-link elementor-size-sm\" href=\"https:\/\/www.joseppons.net\/es\/josep-pons-continua-su-proyecto-artistico-con-la-orquesta-sinfonica-del-gran-teatre-del-liceu\/\">\n\t\t\t\t\t\t<span class=\"elementor-button-content-wrapper\">\n\t\t\t\t\t\t\t\t\t<span class=\"elementor-button-text\">Leer m\u00e1s<\/span>\n\t\t\t\t\t<\/span>\n\t\t\t\t\t<\/a>\n\t\t\t\t<\/div>\n\t\t\t\t\t\t\t\t<\/div>\n\t\t\t\t<\/div>\n\t\t\t\t\t<\/div>\n\t\t\t\t<\/div>\n\t\t\t\t\t<\/div>\n\t\t\t\t<\/div>\n\t\t\t\t<\/div>\n\t\t\t\t<div data-elementor-type=\"loop-item\" data-elementor-id=\"5797\" class=\"elementor elementor-5797 elementor-3840 e-loop-item e-loop-item-5300 post-5300 post type-post status-publish format-standard has-post-thumbnail hentry\" data-elementor-post-type=\"elementor_library\" data-custom-edit-handle=\"1\">\n\t\t\t<div class=\"elementor-element elementor-element-50da0826 e-flex e-con-boxed e-con e-parent\" data-id=\"50da0826\" data-element_type=\"container\">\n\t\t\t\t\t<div class=\"e-con-inner\">\n\t\t<div class=\"elementor-element elementor-element-16d3c757 e-flex e-con-boxed e-con e-child\" data-id=\"16d3c757\" data-element_type=\"container\">\n\t\t\t\t\t<div class=\"e-con-inner\">\n\t\t\t\t<div class=\"elementor-element elementor-element-a9270ce elementor-widget elementor-widget-theme-post-featured-image elementor-widget-image\" data-id=\"a9270ce\" data-element_type=\"widget\" data-widget_type=\"theme-post-featured-image.default\">\n\t\t\t\t<div class=\"elementor-widget-container\">\n\t\t\t\t\t\t\t\t\t\t\t\t\t\t\t\t<a href=\"https:\/\/www.joseppons.net\/es\/pin-d-or-per-a-josep-pons\/\">\n\t\t\t\t\t\t\t<img loading=\"lazy\" decoding=\"async\" width=\"990\" height=\"660\" src=\"https:\/\/www.joseppons.net\/wp-content\/uploads\/2025\/06\/Pons_Paeria__Lleida_Pin_Or_26.05.2023.jpg\" class=\"attachment-large size-large wp-image-3699\" alt=\"\" srcset=\"https:\/\/www.joseppons.net\/wp-content\/uploads\/2025\/06\/Pons_Paeria__Lleida_Pin_Or_26.05.2023.jpg 990w, https:\/\/www.joseppons.net\/wp-content\/uploads\/2025\/06\/Pons_Paeria__Lleida_Pin_Or_26.05.2023-300x200.jpg 300w, https:\/\/www.joseppons.net\/wp-content\/uploads\/2025\/06\/Pons_Paeria__Lleida_Pin_Or_26.05.2023-768x512.jpg 768w, https:\/\/www.joseppons.net\/wp-content\/uploads\/2025\/06\/Pons_Paeria__Lleida_Pin_Or_26.05.2023-930x620.jpg 930w\" sizes=\"(max-width: 990px) 100vw, 990px\" \/>\t\t\t\t\t\t\t\t<\/a>\n\t\t\t\t\t\t\t\t\t\t\t\t\t\t\t<\/div>\n\t\t\t\t<\/div>\n\t\t\t\t<div class=\"elementor-element elementor-element-31daf02b elementor-mobile-align-center elementor-widget elementor-widget-button\" data-id=\"31daf02b\" data-element_type=\"widget\" data-widget_type=\"button.default\">\n\t\t\t\t<div class=\"elementor-widget-container\">\n\t\t\t\t\t\t\t\t\t<div class=\"elementor-button-wrapper\">\n\t\t\t\t\t<a class=\"elementor-button elementor-button-link elementor-size-sm\" href=\"https:\/\/www.joseppons.net\/es\/pin-d-or-per-a-josep-pons\/\">\n\t\t\t\t\t\t<span class=\"elementor-button-content-wrapper\">\n\t\t\t\t\t\t\t\t\t<span class=\"elementor-button-text\">Leer m\u00e1s<\/span>\n\t\t\t\t\t<\/span>\n\t\t\t\t\t<\/a>\n\t\t\t\t<\/div>\n\t\t\t\t\t\t\t\t<\/div>\n\t\t\t\t<\/div>\n\t\t\t\t\t<\/div>\n\t\t\t\t<\/div>\n\t\t\t\t\t<\/div>\n\t\t\t\t<\/div>\n\t\t\t\t<\/div>\n\t\t\t\t<div data-elementor-type=\"loop-item\" data-elementor-id=\"5797\" class=\"elementor elementor-5797 elementor-3840 e-loop-item e-loop-item-5299 post-5299 post type-post status-publish format-standard has-post-thumbnail hentry\" data-elementor-post-type=\"elementor_library\" data-custom-edit-handle=\"1\">\n\t\t\t<div class=\"elementor-element elementor-element-50da0826 e-flex e-con-boxed e-con e-parent\" data-id=\"50da0826\" data-element_type=\"container\">\n\t\t\t\t\t<div class=\"e-con-inner\">\n\t\t<div class=\"elementor-element elementor-element-16d3c757 e-flex e-con-boxed e-con e-child\" data-id=\"16d3c757\" data-element_type=\"container\">\n\t\t\t\t\t<div class=\"e-con-inner\">\n\t\t\t\t<div class=\"elementor-element elementor-element-a9270ce elementor-widget elementor-widget-theme-post-featured-image elementor-widget-image\" data-id=\"a9270ce\" data-element_type=\"widget\" data-widget_type=\"theme-post-featured-image.default\">\n\t\t\t\t<div class=\"elementor-widget-container\">\n\t\t\t\t\t\t\t\t\t\t\t\t\t\t\t\t<a href=\"https:\/\/www.joseppons.net\/es\/josep-pons-recibe-el-premio-de-la-critica-a-la-mejor-direccion-musical-de-la-temporada-2021-22-por-pelleas-et-melisande-y-wozzeck\/\">\n\t\t\t\t\t\t\t<img loading=\"lazy\" decoding=\"async\" width=\"948\" height=\"465\" src=\"https:\/\/www.joseppons.net\/wp-content\/uploads\/2025\/06\/Pell__as_et_M__lisande.jpeg\" class=\"attachment-large size-large wp-image-3695\" alt=\"\" srcset=\"https:\/\/www.joseppons.net\/wp-content\/uploads\/2025\/06\/Pell__as_et_M__lisande.jpeg 948w, https:\/\/www.joseppons.net\/wp-content\/uploads\/2025\/06\/Pell__as_et_M__lisande-300x147.jpeg 300w, https:\/\/www.joseppons.net\/wp-content\/uploads\/2025\/06\/Pell__as_et_M__lisande-768x377.jpeg 768w\" sizes=\"(max-width: 948px) 100vw, 948px\" \/>\t\t\t\t\t\t\t\t<\/a>\n\t\t\t\t\t\t\t\t\t\t\t\t\t\t\t<\/div>\n\t\t\t\t<\/div>\n\t\t\t\t<div class=\"elementor-element elementor-element-68646aa5 elementor-widget elementor-widget-theme-post-title elementor-page-title elementor-widget-heading\" data-id=\"68646aa5\" data-element_type=\"widget\" data-widget_type=\"theme-post-title.default\">\n\t\t\t\t<div class=\"elementor-widget-container\">\n\t\t\t\t\t<h4 class=\"elementor-heading-title elementor-size-default\">Josep Pons recibe el premio de la cr\u00edtica a la mejor direcci\u00f3n musical de la temporada 2021-22 por Pell\u00e9as et M\u00e9lisande y Wozzeck<\/h4>\t\t\t\t<\/div>\n\t\t\t\t<\/div>\n\t\t\t\t<div class=\"elementor-element elementor-element-31daf02b elementor-mobile-align-center elementor-widget elementor-widget-button\" data-id=\"31daf02b\" data-element_type=\"widget\" data-widget_type=\"button.default\">\n\t\t\t\t<div class=\"elementor-widget-container\">\n\t\t\t\t\t\t\t\t\t<div class=\"elementor-button-wrapper\">\n\t\t\t\t\t<a class=\"elementor-button elementor-button-link elementor-size-sm\" href=\"https:\/\/www.joseppons.net\/es\/josep-pons-recibe-el-premio-de-la-critica-a-la-mejor-direccion-musical-de-la-temporada-2021-22-por-pelleas-et-melisande-y-wozzeck\/\">\n\t\t\t\t\t\t<span class=\"elementor-button-content-wrapper\">\n\t\t\t\t\t\t\t\t\t<span class=\"elementor-button-text\">Leer m\u00e1s<\/span>\n\t\t\t\t\t<\/span>\n\t\t\t\t\t<\/a>\n\t\t\t\t<\/div>\n\t\t\t\t\t\t\t\t<\/div>\n\t\t\t\t<\/div>\n\t\t\t\t\t<\/div>\n\t\t\t\t<\/div>\n\t\t\t\t\t<\/div>\n\t\t\t\t<\/div>\n\t\t\t\t<\/div>\n\t\t\t\t<div data-elementor-type=\"loop-item\" data-elementor-id=\"5797\" class=\"elementor elementor-5797 elementor-3840 e-loop-item e-loop-item-5298 post-5298 post type-post status-publish format-standard has-post-thumbnail hentry\" data-elementor-post-type=\"elementor_library\" data-custom-edit-handle=\"1\">\n\t\t\t<div class=\"elementor-element elementor-element-50da0826 e-flex e-con-boxed e-con e-parent\" data-id=\"50da0826\" data-element_type=\"container\">\n\t\t\t\t\t<div class=\"e-con-inner\">\n\t\t<div class=\"elementor-element elementor-element-16d3c757 e-flex e-con-boxed e-con e-child\" data-id=\"16d3c757\" data-element_type=\"container\">\n\t\t\t\t\t<div class=\"e-con-inner\">\n\t\t\t\t<div class=\"elementor-element elementor-element-a9270ce elementor-widget elementor-widget-theme-post-featured-image elementor-widget-image\" data-id=\"a9270ce\" data-element_type=\"widget\" data-widget_type=\"theme-post-featured-image.default\">\n\t\t\t\t<div class=\"elementor-widget-container\">\n\t\t\t\t\t\t\t\t\t\t\t\t\t\t\t\t<a href=\"https:\/\/www.joseppons.net\/es\/bolero-de-ravel-y-josep-pons\/\">\n\t\t\t\t\t\t\t<img loading=\"lazy\" decoding=\"async\" width=\"985\" height=\"958\" src=\"https:\/\/www.joseppons.net\/wp-content\/uploads\/2025\/06\/Bolero_77f96a93_bbfe_4965_976b_d737ac0eb635.jpg\" class=\"attachment-large size-large wp-image-3691\" alt=\"\" srcset=\"https:\/\/www.joseppons.net\/wp-content\/uploads\/2025\/06\/Bolero_77f96a93_bbfe_4965_976b_d737ac0eb635.jpg 985w, https:\/\/www.joseppons.net\/wp-content\/uploads\/2025\/06\/Bolero_77f96a93_bbfe_4965_976b_d737ac0eb635-300x292.jpg 300w, https:\/\/www.joseppons.net\/wp-content\/uploads\/2025\/06\/Bolero_77f96a93_bbfe_4965_976b_d737ac0eb635-768x747.jpg 768w\" sizes=\"(max-width: 985px) 100vw, 985px\" \/>\t\t\t\t\t\t\t\t<\/a>\n\t\t\t\t\t\t\t\t\t\t\t\t\t\t\t<\/div>\n\t\t\t\t<\/div>\n\t\t\t\t<div class=\"elementor-element elementor-element-68646aa5 elementor-widget elementor-widget-theme-post-title elementor-page-title elementor-widget-heading\" data-id=\"68646aa5\" data-element_type=\"widget\" data-widget_type=\"theme-post-title.default\">\n\t\t\t\t<div class=\"elementor-widget-container\">\n\t\t\t\t\t<h4 class=\"elementor-heading-title elementor-size-default\">Bolero de Ravel y Josep Pons<\/h4>\t\t\t\t<\/div>\n\t\t\t\t<\/div>\n\t\t\t\t<div class=\"elementor-element elementor-element-31daf02b elementor-mobile-align-center elementor-widget elementor-widget-button\" data-id=\"31daf02b\" data-element_type=\"widget\" data-widget_type=\"button.default\">\n\t\t\t\t<div class=\"elementor-widget-container\">\n\t\t\t\t\t\t\t\t\t<div class=\"elementor-button-wrapper\">\n\t\t\t\t\t<a class=\"elementor-button elementor-button-link elementor-size-sm\" href=\"https:\/\/www.joseppons.net\/es\/bolero-de-ravel-y-josep-pons\/\">\n\t\t\t\t\t\t<span class=\"elementor-button-content-wrapper\">\n\t\t\t\t\t\t\t\t\t<span class=\"elementor-button-text\">Leer m\u00e1s<\/span>\n\t\t\t\t\t<\/span>\n\t\t\t\t\t<\/a>\n\t\t\t\t<\/div>\n\t\t\t\t\t\t\t\t<\/div>\n\t\t\t\t<\/div>\n\t\t\t\t\t<\/div>\n\t\t\t\t<\/div>\n\t\t\t\t\t<\/div>\n\t\t\t\t<\/div>\n\t\t\t\t<\/div>\n\t\t\t\t<div data-elementor-type=\"loop-item\" data-elementor-id=\"5797\" class=\"elementor elementor-5797 elementor-3840 e-loop-item e-loop-item-5297 post-5297 post type-post status-publish format-standard has-post-thumbnail hentry\" data-elementor-post-type=\"elementor_library\" data-custom-edit-handle=\"1\">\n\t\t\t<div class=\"elementor-element elementor-element-50da0826 e-flex e-con-boxed e-con e-parent\" data-id=\"50da0826\" data-element_type=\"container\">\n\t\t\t\t\t<div class=\"e-con-inner\">\n\t\t<div class=\"elementor-element elementor-element-16d3c757 e-flex e-con-boxed e-con e-child\" data-id=\"16d3c757\" data-element_type=\"container\">\n\t\t\t\t\t<div class=\"e-con-inner\">\n\t\t\t\t<div class=\"elementor-element elementor-element-a9270ce elementor-widget elementor-widget-theme-post-featured-image elementor-widget-image\" data-id=\"a9270ce\" data-element_type=\"widget\" data-widget_type=\"theme-post-featured-image.default\">\n\t\t\t\t<div class=\"elementor-widget-container\">\n\t\t\t\t\t\t\t\t\t\t\t\t\t\t\t\t<a href=\"https:\/\/www.joseppons.net\/es\/josep-pons-en-archivo-de-creadores\/\">\n\t\t\t\t\t\t\t<img loading=\"lazy\" decoding=\"async\" width=\"1024\" height=\"576\" src=\"https:\/\/www.joseppons.net\/wp-content\/uploads\/2025\/06\/horizontal_general_t1_t2_LOGO_1536x864-1024x576.jpg\" class=\"attachment-large size-large wp-image-3687\" alt=\"\" srcset=\"https:\/\/www.joseppons.net\/wp-content\/uploads\/2025\/06\/horizontal_general_t1_t2_LOGO_1536x864-1024x576.jpg 1024w, https:\/\/www.joseppons.net\/wp-content\/uploads\/2025\/06\/horizontal_general_t1_t2_LOGO_1536x864-300x169.jpg 300w, https:\/\/www.joseppons.net\/wp-content\/uploads\/2025\/06\/horizontal_general_t1_t2_LOGO_1536x864-768x432.jpg 768w, https:\/\/www.joseppons.net\/wp-content\/uploads\/2025\/06\/horizontal_general_t1_t2_LOGO_1536x864.jpg 1536w\" sizes=\"(max-width: 1024px) 100vw, 1024px\" \/>\t\t\t\t\t\t\t\t<\/a>\n\t\t\t\t\t\t\t\t\t\t\t\t\t\t\t<\/div>\n\t\t\t\t<\/div>\n\t\t\t\t<div class=\"elementor-element elementor-element-68646aa5 elementor-widget elementor-widget-theme-post-title elementor-page-title elementor-widget-heading\" data-id=\"68646aa5\" data-element_type=\"widget\" data-widget_type=\"theme-post-title.default\">\n\t\t\t\t<div class=\"elementor-widget-container\">\n\t\t\t\t\t<h4 class=\"elementor-heading-title elementor-size-default\">Josep Pons en \u00abArchivo de Creadores\u00bb<\/h4>\t\t\t\t<\/div>\n\t\t\t\t<\/div>\n\t\t\t\t<div class=\"elementor-element elementor-element-31daf02b elementor-mobile-align-center elementor-widget elementor-widget-button\" data-id=\"31daf02b\" data-element_type=\"widget\" data-widget_type=\"button.default\">\n\t\t\t\t<div class=\"elementor-widget-container\">\n\t\t\t\t\t\t\t\t\t<div class=\"elementor-button-wrapper\">\n\t\t\t\t\t<a class=\"elementor-button elementor-button-link elementor-size-sm\" href=\"https:\/\/www.joseppons.net\/es\/josep-pons-en-archivo-de-creadores\/\">\n\t\t\t\t\t\t<span class=\"elementor-button-content-wrapper\">\n\t\t\t\t\t\t\t\t\t<span class=\"elementor-button-text\">Leer m\u00e1s<\/span>\n\t\t\t\t\t<\/span>\n\t\t\t\t\t<\/a>\n\t\t\t\t<\/div>\n\t\t\t\t\t\t\t\t<\/div>\n\t\t\t\t<\/div>\n\t\t\t\t\t<\/div>\n\t\t\t\t<\/div>\n\t\t\t\t\t<\/div>\n\t\t\t\t<\/div>\n\t\t\t\t<\/div>\n\t\t\t\t<div data-elementor-type=\"loop-item\" data-elementor-id=\"5797\" class=\"elementor elementor-5797 elementor-3840 e-loop-item e-loop-item-5296 post-5296 post type-post status-publish format-standard has-post-thumbnail hentry\" data-elementor-post-type=\"elementor_library\" data-custom-edit-handle=\"1\">\n\t\t\t<div class=\"elementor-element elementor-element-50da0826 e-flex e-con-boxed e-con e-parent\" data-id=\"50da0826\" data-element_type=\"container\">\n\t\t\t\t\t<div class=\"e-con-inner\">\n\t\t<div class=\"elementor-element elementor-element-16d3c757 e-flex e-con-boxed e-con e-child\" data-id=\"16d3c757\" data-element_type=\"container\">\n\t\t\t\t\t<div class=\"e-con-inner\">\n\t\t\t\t<div class=\"elementor-element elementor-element-a9270ce elementor-widget elementor-widget-theme-post-featured-image elementor-widget-image\" data-id=\"a9270ce\" data-element_type=\"widget\" data-widget_type=\"theme-post-featured-image.default\">\n\t\t\t\t<div class=\"elementor-widget-container\">\n\t\t\t\t\t\t\t\t\t\t\t\t\t\t\t\t<a href=\"https:\/\/www.joseppons.net\/es\/catarsis-colectiva-con-tres-divas-wagnerianas-en-el-liceu\/\">\n\t\t\t\t\t\t\t<img loading=\"lazy\" decoding=\"async\" width=\"1024\" height=\"603\" src=\"https:\/\/www.joseppons.net\/wp-content\/uploads\/2025\/06\/3___Tres_Dives-1024x603.jpg\" class=\"attachment-large size-large wp-image-3683\" alt=\"\" srcset=\"https:\/\/www.joseppons.net\/wp-content\/uploads\/2025\/06\/3___Tres_Dives-1024x603.jpg 1024w, https:\/\/www.joseppons.net\/wp-content\/uploads\/2025\/06\/3___Tres_Dives-300x177.jpg 300w, https:\/\/www.joseppons.net\/wp-content\/uploads\/2025\/06\/3___Tres_Dives-768x453.jpg 768w, https:\/\/www.joseppons.net\/wp-content\/uploads\/2025\/06\/3___Tres_Dives.jpg 1339w\" sizes=\"(max-width: 1024px) 100vw, 1024px\" \/>\t\t\t\t\t\t\t\t<\/a>\n\t\t\t\t\t\t\t\t\t\t\t\t\t\t\t<\/div>\n\t\t\t\t<\/div>\n\t\t\t\t<div class=\"elementor-element elementor-element-68646aa5 elementor-widget elementor-widget-theme-post-title elementor-page-title elementor-widget-heading\" data-id=\"68646aa5\" data-element_type=\"widget\" data-widget_type=\"theme-post-title.default\">\n\t\t\t\t<div class=\"elementor-widget-container\">\n\t\t\t\t\t<h4 class=\"elementor-heading-title elementor-size-default\">Catarsis colectiva con tres divas wagnerianas en el Liceu<\/h4>\t\t\t\t<\/div>\n\t\t\t\t<\/div>\n\t\t\t\t<div class=\"elementor-element elementor-element-31daf02b elementor-mobile-align-center elementor-widget elementor-widget-button\" data-id=\"31daf02b\" data-element_type=\"widget\" data-widget_type=\"button.default\">\n\t\t\t\t<div class=\"elementor-widget-container\">\n\t\t\t\t\t\t\t\t\t<div class=\"elementor-button-wrapper\">\n\t\t\t\t\t<a class=\"elementor-button elementor-button-link elementor-size-sm\" href=\"https:\/\/www.joseppons.net\/es\/catarsis-colectiva-con-tres-divas-wagnerianas-en-el-liceu\/\">\n\t\t\t\t\t\t<span class=\"elementor-button-content-wrapper\">\n\t\t\t\t\t\t\t\t\t<span class=\"elementor-button-text\">Leer m\u00e1s<\/span>\n\t\t\t\t\t<\/span>\n\t\t\t\t\t<\/a>\n\t\t\t\t<\/div>\n\t\t\t\t\t\t\t\t<\/div>\n\t\t\t\t<\/div>\n\t\t\t\t\t<\/div>\n\t\t\t\t<\/div>\n\t\t\t\t\t<\/div>\n\t\t\t\t<\/div>\n\t\t\t\t<\/div>\n\t\t\t\t<div data-elementor-type=\"loop-item\" data-elementor-id=\"5797\" class=\"elementor elementor-5797 elementor-3840 e-loop-item e-loop-item-5295 post-5295 post type-post status-publish format-standard has-post-thumbnail hentry\" data-elementor-post-type=\"elementor_library\" data-custom-edit-handle=\"1\">\n\t\t\t<div class=\"elementor-element elementor-element-50da0826 e-flex e-con-boxed e-con e-parent\" data-id=\"50da0826\" data-element_type=\"container\">\n\t\t\t\t\t<div class=\"e-con-inner\">\n\t\t<div class=\"elementor-element elementor-element-16d3c757 e-flex e-con-boxed e-con e-child\" data-id=\"16d3c757\" data-element_type=\"container\">\n\t\t\t\t\t<div class=\"e-con-inner\">\n\t\t\t\t<div class=\"elementor-element elementor-element-a9270ce elementor-widget elementor-widget-theme-post-featured-image elementor-widget-image\" data-id=\"a9270ce\" data-element_type=\"widget\" data-widget_type=\"theme-post-featured-image.default\">\n\t\t\t\t<div class=\"elementor-widget-container\">\n\t\t\t\t\t\t\t\t\t\t\t\t\t\t\t\t<a href=\"https:\/\/www.joseppons.net\/es\/josep-pons-galardonado-con-el-premio-ambaixador-de-regio-7\/\">\n\t\t\t\t\t\t\t<img loading=\"lazy\" decoding=\"async\" width=\"500\" height=\"334\" src=\"https:\/\/www.joseppons.net\/wp-content\/uploads\/2025\/06\/afccd69d_48c5_41c3_9276_850d3c4c1e67_source_aspect_ratio_25p_0.jpg\" class=\"attachment-large size-large wp-image-3679\" alt=\"\" srcset=\"https:\/\/www.joseppons.net\/wp-content\/uploads\/2025\/06\/afccd69d_48c5_41c3_9276_850d3c4c1e67_source_aspect_ratio_25p_0.jpg 500w, https:\/\/www.joseppons.net\/wp-content\/uploads\/2025\/06\/afccd69d_48c5_41c3_9276_850d3c4c1e67_source_aspect_ratio_25p_0-300x200.jpg 300w\" sizes=\"(max-width: 500px) 100vw, 500px\" \/>\t\t\t\t\t\t\t\t<\/a>\n\t\t\t\t\t\t\t\t\t\t\t\t\t\t\t<\/div>\n\t\t\t\t<\/div>\n\t\t\t\t<div class=\"elementor-element elementor-element-68646aa5 elementor-widget elementor-widget-theme-post-title elementor-page-title elementor-widget-heading\" data-id=\"68646aa5\" data-element_type=\"widget\" data-widget_type=\"theme-post-title.default\">\n\t\t\t\t<div class=\"elementor-widget-container\">\n\t\t\t\t\t<h4 class=\"elementor-heading-title elementor-size-default\">Josep Pons galardonado con el premio Ambaixador de Regi\u00f3 7<\/h4>\t\t\t\t<\/div>\n\t\t\t\t<\/div>\n\t\t\t\t<div class=\"elementor-element elementor-element-31daf02b elementor-mobile-align-center elementor-widget elementor-widget-button\" data-id=\"31daf02b\" data-element_type=\"widget\" data-widget_type=\"button.default\">\n\t\t\t\t<div class=\"elementor-widget-container\">\n\t\t\t\t\t\t\t\t\t<div class=\"elementor-button-wrapper\">\n\t\t\t\t\t<a class=\"elementor-button elementor-button-link elementor-size-sm\" href=\"https:\/\/www.joseppons.net\/es\/josep-pons-galardonado-con-el-premio-ambaixador-de-regio-7\/\">\n\t\t\t\t\t\t<span class=\"elementor-button-content-wrapper\">\n\t\t\t\t\t\t\t\t\t<span class=\"elementor-button-text\">Leer m\u00e1s<\/span>\n\t\t\t\t\t<\/span>\n\t\t\t\t\t<\/a>\n\t\t\t\t<\/div>\n\t\t\t\t\t\t\t\t<\/div>\n\t\t\t\t<\/div>\n\t\t\t\t\t<\/div>\n\t\t\t\t<\/div>\n\t\t\t\t\t<\/div>\n\t\t\t\t<\/div>\n\t\t\t\t<\/div>\n\t\t\t\t<div data-elementor-type=\"loop-item\" data-elementor-id=\"5797\" class=\"elementor elementor-5797 elementor-3840 e-loop-item e-loop-item-5294 post-5294 post type-post status-publish format-standard has-post-thumbnail hentry\" data-elementor-post-type=\"elementor_library\" data-custom-edit-handle=\"1\">\n\t\t\t<div class=\"elementor-element elementor-element-50da0826 e-flex e-con-boxed e-con e-parent\" data-id=\"50da0826\" data-element_type=\"container\">\n\t\t\t\t\t<div class=\"e-con-inner\">\n\t\t<div class=\"elementor-element elementor-element-16d3c757 e-flex e-con-boxed e-con e-child\" data-id=\"16d3c757\" data-element_type=\"container\">\n\t\t\t\t\t<div class=\"e-con-inner\">\n\t\t\t\t<div class=\"elementor-element elementor-element-a9270ce elementor-widget elementor-widget-theme-post-featured-image elementor-widget-image\" data-id=\"a9270ce\" data-element_type=\"widget\" data-widget_type=\"theme-post-featured-image.default\">\n\t\t\t\t<div class=\"elementor-widget-container\">\n\t\t\t\t\t\t\t\t\t\t\t\t\t\t\t\t<a href=\"https:\/\/www.joseppons.net\/es\/josep-pons-premiado-a-la-mejor-direccion-musical-por-pelleas-et-melisande-i-wozzeck\/\">\n\t\t\t\t\t\t\t<img loading=\"lazy\" decoding=\"async\" width=\"544\" height=\"363\" src=\"https:\/\/www.joseppons.net\/wp-content\/uploads\/2025\/06\/Millor_director_musical_P__lleas_et_Melisande_tem._21_22.jpeg\" class=\"attachment-large size-large wp-image-3675\" alt=\"\" srcset=\"https:\/\/www.joseppons.net\/wp-content\/uploads\/2025\/06\/Millor_director_musical_P__lleas_et_Melisande_tem._21_22.jpeg 544w, https:\/\/www.joseppons.net\/wp-content\/uploads\/2025\/06\/Millor_director_musical_P__lleas_et_Melisande_tem._21_22-300x200.jpeg 300w\" sizes=\"(max-width: 544px) 100vw, 544px\" \/>\t\t\t\t\t\t\t\t<\/a>\n\t\t\t\t\t\t\t\t\t\t\t\t\t\t\t<\/div>\n\t\t\t\t<\/div>\n\t\t\t\t<div class=\"elementor-element elementor-element-68646aa5 elementor-widget elementor-widget-theme-post-title elementor-page-title elementor-widget-heading\" data-id=\"68646aa5\" data-element_type=\"widget\" data-widget_type=\"theme-post-title.default\">\n\t\t\t\t<div class=\"elementor-widget-container\">\n\t\t\t\t\t<h4 class=\"elementor-heading-title elementor-size-default\">Josep Pons premiado a la mejor direcci\u00f3n musical por Pell\u00e9as et M\u00e9lisande i Wozzeck<\/h4>\t\t\t\t<\/div>\n\t\t\t\t<\/div>\n\t\t\t\t<div class=\"elementor-element elementor-element-31daf02b elementor-mobile-align-center elementor-widget elementor-widget-button\" data-id=\"31daf02b\" data-element_type=\"widget\" data-widget_type=\"button.default\">\n\t\t\t\t<div class=\"elementor-widget-container\">\n\t\t\t\t\t\t\t\t\t<div class=\"elementor-button-wrapper\">\n\t\t\t\t\t<a class=\"elementor-button elementor-button-link elementor-size-sm\" href=\"https:\/\/www.joseppons.net\/es\/josep-pons-premiado-a-la-mejor-direccion-musical-por-pelleas-et-melisande-i-wozzeck\/\">\n\t\t\t\t\t\t<span class=\"elementor-button-content-wrapper\">\n\t\t\t\t\t\t\t\t\t<span class=\"elementor-button-text\">Leer m\u00e1s<\/span>\n\t\t\t\t\t<\/span>\n\t\t\t\t\t<\/a>\n\t\t\t\t<\/div>\n\t\t\t\t\t\t\t\t<\/div>\n\t\t\t\t<\/div>\n\t\t\t\t\t<\/div>\n\t\t\t\t<\/div>\n\t\t\t\t\t<\/div>\n\t\t\t\t<\/div>\n\t\t\t\t<\/div>\n\t\t\t\t<div data-elementor-type=\"loop-item\" data-elementor-id=\"5797\" class=\"elementor elementor-5797 elementor-3840 e-loop-item e-loop-item-5293 post-5293 post type-post status-publish format-standard has-post-thumbnail hentry\" data-elementor-post-type=\"elementor_library\" data-custom-edit-handle=\"1\">\n\t\t\t<div class=\"elementor-element elementor-element-50da0826 e-flex e-con-boxed e-con e-parent\" data-id=\"50da0826\" data-element_type=\"container\">\n\t\t\t\t\t<div class=\"e-con-inner\">\n\t\t<div class=\"elementor-element elementor-element-16d3c757 e-flex e-con-boxed e-con e-child\" data-id=\"16d3c757\" data-element_type=\"container\">\n\t\t\t\t\t<div class=\"e-con-inner\">\n\t\t\t\t<div class=\"elementor-element elementor-element-a9270ce elementor-widget elementor-widget-theme-post-featured-image elementor-widget-image\" data-id=\"a9270ce\" data-element_type=\"widget\" data-widget_type=\"theme-post-featured-image.default\">\n\t\t\t\t<div class=\"elementor-widget-container\">\n\t\t\t\t\t\t\t\t\t\t\t\t\t\t\t\t<a href=\"https:\/\/www.joseppons.net\/es\/josep-pons-recibe-la-medalla-de-honor-del-festival-internacional-de-musica-y-danza-de-granada\/\">\n\t\t\t\t\t\t\t<img loading=\"lazy\" decoding=\"async\" width=\"1024\" height=\"683\" src=\"https:\/\/www.joseppons.net\/wp-content\/uploads\/2025\/06\/WhatsApp_Image_2022_06_20_at_12.26.16-1024x683.jpeg\" class=\"attachment-large size-large wp-image-5192\" alt=\"\" srcset=\"https:\/\/www.joseppons.net\/wp-content\/uploads\/2025\/06\/WhatsApp_Image_2022_06_20_at_12.26.16-1024x683.jpeg 1024w, https:\/\/www.joseppons.net\/wp-content\/uploads\/2025\/06\/WhatsApp_Image_2022_06_20_at_12.26.16-300x200.jpeg 300w, https:\/\/www.joseppons.net\/wp-content\/uploads\/2025\/06\/WhatsApp_Image_2022_06_20_at_12.26.16-768x512.jpeg 768w, https:\/\/www.joseppons.net\/wp-content\/uploads\/2025\/06\/WhatsApp_Image_2022_06_20_at_12.26.16-1536x1025.jpeg 1536w, https:\/\/www.joseppons.net\/wp-content\/uploads\/2025\/06\/WhatsApp_Image_2022_06_20_at_12.26.16-930x620.jpeg 930w, https:\/\/www.joseppons.net\/wp-content\/uploads\/2025\/06\/WhatsApp_Image_2022_06_20_at_12.26.16.jpeg 2000w\" sizes=\"(max-width: 1024px) 100vw, 1024px\" \/>\t\t\t\t\t\t\t\t<\/a>\n\t\t\t\t\t\t\t\t\t\t\t\t\t\t\t<\/div>\n\t\t\t\t<\/div>\n\t\t\t\t<div class=\"elementor-element elementor-element-68646aa5 elementor-widget elementor-widget-theme-post-title elementor-page-title elementor-widget-heading\" data-id=\"68646aa5\" data-element_type=\"widget\" data-widget_type=\"theme-post-title.default\">\n\t\t\t\t<div class=\"elementor-widget-container\">\n\t\t\t\t\t<h4 class=\"elementor-heading-title elementor-size-default\">Josep Pons recibe la Medalla de Honor del Festival Internacional de M\u00fasica y Danza de Granada<\/h4>\t\t\t\t<\/div>\n\t\t\t\t<\/div>\n\t\t\t\t<div class=\"elementor-element elementor-element-31daf02b elementor-mobile-align-center elementor-widget elementor-widget-button\" data-id=\"31daf02b\" data-element_type=\"widget\" data-widget_type=\"button.default\">\n\t\t\t\t<div class=\"elementor-widget-container\">\n\t\t\t\t\t\t\t\t\t<div class=\"elementor-button-wrapper\">\n\t\t\t\t\t<a class=\"elementor-button elementor-button-link elementor-size-sm\" href=\"https:\/\/www.joseppons.net\/es\/josep-pons-recibe-la-medalla-de-honor-del-festival-internacional-de-musica-y-danza-de-granada\/\">\n\t\t\t\t\t\t<span class=\"elementor-button-content-wrapper\">\n\t\t\t\t\t\t\t\t\t<span class=\"elementor-button-text\">Leer m\u00e1s<\/span>\n\t\t\t\t\t<\/span>\n\t\t\t\t\t<\/a>\n\t\t\t\t<\/div>\n\t\t\t\t\t\t\t\t<\/div>\n\t\t\t\t<\/div>\n\t\t\t\t\t<\/div>\n\t\t\t\t<\/div>\n\t\t\t\t\t<\/div>\n\t\t\t\t<\/div>\n\t\t\t\t<\/div>\n\t\t\t\t<div data-elementor-type=\"loop-item\" data-elementor-id=\"5797\" class=\"elementor elementor-5797 elementor-3840 e-loop-item e-loop-item-5292 post-5292 post type-post status-publish format-standard has-post-thumbnail hentry\" data-elementor-post-type=\"elementor_library\" data-custom-edit-handle=\"1\">\n\t\t\t<div class=\"elementor-element elementor-element-50da0826 e-flex e-con-boxed e-con e-parent\" data-id=\"50da0826\" data-element_type=\"container\">\n\t\t\t\t\t<div class=\"e-con-inner\">\n\t\t<div class=\"elementor-element elementor-element-16d3c757 e-flex e-con-boxed e-con e-child\" data-id=\"16d3c757\" data-element_type=\"container\">\n\t\t\t\t\t<div class=\"e-con-inner\">\n\t\t\t\t<div class=\"elementor-element elementor-element-a9270ce elementor-widget elementor-widget-theme-post-featured-image elementor-widget-image\" data-id=\"a9270ce\" data-element_type=\"widget\" data-widget_type=\"theme-post-featured-image.default\">\n\t\t\t\t<div class=\"elementor-widget-container\">\n\t\t\t\t\t\t\t\t\t\t\t\t\t\t\t\t<a href=\"https:\/\/www.joseppons.net\/es\/josep-pons-en-el-barbican-con-el-emperador-de-la-atlantida\/\">\n\t\t\t\t\t\t\t<img loading=\"lazy\" decoding=\"async\" width=\"1000\" height=\"665\" src=\"https:\/\/www.joseppons.net\/wp-content\/uploads\/2025\/06\/Der_Kaiser_von_Atlantis_R3_Barbican_230122_1130.jpg\" class=\"attachment-large size-large wp-image-5185\" alt=\"\" srcset=\"https:\/\/www.joseppons.net\/wp-content\/uploads\/2025\/06\/Der_Kaiser_von_Atlantis_R3_Barbican_230122_1130.jpg 1000w, https:\/\/www.joseppons.net\/wp-content\/uploads\/2025\/06\/Der_Kaiser_von_Atlantis_R3_Barbican_230122_1130-300x200.jpg 300w, https:\/\/www.joseppons.net\/wp-content\/uploads\/2025\/06\/Der_Kaiser_von_Atlantis_R3_Barbican_230122_1130-768x511.jpg 768w\" sizes=\"(max-width: 1000px) 100vw, 1000px\" \/>\t\t\t\t\t\t\t\t<\/a>\n\t\t\t\t\t\t\t\t\t\t\t\t\t\t\t<\/div>\n\t\t\t\t<\/div>\n\t\t\t\t<div class=\"elementor-element elementor-element-68646aa5 elementor-widget elementor-widget-theme-post-title elementor-page-title elementor-widget-heading\" data-id=\"68646aa5\" data-element_type=\"widget\" data-widget_type=\"theme-post-title.default\">\n\t\t\t\t<div class=\"elementor-widget-container\">\n\t\t\t\t\t<h4 class=\"elementor-heading-title elementor-size-default\">Josep Pons en el Barbican con El Emperador de la Atl\u00e1ntida<\/h4>\t\t\t\t<\/div>\n\t\t\t\t<\/div>\n\t\t\t\t<div class=\"elementor-element elementor-element-31daf02b elementor-mobile-align-center elementor-widget elementor-widget-button\" data-id=\"31daf02b\" data-element_type=\"widget\" data-widget_type=\"button.default\">\n\t\t\t\t<div class=\"elementor-widget-container\">\n\t\t\t\t\t\t\t\t\t<div class=\"elementor-button-wrapper\">\n\t\t\t\t\t<a class=\"elementor-button elementor-button-link elementor-size-sm\" href=\"https:\/\/www.joseppons.net\/es\/josep-pons-en-el-barbican-con-el-emperador-de-la-atlantida\/\">\n\t\t\t\t\t\t<span class=\"elementor-button-content-wrapper\">\n\t\t\t\t\t\t\t\t\t<span class=\"elementor-button-text\">Leer m\u00e1s<\/span>\n\t\t\t\t\t<\/span>\n\t\t\t\t\t<\/a>\n\t\t\t\t<\/div>\n\t\t\t\t\t\t\t\t<\/div>\n\t\t\t\t<\/div>\n\t\t\t\t\t<\/div>\n\t\t\t\t<\/div>\n\t\t\t\t\t<\/div>\n\t\t\t\t<\/div>\n\t\t\t\t<\/div>\n\t\t\t\t<div data-elementor-type=\"loop-item\" data-elementor-id=\"5797\" class=\"elementor elementor-5797 elementor-3840 e-loop-item e-loop-item-5291 post-5291 post type-post status-publish format-standard has-post-thumbnail hentry\" data-elementor-post-type=\"elementor_library\" data-custom-edit-handle=\"1\">\n\t\t\t<div class=\"elementor-element elementor-element-50da0826 e-flex e-con-boxed e-con e-parent\" data-id=\"50da0826\" data-element_type=\"container\">\n\t\t\t\t\t<div class=\"e-con-inner\">\n\t\t<div class=\"elementor-element elementor-element-16d3c757 e-flex e-con-boxed e-con e-child\" data-id=\"16d3c757\" data-element_type=\"container\">\n\t\t\t\t\t<div class=\"e-con-inner\">\n\t\t\t\t<div class=\"elementor-element elementor-element-a9270ce elementor-widget elementor-widget-theme-post-featured-image elementor-widget-image\" data-id=\"a9270ce\" data-element_type=\"widget\" data-widget_type=\"theme-post-featured-image.default\">\n\t\t\t\t<div class=\"elementor-widget-container\">\n\t\t\t\t\t\t\t\t\t\t\t\t\t\t\t\t<a href=\"https:\/\/www.joseppons.net\/es\/josep-pons-galardonado-con-el-premio-de-honor-de-cultura-del-bergueda\/\">\n\t\t\t\t\t\t\t<img loading=\"lazy\" decoding=\"async\" width=\"1024\" height=\"576\" src=\"https:\/\/www.joseppons.net\/wp-content\/uploads\/2025\/06\/Premi_honor_cultura_bergued_____11.12.2021_1-1024x576.jpg\" class=\"attachment-large size-large wp-image-5182\" alt=\"\" srcset=\"https:\/\/www.joseppons.net\/wp-content\/uploads\/2025\/06\/Premi_honor_cultura_bergued_____11.12.2021_1-1024x576.jpg 1024w, https:\/\/www.joseppons.net\/wp-content\/uploads\/2025\/06\/Premi_honor_cultura_bergued_____11.12.2021_1-300x169.jpg 300w, https:\/\/www.joseppons.net\/wp-content\/uploads\/2025\/06\/Premi_honor_cultura_bergued_____11.12.2021_1-768x432.jpg 768w, https:\/\/www.joseppons.net\/wp-content\/uploads\/2025\/06\/Premi_honor_cultura_bergued_____11.12.2021_1.jpg 1200w\" sizes=\"(max-width: 1024px) 100vw, 1024px\" \/>\t\t\t\t\t\t\t\t<\/a>\n\t\t\t\t\t\t\t\t\t\t\t\t\t\t\t<\/div>\n\t\t\t\t<\/div>\n\t\t\t\t<div class=\"elementor-element elementor-element-68646aa5 elementor-widget elementor-widget-theme-post-title elementor-page-title elementor-widget-heading\" data-id=\"68646aa5\" data-element_type=\"widget\" data-widget_type=\"theme-post-title.default\">\n\t\t\t\t<div class=\"elementor-widget-container\">\n\t\t\t\t\t<h4 class=\"elementor-heading-title elementor-size-default\">Josep Pons galardonado con el Premio de Honor de Cultura del Bergued\u00e0<\/h4>\t\t\t\t<\/div>\n\t\t\t\t<\/div>\n\t\t\t\t<div class=\"elementor-element elementor-element-31daf02b elementor-mobile-align-center elementor-widget elementor-widget-button\" data-id=\"31daf02b\" data-element_type=\"widget\" data-widget_type=\"button.default\">\n\t\t\t\t<div class=\"elementor-widget-container\">\n\t\t\t\t\t\t\t\t\t<div class=\"elementor-button-wrapper\">\n\t\t\t\t\t<a class=\"elementor-button elementor-button-link elementor-size-sm\" href=\"https:\/\/www.joseppons.net\/es\/josep-pons-galardonado-con-el-premio-de-honor-de-cultura-del-bergueda\/\">\n\t\t\t\t\t\t<span class=\"elementor-button-content-wrapper\">\n\t\t\t\t\t\t\t\t\t<span class=\"elementor-button-text\">Leer m\u00e1s<\/span>\n\t\t\t\t\t<\/span>\n\t\t\t\t\t<\/a>\n\t\t\t\t<\/div>\n\t\t\t\t\t\t\t\t<\/div>\n\t\t\t\t<\/div>\n\t\t\t\t\t<\/div>\n\t\t\t\t<\/div>\n\t\t\t\t\t<\/div>\n\t\t\t\t<\/div>\n\t\t\t\t<\/div>\n\t\t\t\t<div data-elementor-type=\"loop-item\" data-elementor-id=\"5797\" class=\"elementor elementor-5797 elementor-3840 e-loop-item e-loop-item-5290 post-5290 post type-post status-publish format-standard has-post-thumbnail hentry\" data-elementor-post-type=\"elementor_library\" data-custom-edit-handle=\"1\">\n\t\t\t<div class=\"elementor-element elementor-element-50da0826 e-flex e-con-boxed e-con e-parent\" data-id=\"50da0826\" data-element_type=\"container\">\n\t\t\t\t\t<div class=\"e-con-inner\">\n\t\t<div class=\"elementor-element elementor-element-16d3c757 e-flex e-con-boxed e-con e-child\" data-id=\"16d3c757\" data-element_type=\"container\">\n\t\t\t\t\t<div class=\"e-con-inner\">\n\t\t\t\t<div class=\"elementor-element elementor-element-a9270ce elementor-widget elementor-widget-theme-post-featured-image elementor-widget-image\" data-id=\"a9270ce\" data-element_type=\"widget\" data-widget_type=\"theme-post-featured-image.default\">\n\t\t\t\t<div class=\"elementor-widget-container\">\n\t\t\t\t\t\t\t\t\t\t\t\t\t\t\t\t<a href=\"https:\/\/www.joseppons.net\/es\/josep-pons-premio-de-cultura-del-bergueda\/\">\n\t\t\t\t\t\t\t<img loading=\"lazy\" decoding=\"async\" width=\"598\" height=\"458\" src=\"https:\/\/www.joseppons.net\/wp-content\/uploads\/2025\/06\/Premis_de_cultura_del_Bergued___2021___Premi_d_Honor_a_Josep_Pons.jpg\" class=\"attachment-large size-large wp-image-5177\" alt=\"\" srcset=\"https:\/\/www.joseppons.net\/wp-content\/uploads\/2025\/06\/Premis_de_cultura_del_Bergued___2021___Premi_d_Honor_a_Josep_Pons.jpg 598w, https:\/\/www.joseppons.net\/wp-content\/uploads\/2025\/06\/Premis_de_cultura_del_Bergued___2021___Premi_d_Honor_a_Josep_Pons-300x230.jpg 300w\" sizes=\"(max-width: 598px) 100vw, 598px\" \/>\t\t\t\t\t\t\t\t<\/a>\n\t\t\t\t\t\t\t\t\t\t\t\t\t\t\t<\/div>\n\t\t\t\t<\/div>\n\t\t\t\t<div class=\"elementor-element elementor-element-68646aa5 elementor-widget elementor-widget-theme-post-title elementor-page-title elementor-widget-heading\" data-id=\"68646aa5\" data-element_type=\"widget\" data-widget_type=\"theme-post-title.default\">\n\t\t\t\t<div class=\"elementor-widget-container\">\n\t\t\t\t\t<h4 class=\"elementor-heading-title elementor-size-default\">Josep Pons, Premio de Cultura del Bergued\u00e0<\/h4>\t\t\t\t<\/div>\n\t\t\t\t<\/div>\n\t\t\t\t<div class=\"elementor-element elementor-element-31daf02b elementor-mobile-align-center elementor-widget elementor-widget-button\" data-id=\"31daf02b\" data-element_type=\"widget\" data-widget_type=\"button.default\">\n\t\t\t\t<div class=\"elementor-widget-container\">\n\t\t\t\t\t\t\t\t\t<div class=\"elementor-button-wrapper\">\n\t\t\t\t\t<a class=\"elementor-button elementor-button-link elementor-size-sm\" href=\"https:\/\/www.joseppons.net\/es\/josep-pons-premio-de-cultura-del-bergueda\/\">\n\t\t\t\t\t\t<span class=\"elementor-button-content-wrapper\">\n\t\t\t\t\t\t\t\t\t<span class=\"elementor-button-text\">Leer m\u00e1s<\/span>\n\t\t\t\t\t<\/span>\n\t\t\t\t\t<\/a>\n\t\t\t\t<\/div>\n\t\t\t\t\t\t\t\t<\/div>\n\t\t\t\t<\/div>\n\t\t\t\t\t<\/div>\n\t\t\t\t<\/div>\n\t\t\t\t\t<\/div>\n\t\t\t\t<\/div>\n\t\t\t\t<\/div>\n\t\t\t\t<div data-elementor-type=\"loop-item\" data-elementor-id=\"5797\" class=\"elementor elementor-5797 elementor-3840 e-loop-item e-loop-item-5289 post-5289 post type-post status-publish format-standard has-post-thumbnail hentry\" data-elementor-post-type=\"elementor_library\" data-custom-edit-handle=\"1\">\n\t\t\t<div class=\"elementor-element elementor-element-50da0826 e-flex e-con-boxed e-con e-parent\" data-id=\"50da0826\" data-element_type=\"container\">\n\t\t\t\t\t<div class=\"e-con-inner\">\n\t\t<div class=\"elementor-element elementor-element-16d3c757 e-flex e-con-boxed e-con e-child\" data-id=\"16d3c757\" data-element_type=\"container\">\n\t\t\t\t\t<div class=\"e-con-inner\">\n\t\t\t\t<div class=\"elementor-element elementor-element-a9270ce elementor-widget elementor-widget-theme-post-featured-image elementor-widget-image\" data-id=\"a9270ce\" data-element_type=\"widget\" data-widget_type=\"theme-post-featured-image.default\">\n\t\t\t\t<div class=\"elementor-widget-container\">\n\t\t\t\t\t\t\t\t\t\t\t\t\t\t\t\t<a href=\"https:\/\/www.joseppons.net\/es\/josep-pons-renueva-contrato-con-el-liceu-hasta-el-2026\/\">\n\t\t\t\t\t\t\t<img loading=\"lazy\" decoding=\"async\" width=\"859\" height=\"575\" src=\"https:\/\/www.joseppons.net\/wp-content\/uploads\/2025\/06\/3448_031facana_nit_alta_c_a_bofill.jpg\" class=\"attachment-large size-large wp-image-3646\" alt=\"\" srcset=\"https:\/\/www.joseppons.net\/wp-content\/uploads\/2025\/06\/3448_031facana_nit_alta_c_a_bofill.jpg 859w, https:\/\/www.joseppons.net\/wp-content\/uploads\/2025\/06\/3448_031facana_nit_alta_c_a_bofill-300x201.jpg 300w, https:\/\/www.joseppons.net\/wp-content\/uploads\/2025\/06\/3448_031facana_nit_alta_c_a_bofill-768x514.jpg 768w\" sizes=\"(max-width: 859px) 100vw, 859px\" \/>\t\t\t\t\t\t\t\t<\/a>\n\t\t\t\t\t\t\t\t\t\t\t\t\t\t\t<\/div>\n\t\t\t\t<\/div>\n\t\t\t\t<div class=\"elementor-element elementor-element-68646aa5 elementor-widget elementor-widget-theme-post-title elementor-page-title elementor-widget-heading\" data-id=\"68646aa5\" data-element_type=\"widget\" data-widget_type=\"theme-post-title.default\">\n\t\t\t\t<div class=\"elementor-widget-container\">\n\t\t\t\t\t<h4 class=\"elementor-heading-title elementor-size-default\">Josep Pons renueva contrato con el Liceu hasta el 2026<\/h4>\t\t\t\t<\/div>\n\t\t\t\t<\/div>\n\t\t\t\t<div class=\"elementor-element elementor-element-31daf02b elementor-mobile-align-center elementor-widget elementor-widget-button\" data-id=\"31daf02b\" data-element_type=\"widget\" data-widget_type=\"button.default\">\n\t\t\t\t<div class=\"elementor-widget-container\">\n\t\t\t\t\t\t\t\t\t<div class=\"elementor-button-wrapper\">\n\t\t\t\t\t<a class=\"elementor-button elementor-button-link elementor-size-sm\" href=\"https:\/\/www.joseppons.net\/es\/josep-pons-renueva-contrato-con-el-liceu-hasta-el-2026\/\">\n\t\t\t\t\t\t<span class=\"elementor-button-content-wrapper\">\n\t\t\t\t\t\t\t\t\t<span class=\"elementor-button-text\">Leer m\u00e1s<\/span>\n\t\t\t\t\t<\/span>\n\t\t\t\t\t<\/a>\n\t\t\t\t<\/div>\n\t\t\t\t\t\t\t\t<\/div>\n\t\t\t\t<\/div>\n\t\t\t\t\t<\/div>\n\t\t\t\t<\/div>\n\t\t\t\t\t<\/div>\n\t\t\t\t<\/div>\n\t\t\t\t<\/div>\n\t\t\t\t<div data-elementor-type=\"loop-item\" data-elementor-id=\"5797\" class=\"elementor elementor-5797 elementor-3840 e-loop-item e-loop-item-5285 post-5285 post type-post status-publish format-standard has-post-thumbnail hentry\" data-elementor-post-type=\"elementor_library\" data-custom-edit-handle=\"1\">\n\t\t\t<div class=\"elementor-element elementor-element-50da0826 e-flex e-con-boxed e-con e-parent\" data-id=\"50da0826\" data-element_type=\"container\">\n\t\t\t\t\t<div class=\"e-con-inner\">\n\t\t<div class=\"elementor-element elementor-element-16d3c757 e-flex e-con-boxed e-con e-child\" data-id=\"16d3c757\" data-element_type=\"container\">\n\t\t\t\t\t<div class=\"e-con-inner\">\n\t\t\t\t<div class=\"elementor-element elementor-element-a9270ce elementor-widget elementor-widget-theme-post-featured-image elementor-widget-image\" data-id=\"a9270ce\" data-element_type=\"widget\" data-widget_type=\"theme-post-featured-image.default\">\n\t\t\t\t<div class=\"elementor-widget-container\">\n\t\t\t\t\t\t\t\t\t\t\t\t\t\t\t\t<a href=\"https:\/\/www.joseppons.net\/es\/josep-pons-rinde-homenaje-al-festival-de-granada-y-a-ataulfo-argenta\/\">\n\t\t\t\t\t\t\t<img loading=\"lazy\" decoding=\"async\" width=\"1024\" height=\"683\" src=\"https:\/\/www.joseppons.net\/wp-content\/uploads\/2025\/06\/Orquesta_Nacional_de_Espan__a_c_Fermin_Rodriguez_scaled-1024x683.jpg\" class=\"attachment-large size-large wp-image-3630\" alt=\"\" srcset=\"https:\/\/www.joseppons.net\/wp-content\/uploads\/2025\/06\/Orquesta_Nacional_de_Espan__a_c_Fermin_Rodriguez_scaled-1024x683.jpg 1024w, https:\/\/www.joseppons.net\/wp-content\/uploads\/2025\/06\/Orquesta_Nacional_de_Espan__a_c_Fermin_Rodriguez_scaled-300x200.jpg 300w, https:\/\/www.joseppons.net\/wp-content\/uploads\/2025\/06\/Orquesta_Nacional_de_Espan__a_c_Fermin_Rodriguez_scaled-768x512.jpg 768w, https:\/\/www.joseppons.net\/wp-content\/uploads\/2025\/06\/Orquesta_Nacional_de_Espan__a_c_Fermin_Rodriguez_scaled-1536x1024.jpg 1536w, https:\/\/www.joseppons.net\/wp-content\/uploads\/2025\/06\/Orquesta_Nacional_de_Espan__a_c_Fermin_Rodriguez_scaled-2048x1366.jpg 2048w, https:\/\/www.joseppons.net\/wp-content\/uploads\/2025\/06\/Orquesta_Nacional_de_Espan__a_c_Fermin_Rodriguez_scaled-930x620.jpg 930w\" sizes=\"(max-width: 1024px) 100vw, 1024px\" \/>\t\t\t\t\t\t\t\t<\/a>\n\t\t\t\t\t\t\t\t\t\t\t\t\t\t\t<\/div>\n\t\t\t\t<\/div>\n\t\t\t\t<div class=\"elementor-element elementor-element-68646aa5 elementor-widget elementor-widget-theme-post-title elementor-page-title elementor-widget-heading\" data-id=\"68646aa5\" data-element_type=\"widget\" data-widget_type=\"theme-post-title.default\">\n\t\t\t\t<div class=\"elementor-widget-container\">\n\t\t\t\t\t<h4 class=\"elementor-heading-title elementor-size-default\">Josep Pons rinde homenaje al Festival de Granada y a Ataulfo Argenta<\/h4>\t\t\t\t<\/div>\n\t\t\t\t<\/div>\n\t\t\t\t<div class=\"elementor-element elementor-element-31daf02b elementor-mobile-align-center elementor-widget elementor-widget-button\" data-id=\"31daf02b\" data-element_type=\"widget\" data-widget_type=\"button.default\">\n\t\t\t\t<div class=\"elementor-widget-container\">\n\t\t\t\t\t\t\t\t\t<div class=\"elementor-button-wrapper\">\n\t\t\t\t\t<a class=\"elementor-button elementor-button-link elementor-size-sm\" href=\"https:\/\/www.joseppons.net\/es\/josep-pons-rinde-homenaje-al-festival-de-granada-y-a-ataulfo-argenta\/\">\n\t\t\t\t\t\t<span class=\"elementor-button-content-wrapper\">\n\t\t\t\t\t\t\t\t\t<span class=\"elementor-button-text\">Leer m\u00e1s<\/span>\n\t\t\t\t\t<\/span>\n\t\t\t\t\t<\/a>\n\t\t\t\t<\/div>\n\t\t\t\t\t\t\t\t<\/div>\n\t\t\t\t<\/div>\n\t\t\t\t\t<\/div>\n\t\t\t\t<\/div>\n\t\t\t\t\t<\/div>\n\t\t\t\t<\/div>\n\t\t\t\t<\/div>\n\t\t\t\t<div data-elementor-type=\"loop-item\" data-elementor-id=\"5797\" class=\"elementor elementor-5797 elementor-3840 e-loop-item e-loop-item-5288 post-5288 post type-post status-publish format-standard has-post-thumbnail hentry\" data-elementor-post-type=\"elementor_library\" data-custom-edit-handle=\"1\">\n\t\t\t<div class=\"elementor-element elementor-element-50da0826 e-flex e-con-boxed e-con e-parent\" data-id=\"50da0826\" data-element_type=\"container\">\n\t\t\t\t\t<div class=\"e-con-inner\">\n\t\t<div class=\"elementor-element elementor-element-16d3c757 e-flex e-con-boxed e-con e-child\" data-id=\"16d3c757\" data-element_type=\"container\">\n\t\t\t\t\t<div class=\"e-con-inner\">\n\t\t\t\t<div class=\"elementor-element elementor-element-a9270ce elementor-widget elementor-widget-theme-post-featured-image elementor-widget-image\" data-id=\"a9270ce\" data-element_type=\"widget\" data-widget_type=\"theme-post-featured-image.default\">\n\t\t\t\t<div class=\"elementor-widget-container\">\n\t\t\t\t\t\t\t\t\t\t\t\t\t\t\t\t<a href=\"https:\/\/www.joseppons.net\/es\/josep-pons-ha-recibido-la-medalla-de-oro-al-merito-en-las-bellas-artes\/\">\n\t\t\t\t\t\t\t<img loading=\"lazy\" decoding=\"async\" width=\"667\" height=\"375\" src=\"https:\/\/www.joseppons.net\/wp-content\/uploads\/2025\/06\/Josep_a_Granada_2021.jpg\" class=\"attachment-large size-large wp-image-5171\" alt=\"\" srcset=\"https:\/\/www.joseppons.net\/wp-content\/uploads\/2025\/06\/Josep_a_Granada_2021.jpg 667w, https:\/\/www.joseppons.net\/wp-content\/uploads\/2025\/06\/Josep_a_Granada_2021-300x169.jpg 300w\" sizes=\"(max-width: 667px) 100vw, 667px\" \/>\t\t\t\t\t\t\t\t<\/a>\n\t\t\t\t\t\t\t\t\t\t\t\t\t\t\t<\/div>\n\t\t\t\t<\/div>\n\t\t\t\t<div class=\"elementor-element elementor-element-68646aa5 elementor-widget elementor-widget-theme-post-title elementor-page-title elementor-widget-heading\" data-id=\"68646aa5\" data-element_type=\"widget\" data-widget_type=\"theme-post-title.default\">\n\t\t\t\t<div class=\"elementor-widget-container\">\n\t\t\t\t\t<h4 class=\"elementor-heading-title elementor-size-default\">Josep Pons ha recibido la medalla de Oro al m\u00e9rito en las Bellas Artes<\/h4>\t\t\t\t<\/div>\n\t\t\t\t<\/div>\n\t\t\t\t<div class=\"elementor-element elementor-element-31daf02b elementor-mobile-align-center elementor-widget elementor-widget-button\" data-id=\"31daf02b\" data-element_type=\"widget\" data-widget_type=\"button.default\">\n\t\t\t\t<div class=\"elementor-widget-container\">\n\t\t\t\t\t\t\t\t\t<div class=\"elementor-button-wrapper\">\n\t\t\t\t\t<a class=\"elementor-button elementor-button-link elementor-size-sm\" href=\"https:\/\/www.joseppons.net\/es\/josep-pons-ha-recibido-la-medalla-de-oro-al-merito-en-las-bellas-artes\/\">\n\t\t\t\t\t\t<span class=\"elementor-button-content-wrapper\">\n\t\t\t\t\t\t\t\t\t<span class=\"elementor-button-text\">Leer m\u00e1s<\/span>\n\t\t\t\t\t<\/span>\n\t\t\t\t\t<\/a>\n\t\t\t\t<\/div>\n\t\t\t\t\t\t\t\t<\/div>\n\t\t\t\t<\/div>\n\t\t\t\t\t<\/div>\n\t\t\t\t<\/div>\n\t\t\t\t\t<\/div>\n\t\t\t\t<\/div>\n\t\t\t\t<\/div>\n\t\t\t\t<div data-elementor-type=\"loop-item\" data-elementor-id=\"5797\" class=\"elementor elementor-5797 elementor-3840 e-loop-item e-loop-item-5287 post-5287 post type-post status-publish format-standard has-post-thumbnail hentry\" data-elementor-post-type=\"elementor_library\" data-custom-edit-handle=\"1\">\n\t\t\t<div class=\"elementor-element elementor-element-50da0826 e-flex e-con-boxed e-con e-parent\" data-id=\"50da0826\" data-element_type=\"container\">\n\t\t\t\t\t<div class=\"e-con-inner\">\n\t\t<div class=\"elementor-element elementor-element-16d3c757 e-flex e-con-boxed e-con e-child\" data-id=\"16d3c757\" data-element_type=\"container\">\n\t\t\t\t\t<div class=\"e-con-inner\">\n\t\t\t\t<div class=\"elementor-element elementor-element-a9270ce elementor-widget elementor-widget-theme-post-featured-image elementor-widget-image\" data-id=\"a9270ce\" data-element_type=\"widget\" data-widget_type=\"theme-post-featured-image.default\">\n\t\t\t\t<div class=\"elementor-widget-container\">\n\t\t\t\t\t\t\t\t\t\t\t\t\t\t\t\t<a href=\"https:\/\/www.joseppons.net\/es\/pons-et-merveilles-a-monte-carlo\/\">\n\t\t\t\t\t\t\t<img loading=\"lazy\" decoding=\"async\" width=\"720\" height=\"480\" src=\"https:\/\/www.joseppons.net\/wp-content\/uploads\/2025\/06\/Monte_Carlo.jpg\" class=\"attachment-large size-large wp-image-3638\" alt=\"\" srcset=\"https:\/\/www.joseppons.net\/wp-content\/uploads\/2025\/06\/Monte_Carlo.jpg 720w, https:\/\/www.joseppons.net\/wp-content\/uploads\/2025\/06\/Monte_Carlo-300x200.jpg 300w\" sizes=\"(max-width: 720px) 100vw, 720px\" \/>\t\t\t\t\t\t\t\t<\/a>\n\t\t\t\t\t\t\t\t\t\t\t\t\t\t\t<\/div>\n\t\t\t\t<\/div>\n\t\t\t\t<div class=\"elementor-element elementor-element-68646aa5 elementor-widget elementor-widget-theme-post-title elementor-page-title elementor-widget-heading\" data-id=\"68646aa5\" data-element_type=\"widget\" data-widget_type=\"theme-post-title.default\">\n\t\t\t\t<div class=\"elementor-widget-container\">\n\t\t\t\t\t<h4 class=\"elementor-heading-title elementor-size-default\">\u00abPons et merveilles\u00bb a Monte-Carlo<\/h4>\t\t\t\t<\/div>\n\t\t\t\t<\/div>\n\t\t\t\t<div class=\"elementor-element elementor-element-31daf02b elementor-mobile-align-center elementor-widget elementor-widget-button\" data-id=\"31daf02b\" data-element_type=\"widget\" data-widget_type=\"button.default\">\n\t\t\t\t<div class=\"elementor-widget-container\">\n\t\t\t\t\t\t\t\t\t<div class=\"elementor-button-wrapper\">\n\t\t\t\t\t<a class=\"elementor-button elementor-button-link elementor-size-sm\" href=\"https:\/\/www.joseppons.net\/es\/pons-et-merveilles-a-monte-carlo\/\">\n\t\t\t\t\t\t<span class=\"elementor-button-content-wrapper\">\n\t\t\t\t\t\t\t\t\t<span class=\"elementor-button-text\">Leer m\u00e1s<\/span>\n\t\t\t\t\t<\/span>\n\t\t\t\t\t<\/a>\n\t\t\t\t<\/div>\n\t\t\t\t\t\t\t\t<\/div>\n\t\t\t\t<\/div>\n\t\t\t\t\t<\/div>\n\t\t\t\t<\/div>\n\t\t\t\t\t<\/div>\n\t\t\t\t<\/div>\n\t\t\t\t<\/div>\n\t\t\t\t<div data-elementor-type=\"loop-item\" data-elementor-id=\"5797\" class=\"elementor elementor-5797 elementor-3840 e-loop-item e-loop-item-5286 post-5286 post type-post status-publish format-standard has-post-thumbnail hentry\" data-elementor-post-type=\"elementor_library\" data-custom-edit-handle=\"1\">\n\t\t\t<div class=\"elementor-element elementor-element-50da0826 e-flex e-con-boxed e-con e-parent\" data-id=\"50da0826\" data-element_type=\"container\">\n\t\t\t\t\t<div class=\"e-con-inner\">\n\t\t<div class=\"elementor-element elementor-element-16d3c757 e-flex e-con-boxed e-con e-child\" data-id=\"16d3c757\" data-element_type=\"container\">\n\t\t\t\t\t<div class=\"e-con-inner\">\n\t\t\t\t<div class=\"elementor-element elementor-element-a9270ce elementor-widget elementor-widget-theme-post-featured-image elementor-widget-image\" data-id=\"a9270ce\" data-element_type=\"widget\" data-widget_type=\"theme-post-featured-image.default\">\n\t\t\t\t<div class=\"elementor-widget-container\">\n\t\t\t\t\t\t\t\t\t\t\t\t\t\t\t\t<a href=\"https:\/\/www.joseppons.net\/es\/josep-pons-reabre-los-conciertos-publicos-en-francia\/\">\n\t\t\t\t\t\t\t<img loading=\"lazy\" decoding=\"async\" width=\"768\" height=\"576\" src=\"https:\/\/www.joseppons.net\/wp-content\/uploads\/2025\/06\/josep_pons_768x576.jpg\" class=\"attachment-large size-large wp-image-3634\" alt=\"\" srcset=\"https:\/\/www.joseppons.net\/wp-content\/uploads\/2025\/06\/josep_pons_768x576.jpg 768w, https:\/\/www.joseppons.net\/wp-content\/uploads\/2025\/06\/josep_pons_768x576-300x225.jpg 300w\" sizes=\"(max-width: 768px) 100vw, 768px\" \/>\t\t\t\t\t\t\t\t<\/a>\n\t\t\t\t\t\t\t\t\t\t\t\t\t\t\t<\/div>\n\t\t\t\t<\/div>\n\t\t\t\t<div class=\"elementor-element elementor-element-68646aa5 elementor-widget elementor-widget-theme-post-title elementor-page-title elementor-widget-heading\" data-id=\"68646aa5\" data-element_type=\"widget\" data-widget_type=\"theme-post-title.default\">\n\t\t\t\t<div class=\"elementor-widget-container\">\n\t\t\t\t\t<h4 class=\"elementor-heading-title elementor-size-default\">Josep Pons reabre los conciertos p\u00fablicos en Francia<\/h4>\t\t\t\t<\/div>\n\t\t\t\t<\/div>\n\t\t\t\t<div class=\"elementor-element elementor-element-31daf02b elementor-mobile-align-center elementor-widget elementor-widget-button\" data-id=\"31daf02b\" data-element_type=\"widget\" data-widget_type=\"button.default\">\n\t\t\t\t<div class=\"elementor-widget-container\">\n\t\t\t\t\t\t\t\t\t<div class=\"elementor-button-wrapper\">\n\t\t\t\t\t<a class=\"elementor-button elementor-button-link elementor-size-sm\" href=\"https:\/\/www.joseppons.net\/es\/josep-pons-reabre-los-conciertos-publicos-en-francia\/\">\n\t\t\t\t\t\t<span class=\"elementor-button-content-wrapper\">\n\t\t\t\t\t\t\t\t\t<span class=\"elementor-button-text\">Leer m\u00e1s<\/span>\n\t\t\t\t\t<\/span>\n\t\t\t\t\t<\/a>\n\t\t\t\t<\/div>\n\t\t\t\t\t\t\t\t<\/div>\n\t\t\t\t<\/div>\n\t\t\t\t\t<\/div>\n\t\t\t\t<\/div>\n\t\t\t\t\t<\/div>\n\t\t\t\t<\/div>\n\t\t\t\t<\/div>\n\t\t\t\t<div data-elementor-type=\"loop-item\" data-elementor-id=\"5797\" class=\"elementor elementor-5797 elementor-3840 e-loop-item e-loop-item-5284 post-5284 post type-post status-publish format-standard has-post-thumbnail hentry\" data-elementor-post-type=\"elementor_library\" data-custom-edit-handle=\"1\">\n\t\t\t<div class=\"elementor-element elementor-element-50da0826 e-flex e-con-boxed e-con e-parent\" data-id=\"50da0826\" data-element_type=\"container\">\n\t\t\t\t\t<div class=\"e-con-inner\">\n\t\t<div class=\"elementor-element elementor-element-16d3c757 e-flex e-con-boxed e-con e-child\" data-id=\"16d3c757\" data-element_type=\"container\">\n\t\t\t\t\t<div class=\"e-con-inner\">\n\t\t\t\t<div class=\"elementor-element elementor-element-a9270ce elementor-widget elementor-widget-theme-post-featured-image elementor-widget-image\" data-id=\"a9270ce\" data-element_type=\"widget\" data-widget_type=\"theme-post-featured-image.default\">\n\t\t\t\t<div class=\"elementor-widget-container\">\n\t\t\t\t\t\t\t\t\t\t\t\t\t\t\t\t<a href=\"https:\/\/www.joseppons.net\/es\/presentacion-de-la-nueva-temporada-21-22-en-el-gran-teatro-del-liceo-en-barcelona\/\">\n\t\t\t\t\t\t\t<img loading=\"lazy\" decoding=\"async\" width=\"1024\" height=\"724\" src=\"https:\/\/www.joseppons.net\/wp-content\/uploads\/2025\/06\/Josep_presentaci__Temporada_21.22-1024x724.jpg\" class=\"attachment-large size-large wp-image-3623\" alt=\"\" srcset=\"https:\/\/www.joseppons.net\/wp-content\/uploads\/2025\/06\/Josep_presentaci__Temporada_21.22-1024x724.jpg 1024w, https:\/\/www.joseppons.net\/wp-content\/uploads\/2025\/06\/Josep_presentaci__Temporada_21.22-300x212.jpg 300w, https:\/\/www.joseppons.net\/wp-content\/uploads\/2025\/06\/Josep_presentaci__Temporada_21.22-768x543.jpg 768w, https:\/\/www.joseppons.net\/wp-content\/uploads\/2025\/06\/Josep_presentaci__Temporada_21.22-1536x1086.jpg 1536w, https:\/\/www.joseppons.net\/wp-content\/uploads\/2025\/06\/Josep_presentaci__Temporada_21.22-2048x1448.jpg 2048w\" sizes=\"(max-width: 1024px) 100vw, 1024px\" \/>\t\t\t\t\t\t\t\t<\/a>\n\t\t\t\t\t\t\t\t\t\t\t\t\t\t\t<\/div>\n\t\t\t\t<\/div>\n\t\t\t\t<div class=\"elementor-element elementor-element-68646aa5 elementor-widget elementor-widget-theme-post-title elementor-page-title elementor-widget-heading\" data-id=\"68646aa5\" data-element_type=\"widget\" data-widget_type=\"theme-post-title.default\">\n\t\t\t\t<div class=\"elementor-widget-container\">\n\t\t\t\t\t<h4 class=\"elementor-heading-title elementor-size-default\">Presentaci\u00f3n de la nueva temporada 21\/22 en el Gran Teatro del Liceo en Barcelona<\/h4>\t\t\t\t<\/div>\n\t\t\t\t<\/div>\n\t\t\t\t<div class=\"elementor-element elementor-element-31daf02b elementor-mobile-align-center elementor-widget elementor-widget-button\" data-id=\"31daf02b\" data-element_type=\"widget\" data-widget_type=\"button.default\">\n\t\t\t\t<div class=\"elementor-widget-container\">\n\t\t\t\t\t\t\t\t\t<div class=\"elementor-button-wrapper\">\n\t\t\t\t\t<a class=\"elementor-button elementor-button-link elementor-size-sm\" href=\"https:\/\/www.joseppons.net\/es\/presentacion-de-la-nueva-temporada-21-22-en-el-gran-teatro-del-liceo-en-barcelona\/\">\n\t\t\t\t\t\t<span class=\"elementor-button-content-wrapper\">\n\t\t\t\t\t\t\t\t\t<span class=\"elementor-button-text\">Leer m\u00e1s<\/span>\n\t\t\t\t\t<\/span>\n\t\t\t\t\t<\/a>\n\t\t\t\t<\/div>\n\t\t\t\t\t\t\t\t<\/div>\n\t\t\t\t<\/div>\n\t\t\t\t\t<\/div>\n\t\t\t\t<\/div>\n\t\t\t\t\t<\/div>\n\t\t\t\t<\/div>\n\t\t\t\t<\/div>\n\t\t\t\t<div data-elementor-type=\"loop-item\" data-elementor-id=\"5797\" class=\"elementor elementor-5797 elementor-3840 e-loop-item e-loop-item-5283 post-5283 post type-post status-publish format-standard has-post-thumbnail hentry\" data-elementor-post-type=\"elementor_library\" data-custom-edit-handle=\"1\">\n\t\t\t<div class=\"elementor-element elementor-element-50da0826 e-flex e-con-boxed e-con e-parent\" data-id=\"50da0826\" data-element_type=\"container\">\n\t\t\t\t\t<div class=\"e-con-inner\">\n\t\t<div class=\"elementor-element elementor-element-16d3c757 e-flex e-con-boxed e-con e-child\" data-id=\"16d3c757\" data-element_type=\"container\">\n\t\t\t\t\t<div class=\"e-con-inner\">\n\t\t\t\t<div class=\"elementor-element elementor-element-a9270ce elementor-widget elementor-widget-theme-post-featured-image elementor-widget-image\" data-id=\"a9270ce\" data-element_type=\"widget\" data-widget_type=\"theme-post-featured-image.default\">\n\t\t\t\t<div class=\"elementor-widget-container\">\n\t\t\t\t\t\t\t\t\t\t\t\t\t\t\t\t<a href=\"https:\/\/www.joseppons.net\/es\/josep-pons-investido-doctor-honoris-causa-por-la-universidad-autonoma-de-barcelona\/\">\n\t\t\t\t\t\t\t<img loading=\"lazy\" decoding=\"async\" width=\"1024\" height=\"573\" src=\"https:\/\/www.joseppons.net\/wp-content\/uploads\/2021\/04\/pons-U38466414610rsW-1248x698@abc-1024x573.webp\" class=\"attachment-large size-large wp-image-6403\" alt=\"\" srcset=\"https:\/\/www.joseppons.net\/wp-content\/uploads\/2021\/04\/pons-U38466414610rsW-1248x698@abc-1024x573.webp 1024w, https:\/\/www.joseppons.net\/wp-content\/uploads\/2021\/04\/pons-U38466414610rsW-1248x698@abc-300x168.webp 300w, https:\/\/www.joseppons.net\/wp-content\/uploads\/2021\/04\/pons-U38466414610rsW-1248x698@abc-768x430.webp 768w, https:\/\/www.joseppons.net\/wp-content\/uploads\/2021\/04\/pons-U38466414610rsW-1248x698@abc.webp 1248w\" sizes=\"(max-width: 1024px) 100vw, 1024px\" \/>\t\t\t\t\t\t\t\t<\/a>\n\t\t\t\t\t\t\t\t\t\t\t\t\t\t\t<\/div>\n\t\t\t\t<\/div>\n\t\t\t\t<div class=\"elementor-element elementor-element-68646aa5 elementor-widget elementor-widget-theme-post-title elementor-page-title elementor-widget-heading\" data-id=\"68646aa5\" data-element_type=\"widget\" data-widget_type=\"theme-post-title.default\">\n\t\t\t\t<div class=\"elementor-widget-container\">\n\t\t\t\t\t<h4 class=\"elementor-heading-title elementor-size-default\">Josep Pons investido Doctor Honoris Causa por la Universidad Aut\u00f3noma de Barcelona<\/h4>\t\t\t\t<\/div>\n\t\t\t\t<\/div>\n\t\t\t\t<div class=\"elementor-element elementor-element-31daf02b elementor-mobile-align-center elementor-widget elementor-widget-button\" data-id=\"31daf02b\" data-element_type=\"widget\" data-widget_type=\"button.default\">\n\t\t\t\t<div class=\"elementor-widget-container\">\n\t\t\t\t\t\t\t\t\t<div class=\"elementor-button-wrapper\">\n\t\t\t\t\t<a class=\"elementor-button elementor-button-link elementor-size-sm\" href=\"https:\/\/www.joseppons.net\/es\/josep-pons-investido-doctor-honoris-causa-por-la-universidad-autonoma-de-barcelona\/\">\n\t\t\t\t\t\t<span class=\"elementor-button-content-wrapper\">\n\t\t\t\t\t\t\t\t\t<span class=\"elementor-button-text\">Leer m\u00e1s<\/span>\n\t\t\t\t\t<\/span>\n\t\t\t\t\t<\/a>\n\t\t\t\t<\/div>\n\t\t\t\t\t\t\t\t<\/div>\n\t\t\t\t<\/div>\n\t\t\t\t\t<\/div>\n\t\t\t\t<\/div>\n\t\t\t\t\t<\/div>\n\t\t\t\t<\/div>\n\t\t\t\t<\/div>\n\t\t\t\t<div data-elementor-type=\"loop-item\" data-elementor-id=\"5797\" class=\"elementor elementor-5797 elementor-3840 e-loop-item e-loop-item-5282 post-5282 post type-post status-publish format-standard has-post-thumbnail hentry\" data-elementor-post-type=\"elementor_library\" data-custom-edit-handle=\"1\">\n\t\t\t<div class=\"elementor-element elementor-element-50da0826 e-flex e-con-boxed e-con e-parent\" data-id=\"50da0826\" data-element_type=\"container\">\n\t\t\t\t\t<div class=\"e-con-inner\">\n\t\t<div class=\"elementor-element elementor-element-16d3c757 e-flex e-con-boxed e-con e-child\" data-id=\"16d3c757\" data-element_type=\"container\">\n\t\t\t\t\t<div class=\"e-con-inner\">\n\t\t\t\t<div class=\"elementor-element elementor-element-a9270ce elementor-widget elementor-widget-theme-post-featured-image elementor-widget-image\" data-id=\"a9270ce\" data-element_type=\"widget\" data-widget_type=\"theme-post-featured-image.default\">\n\t\t\t\t<div class=\"elementor-widget-container\">\n\t\t\t\t\t\t\t\t\t\t\t\t\t\t\t\t<a href=\"https:\/\/www.joseppons.net\/es\/josep-pons-hace-renacer-el-liceu-con-mahler\/\">\n\t\t\t\t\t\t\t<img loading=\"lazy\" decoding=\"async\" width=\"1024\" height=\"683\" src=\"https:\/\/www.joseppons.net\/wp-content\/uploads\/2025\/06\/Assaig_Mahler_01-1024x683.jpg\" class=\"attachment-large size-large wp-image-3609\" alt=\"\" srcset=\"https:\/\/www.joseppons.net\/wp-content\/uploads\/2025\/06\/Assaig_Mahler_01-1024x683.jpg 1024w, https:\/\/www.joseppons.net\/wp-content\/uploads\/2025\/06\/Assaig_Mahler_01-300x200.jpg 300w, https:\/\/www.joseppons.net\/wp-content\/uploads\/2025\/06\/Assaig_Mahler_01-768x512.jpg 768w, https:\/\/www.joseppons.net\/wp-content\/uploads\/2025\/06\/Assaig_Mahler_01-1536x1024.jpg 1536w, https:\/\/www.joseppons.net\/wp-content\/uploads\/2025\/06\/Assaig_Mahler_01-930x620.jpg 930w, https:\/\/www.joseppons.net\/wp-content\/uploads\/2025\/06\/Assaig_Mahler_01.jpg 1650w\" sizes=\"(max-width: 1024px) 100vw, 1024px\" \/>\t\t\t\t\t\t\t\t<\/a>\n\t\t\t\t\t\t\t\t\t\t\t\t\t\t\t<\/div>\n\t\t\t\t<\/div>\n\t\t\t\t<div class=\"elementor-element elementor-element-68646aa5 elementor-widget elementor-widget-theme-post-title elementor-page-title elementor-widget-heading\" data-id=\"68646aa5\" data-element_type=\"widget\" data-widget_type=\"theme-post-title.default\">\n\t\t\t\t<div class=\"elementor-widget-container\">\n\t\t\t\t\t<h4 class=\"elementor-heading-title elementor-size-default\">Josep Pons hace renacer el Liceu con Mahler<\/h4>\t\t\t\t<\/div>\n\t\t\t\t<\/div>\n\t\t\t\t<div class=\"elementor-element elementor-element-597eafa2 elementor-widget elementor-widget-theme-post-excerpt\" data-id=\"597eafa2\" data-element_type=\"widget\" data-widget_type=\"theme-post-excerpt.default\">\n\t\t\t\t<div class=\"elementor-widget-container\">\n\t\t\t\t\tEl pasado domingo 1 de marzo, y en medio de los ensayos de \u00b4Lohengrin\u00b4, el maestro Josep Pons dirigi\u00f3 un programa \u00b4ad hoc\u00b4 para la situaci\u00f3n del Liceu: la \u00b4Segunda Sinfon\u00eda\u00b4 de Mahler, \"Resurrecci\u00f3n\", como met\u00e1fora del renacer del gran Teatro del Liceo en el 20 aniversario de la reapertura\t\t\t\t<\/div>\n\t\t\t\t<\/div>\n\t\t\t\t<div class=\"elementor-element elementor-element-31daf02b elementor-mobile-align-center elementor-widget elementor-widget-button\" data-id=\"31daf02b\" data-element_type=\"widget\" data-widget_type=\"button.default\">\n\t\t\t\t<div class=\"elementor-widget-container\">\n\t\t\t\t\t\t\t\t\t<div class=\"elementor-button-wrapper\">\n\t\t\t\t\t<a class=\"elementor-button elementor-button-link elementor-size-sm\" href=\"https:\/\/www.joseppons.net\/es\/josep-pons-hace-renacer-el-liceu-con-mahler\/\">\n\t\t\t\t\t\t<span class=\"elementor-button-content-wrapper\">\n\t\t\t\t\t\t\t\t\t<span class=\"elementor-button-text\">Leer m\u00e1s<\/span>\n\t\t\t\t\t<\/span>\n\t\t\t\t\t<\/a>\n\t\t\t\t<\/div>\n\t\t\t\t\t\t\t\t<\/div>\n\t\t\t\t<\/div>\n\t\t\t\t\t<\/div>\n\t\t\t\t<\/div>\n\t\t\t\t\t<\/div>\n\t\t\t\t<\/div>\n\t\t\t\t<\/div>\n\t\t\t\t<div data-elementor-type=\"loop-item\" data-elementor-id=\"5797\" class=\"elementor elementor-5797 elementor-3840 e-loop-item e-loop-item-5281 post-5281 post type-post status-publish format-standard has-post-thumbnail hentry\" data-elementor-post-type=\"elementor_library\" data-custom-edit-handle=\"1\">\n\t\t\t<div class=\"elementor-element elementor-element-50da0826 e-flex e-con-boxed e-con e-parent\" data-id=\"50da0826\" data-element_type=\"container\">\n\t\t\t\t\t<div class=\"e-con-inner\">\n\t\t<div class=\"elementor-element elementor-element-16d3c757 e-flex e-con-boxed e-con e-child\" data-id=\"16d3c757\" data-element_type=\"container\">\n\t\t\t\t\t<div class=\"e-con-inner\">\n\t\t\t\t<div class=\"elementor-element elementor-element-a9270ce elementor-widget elementor-widget-theme-post-featured-image elementor-widget-image\" data-id=\"a9270ce\" data-element_type=\"widget\" data-widget_type=\"theme-post-featured-image.default\">\n\t\t\t\t<div class=\"elementor-widget-container\">\n\t\t\t\t\t\t\t\t\t\t\t\t\t\t\t\t<a href=\"https:\/\/www.joseppons.net\/es\/josep-pons-medalla-de-oro-al-merito-en-las-bellas-artes\/\">\n\t\t\t\t\t\t\t<img loading=\"lazy\" decoding=\"async\" width=\"1024\" height=\"686\" src=\"https:\/\/www.joseppons.net\/wp-content\/uploads\/2025\/06\/Josep_Pons_escenari_Liceu_Bofill-1024x686.jpg\" class=\"attachment-large size-large wp-image-5144\" alt=\"\" srcset=\"https:\/\/www.joseppons.net\/wp-content\/uploads\/2025\/06\/Josep_Pons_escenari_Liceu_Bofill-1024x686.jpg 1024w, https:\/\/www.joseppons.net\/wp-content\/uploads\/2025\/06\/Josep_Pons_escenari_Liceu_Bofill-300x201.jpg 300w, https:\/\/www.joseppons.net\/wp-content\/uploads\/2025\/06\/Josep_Pons_escenari_Liceu_Bofill-768x515.jpg 768w, https:\/\/www.joseppons.net\/wp-content\/uploads\/2025\/06\/Josep_Pons_escenari_Liceu_Bofill-1536x1030.jpg 1536w, https:\/\/www.joseppons.net\/wp-content\/uploads\/2025\/06\/Josep_Pons_escenari_Liceu_Bofill.jpg 1853w\" sizes=\"(max-width: 1024px) 100vw, 1024px\" \/>\t\t\t\t\t\t\t\t<\/a>\n\t\t\t\t\t\t\t\t\t\t\t\t\t\t\t<\/div>\n\t\t\t\t<\/div>\n\t\t\t\t<div class=\"elementor-element elementor-element-68646aa5 elementor-widget elementor-widget-theme-post-title elementor-page-title elementor-widget-heading\" data-id=\"68646aa5\" data-element_type=\"widget\" data-widget_type=\"theme-post-title.default\">\n\t\t\t\t<div class=\"elementor-widget-container\">\n\t\t\t\t\t<h4 class=\"elementor-heading-title elementor-size-default\">Josep Pons, Medalla de Oro al M\u00e9rito en las Bellas Artes<\/h4>\t\t\t\t<\/div>\n\t\t\t\t<\/div>\n\t\t\t\t<div class=\"elementor-element elementor-element-597eafa2 elementor-widget elementor-widget-theme-post-excerpt\" data-id=\"597eafa2\" data-element_type=\"widget\" data-widget_type=\"theme-post-excerpt.default\">\n\t\t\t\t<div class=\"elementor-widget-container\">\n\t\t\t\t\tEl viernes 20 de diciembre, Jos\u00e9 Guirao, ministro de Cultura y Deporte en funciones, aprob\u00f3 la propuesta del Consejo de Ministros para la concesi\u00f3n de las Medallas de Oro al M\u00e9rito en las Bellas Artes. Entre los 24 premiados se encuentra el maestro Josep Pons, que recibe el galard\u00f3n dos d\u00e9cadas m\u00e1s tarde del Premio Nacional de M\u00fasica.\t\t\t\t<\/div>\n\t\t\t\t<\/div>\n\t\t\t\t<div class=\"elementor-element elementor-element-31daf02b elementor-mobile-align-center elementor-widget elementor-widget-button\" data-id=\"31daf02b\" data-element_type=\"widget\" data-widget_type=\"button.default\">\n\t\t\t\t<div class=\"elementor-widget-container\">\n\t\t\t\t\t\t\t\t\t<div class=\"elementor-button-wrapper\">\n\t\t\t\t\t<a class=\"elementor-button elementor-button-link elementor-size-sm\" href=\"https:\/\/www.joseppons.net\/es\/josep-pons-medalla-de-oro-al-merito-en-las-bellas-artes\/\">\n\t\t\t\t\t\t<span class=\"elementor-button-content-wrapper\">\n\t\t\t\t\t\t\t\t\t<span class=\"elementor-button-text\">Leer m\u00e1s<\/span>\n\t\t\t\t\t<\/span>\n\t\t\t\t\t<\/a>\n\t\t\t\t<\/div>\n\t\t\t\t\t\t\t\t<\/div>\n\t\t\t\t<\/div>\n\t\t\t\t\t<\/div>\n\t\t\t\t<\/div>\n\t\t\t\t\t<\/div>\n\t\t\t\t<\/div>\n\t\t\t\t<\/div>\n\t\t\t\t<div data-elementor-type=\"loop-item\" data-elementor-id=\"5797\" class=\"elementor elementor-5797 elementor-3840 e-loop-item e-loop-item-5280 post-5280 post type-post status-publish format-standard has-post-thumbnail hentry\" data-elementor-post-type=\"elementor_library\" data-custom-edit-handle=\"1\">\n\t\t\t<div class=\"elementor-element elementor-element-50da0826 e-flex e-con-boxed e-con e-parent\" data-id=\"50da0826\" data-element_type=\"container\">\n\t\t\t\t\t<div class=\"e-con-inner\">\n\t\t<div class=\"elementor-element elementor-element-16d3c757 e-flex e-con-boxed e-con e-child\" data-id=\"16d3c757\" data-element_type=\"container\">\n\t\t\t\t\t<div class=\"e-con-inner\">\n\t\t\t\t<div class=\"elementor-element elementor-element-a9270ce elementor-widget elementor-widget-theme-post-featured-image elementor-widget-image\" data-id=\"a9270ce\" data-element_type=\"widget\" data-widget_type=\"theme-post-featured-image.default\">\n\t\t\t\t<div class=\"elementor-widget-container\">\n\t\t\t\t\t\t\t\t\t\t\t\t\t\t\t\t<a href=\"https:\/\/www.joseppons.net\/es\/el-maestro-josep-pons-saca-el-disco-de-ravel-jeux-de-miroirs-con-javier-perianes-y-lochestre-de-paris\/\">\n\t\t\t\t\t\t\t<img loading=\"lazy\" decoding=\"async\" width=\"1024\" height=\"683\" src=\"https:\/\/www.joseppons.net\/wp-content\/uploads\/2025\/06\/Pons_Perianes_Liceu-1024x683.jpg\" class=\"attachment-large size-large wp-image-3601\" alt=\"\" srcset=\"https:\/\/www.joseppons.net\/wp-content\/uploads\/2025\/06\/Pons_Perianes_Liceu-1024x683.jpg 1024w, https:\/\/www.joseppons.net\/wp-content\/uploads\/2025\/06\/Pons_Perianes_Liceu-300x200.jpg 300w, https:\/\/www.joseppons.net\/wp-content\/uploads\/2025\/06\/Pons_Perianes_Liceu-768x512.jpg 768w, https:\/\/www.joseppons.net\/wp-content\/uploads\/2025\/06\/Pons_Perianes_Liceu-1536x1024.jpg 1536w, https:\/\/www.joseppons.net\/wp-content\/uploads\/2025\/06\/Pons_Perianes_Liceu-930x620.jpg 930w, https:\/\/www.joseppons.net\/wp-content\/uploads\/2025\/06\/Pons_Perianes_Liceu.jpg 1650w\" sizes=\"(max-width: 1024px) 100vw, 1024px\" \/>\t\t\t\t\t\t\t\t<\/a>\n\t\t\t\t\t\t\t\t\t\t\t\t\t\t\t<\/div>\n\t\t\t\t<\/div>\n\t\t\t\t<div class=\"elementor-element elementor-element-68646aa5 elementor-widget elementor-widget-theme-post-title elementor-page-title elementor-widget-heading\" data-id=\"68646aa5\" data-element_type=\"widget\" data-widget_type=\"theme-post-title.default\">\n\t\t\t\t<div class=\"elementor-widget-container\">\n\t\t\t\t\t<h4 class=\"elementor-heading-title elementor-size-default\">El maestro Josep Pons saca el disco de Ravel \u2018Jeux de miroirs\u2019 con Javier Perianes y l\u2019Ochestre de Paris<\/h4>\t\t\t\t<\/div>\n\t\t\t\t<\/div>\n\t\t\t\t<div class=\"elementor-element elementor-element-597eafa2 elementor-widget elementor-widget-theme-post-excerpt\" data-id=\"597eafa2\" data-element_type=\"widget\" data-widget_type=\"theme-post-excerpt.default\">\n\t\t\t\t<div class=\"elementor-widget-container\">\n\t\t\t\t\tPons ha grabado este disco con Harmonia Mundi, con quien ha desarrollado una cuarentena de proyectos discogr\u00e1ficos de los m\u00e1s de 50 que ha publicado, con un amplio reconocimiento de p\u00fablico y cr\u00edtica\t\t\t\t<\/div>\n\t\t\t\t<\/div>\n\t\t\t\t<div class=\"elementor-element elementor-element-31daf02b elementor-mobile-align-center elementor-widget elementor-widget-button\" data-id=\"31daf02b\" data-element_type=\"widget\" data-widget_type=\"button.default\">\n\t\t\t\t<div class=\"elementor-widget-container\">\n\t\t\t\t\t\t\t\t\t<div class=\"elementor-button-wrapper\">\n\t\t\t\t\t<a class=\"elementor-button elementor-button-link elementor-size-sm\" href=\"https:\/\/www.joseppons.net\/es\/el-maestro-josep-pons-saca-el-disco-de-ravel-jeux-de-miroirs-con-javier-perianes-y-lochestre-de-paris\/\">\n\t\t\t\t\t\t<span class=\"elementor-button-content-wrapper\">\n\t\t\t\t\t\t\t\t\t<span class=\"elementor-button-text\">Leer m\u00e1s<\/span>\n\t\t\t\t\t<\/span>\n\t\t\t\t\t<\/a>\n\t\t\t\t<\/div>\n\t\t\t\t\t\t\t\t<\/div>\n\t\t\t\t<\/div>\n\t\t\t\t\t<\/div>\n\t\t\t\t<\/div>\n\t\t\t\t\t<\/div>\n\t\t\t\t<\/div>\n\t\t\t\t<\/div>\n\t\t\t\t<div data-elementor-type=\"loop-item\" data-elementor-id=\"5797\" class=\"elementor elementor-5797 elementor-3840 e-loop-item e-loop-item-5279 post-5279 post type-post status-publish format-standard has-post-thumbnail hentry\" data-elementor-post-type=\"elementor_library\" data-custom-edit-handle=\"1\">\n\t\t\t<div class=\"elementor-element elementor-element-50da0826 e-flex e-con-boxed e-con e-parent\" data-id=\"50da0826\" data-element_type=\"container\">\n\t\t\t\t\t<div class=\"e-con-inner\">\n\t\t<div class=\"elementor-element elementor-element-16d3c757 e-flex e-con-boxed e-con e-child\" data-id=\"16d3c757\" data-element_type=\"container\">\n\t\t\t\t\t<div class=\"e-con-inner\">\n\t\t\t\t<div class=\"elementor-element elementor-element-a9270ce elementor-widget elementor-widget-theme-post-featured-image elementor-widget-image\" data-id=\"a9270ce\" data-element_type=\"widget\" data-widget_type=\"theme-post-featured-image.default\">\n\t\t\t\t<div class=\"elementor-widget-container\">\n\t\t\t\t\t\t\t\t\t\t\t\t\t\t\t\t<a href=\"https:\/\/www.joseppons.net\/es\/las-orquestas-mas-consolidadas-de-espana-crecen-con-josep-pons\/\">\n\t\t\t\t\t\t\t<img loading=\"lazy\" decoding=\"async\" width=\"850\" height=\"479\" src=\"https:\/\/www.joseppons.net\/wp-content\/uploads\/2025\/06\/Josep_Pons_efe_1.jpg\" class=\"attachment-large size-large wp-image-5138\" alt=\"\" srcset=\"https:\/\/www.joseppons.net\/wp-content\/uploads\/2025\/06\/Josep_Pons_efe_1.jpg 850w, https:\/\/www.joseppons.net\/wp-content\/uploads\/2025\/06\/Josep_Pons_efe_1-300x169.jpg 300w, https:\/\/www.joseppons.net\/wp-content\/uploads\/2025\/06\/Josep_Pons_efe_1-768x433.jpg 768w\" sizes=\"(max-width: 850px) 100vw, 850px\" \/>\t\t\t\t\t\t\t\t<\/a>\n\t\t\t\t\t\t\t\t\t\t\t\t\t\t\t<\/div>\n\t\t\t\t<\/div>\n\t\t\t\t<div class=\"elementor-element elementor-element-68646aa5 elementor-widget elementor-widget-theme-post-title elementor-page-title elementor-widget-heading\" data-id=\"68646aa5\" data-element_type=\"widget\" data-widget_type=\"theme-post-title.default\">\n\t\t\t\t<div class=\"elementor-widget-container\">\n\t\t\t\t\t<h4 class=\"elementor-heading-title elementor-size-default\">Las orquestas m\u00e1s consolidadas de Espa\u00f1a crecen con Josep Pons<\/h4>\t\t\t\t<\/div>\n\t\t\t\t<\/div>\n\t\t\t\t<div class=\"elementor-element elementor-element-597eafa2 elementor-widget elementor-widget-theme-post-excerpt\" data-id=\"597eafa2\" data-element_type=\"widget\" data-widget_type=\"theme-post-excerpt.default\">\n\t\t\t\t<div class=\"elementor-widget-container\">\n\t\t\t\t\tEl maestro contun\u00faa recibiendo elogios fruto de su inspriador trabajo con orquestas como la ONE o la OBC\t\t\t\t<\/div>\n\t\t\t\t<\/div>\n\t\t\t\t<div class=\"elementor-element elementor-element-31daf02b elementor-mobile-align-center elementor-widget elementor-widget-button\" data-id=\"31daf02b\" data-element_type=\"widget\" data-widget_type=\"button.default\">\n\t\t\t\t<div class=\"elementor-widget-container\">\n\t\t\t\t\t\t\t\t\t<div class=\"elementor-button-wrapper\">\n\t\t\t\t\t<a class=\"elementor-button elementor-button-link elementor-size-sm\" href=\"https:\/\/www.joseppons.net\/es\/las-orquestas-mas-consolidadas-de-espana-crecen-con-josep-pons\/\">\n\t\t\t\t\t\t<span class=\"elementor-button-content-wrapper\">\n\t\t\t\t\t\t\t\t\t<span class=\"elementor-button-text\">Leer m\u00e1s<\/span>\n\t\t\t\t\t<\/span>\n\t\t\t\t\t<\/a>\n\t\t\t\t<\/div>\n\t\t\t\t\t\t\t\t<\/div>\n\t\t\t\t<\/div>\n\t\t\t\t\t<\/div>\n\t\t\t\t<\/div>\n\t\t\t\t\t<\/div>\n\t\t\t\t<\/div>\n\t\t\t\t<\/div>\n\t\t\t\t<div data-elementor-type=\"loop-item\" data-elementor-id=\"5797\" class=\"elementor elementor-5797 elementor-3840 e-loop-item e-loop-item-5278 post-5278 post type-post status-publish format-standard has-post-thumbnail hentry\" data-elementor-post-type=\"elementor_library\" data-custom-edit-handle=\"1\">\n\t\t\t<div class=\"elementor-element elementor-element-50da0826 e-flex e-con-boxed e-con e-parent\" data-id=\"50da0826\" data-element_type=\"container\">\n\t\t\t\t\t<div class=\"e-con-inner\">\n\t\t<div class=\"elementor-element elementor-element-16d3c757 e-flex e-con-boxed e-con e-child\" data-id=\"16d3c757\" data-element_type=\"container\">\n\t\t\t\t\t<div class=\"e-con-inner\">\n\t\t\t\t<div class=\"elementor-element elementor-element-a9270ce elementor-widget elementor-widget-theme-post-featured-image elementor-widget-image\" data-id=\"a9270ce\" data-element_type=\"widget\" data-widget_type=\"theme-post-featured-image.default\">\n\t\t\t\t<div class=\"elementor-widget-container\">\n\t\t\t\t\t\t\t\t\t\t\t\t\t\t\t\t<a href=\"https:\/\/www.joseppons.net\/es\/josep-pons-doctor-honoris-causa-por-la-uab\/\">\n\t\t\t\t\t\t\t<img loading=\"lazy\" decoding=\"async\" width=\"325\" height=\"183\" src=\"https:\/\/www.joseppons.net\/wp-content\/uploads\/2025\/06\/igor_josep_pons22650_credit_igor_cortadellas.jpg\" class=\"attachment-large size-large wp-image-5135\" alt=\"\" srcset=\"https:\/\/www.joseppons.net\/wp-content\/uploads\/2025\/06\/igor_josep_pons22650_credit_igor_cortadellas.jpg 325w, https:\/\/www.joseppons.net\/wp-content\/uploads\/2025\/06\/igor_josep_pons22650_credit_igor_cortadellas-300x169.jpg 300w\" sizes=\"(max-width: 325px) 100vw, 325px\" \/>\t\t\t\t\t\t\t\t<\/a>\n\t\t\t\t\t\t\t\t\t\t\t\t\t\t\t<\/div>\n\t\t\t\t<\/div>\n\t\t\t\t<div class=\"elementor-element elementor-element-68646aa5 elementor-widget elementor-widget-theme-post-title elementor-page-title elementor-widget-heading\" data-id=\"68646aa5\" data-element_type=\"widget\" data-widget_type=\"theme-post-title.default\">\n\t\t\t\t<div class=\"elementor-widget-container\">\n\t\t\t\t\t<h4 class=\"elementor-heading-title elementor-size-default\">Josep Pons, doctor \u00b4honoris causa\u00b4 por la UAB<\/h4>\t\t\t\t<\/div>\n\t\t\t\t<\/div>\n\t\t\t\t<div class=\"elementor-element elementor-element-597eafa2 elementor-widget elementor-widget-theme-post-excerpt\" data-id=\"597eafa2\" data-element_type=\"widget\" data-widget_type=\"theme-post-excerpt.default\">\n\t\t\t\t<div class=\"elementor-widget-container\">\n\t\t\t\t\tLas \u00faltimas y exitosas actuaciones en el Liceu y la trayectoria internacional del maestro Josep Pons comienzan a tener un impacto en Catalu\u00f1a, como en el caso del reciente nombramiento por parte de la UAB del director de la orquesta del Gran Teatre del Liceu como doctor \u00b4honoris causa\u00b4 a la petici\u00f3n de la Facultad de Filosof\u00eda y Letras.\t\t\t\t<\/div>\n\t\t\t\t<\/div>\n\t\t\t\t<div class=\"elementor-element elementor-element-31daf02b elementor-mobile-align-center elementor-widget elementor-widget-button\" data-id=\"31daf02b\" data-element_type=\"widget\" data-widget_type=\"button.default\">\n\t\t\t\t<div class=\"elementor-widget-container\">\n\t\t\t\t\t\t\t\t\t<div class=\"elementor-button-wrapper\">\n\t\t\t\t\t<a class=\"elementor-button elementor-button-link elementor-size-sm\" href=\"https:\/\/www.joseppons.net\/es\/josep-pons-doctor-honoris-causa-por-la-uab\/\">\n\t\t\t\t\t\t<span class=\"elementor-button-content-wrapper\">\n\t\t\t\t\t\t\t\t\t<span class=\"elementor-button-text\">Leer m\u00e1s<\/span>\n\t\t\t\t\t<\/span>\n\t\t\t\t\t<\/a>\n\t\t\t\t<\/div>\n\t\t\t\t\t\t\t\t<\/div>\n\t\t\t\t<\/div>\n\t\t\t\t\t<\/div>\n\t\t\t\t<\/div>\n\t\t\t\t\t<\/div>\n\t\t\t\t<\/div>\n\t\t\t\t<\/div>\n\t\t\t\t<div data-elementor-type=\"loop-item\" data-elementor-id=\"5797\" class=\"elementor elementor-5797 elementor-3840 e-loop-item e-loop-item-5277 post-5277 post type-post status-publish format-standard has-post-thumbnail hentry\" data-elementor-post-type=\"elementor_library\" data-custom-edit-handle=\"1\">\n\t\t\t<div class=\"elementor-element elementor-element-50da0826 e-flex e-con-boxed e-con e-parent\" data-id=\"50da0826\" data-element_type=\"container\">\n\t\t\t\t\t<div class=\"e-con-inner\">\n\t\t<div class=\"elementor-element elementor-element-16d3c757 e-flex e-con-boxed e-con e-child\" data-id=\"16d3c757\" data-element_type=\"container\">\n\t\t\t\t\t<div class=\"e-con-inner\">\n\t\t\t\t<div class=\"elementor-element elementor-element-a9270ce elementor-widget elementor-widget-theme-post-featured-image elementor-widget-image\" data-id=\"a9270ce\" data-element_type=\"widget\" data-widget_type=\"theme-post-featured-image.default\">\n\t\t\t\t<div class=\"elementor-widget-container\">\n\t\t\t\t\t\t\t\t\t\t\t\t\t\t\t\t<a href=\"https:\/\/www.joseppons.net\/es\/josep-pons-da-un-paso-mas-en-la-consolidacion-de-la-orquesta-del-gtl-con-turandot\/\">\n\t\t\t\t\t\t\t<img loading=\"lazy\" decoding=\"async\" width=\"1024\" height=\"683\" src=\"https:\/\/www.joseppons.net\/wp-content\/uploads\/2025\/06\/turandot_ap_web_03ca_bofill-1024x683.jpg\" class=\"attachment-large size-large wp-image-5132\" alt=\"\" srcset=\"https:\/\/www.joseppons.net\/wp-content\/uploads\/2025\/06\/turandot_ap_web_03ca_bofill-1024x683.jpg 1024w, https:\/\/www.joseppons.net\/wp-content\/uploads\/2025\/06\/turandot_ap_web_03ca_bofill-300x200.jpg 300w, https:\/\/www.joseppons.net\/wp-content\/uploads\/2025\/06\/turandot_ap_web_03ca_bofill-768x512.jpg 768w, https:\/\/www.joseppons.net\/wp-content\/uploads\/2025\/06\/turandot_ap_web_03ca_bofill-930x620.jpg 930w, https:\/\/www.joseppons.net\/wp-content\/uploads\/2025\/06\/turandot_ap_web_03ca_bofill.jpg 1200w\" sizes=\"(max-width: 1024px) 100vw, 1024px\" \/>\t\t\t\t\t\t\t\t<\/a>\n\t\t\t\t\t\t\t\t\t\t\t\t\t\t\t<\/div>\n\t\t\t\t<\/div>\n\t\t\t\t<div class=\"elementor-element elementor-element-68646aa5 elementor-widget elementor-widget-theme-post-title elementor-page-title elementor-widget-heading\" data-id=\"68646aa5\" data-element_type=\"widget\" data-widget_type=\"theme-post-title.default\">\n\t\t\t\t<div class=\"elementor-widget-container\">\n\t\t\t\t\t<h4 class=\"elementor-heading-title elementor-size-default\">Josep Pons da un paso m\u00e1s en la consolidaci\u00f3n de la orquesta del GTL con \u00b4Turandot\u00b4<\/h4>\t\t\t\t<\/div>\n\t\t\t\t<\/div>\n\t\t\t\t<div class=\"elementor-element elementor-element-31daf02b elementor-mobile-align-center elementor-widget elementor-widget-button\" data-id=\"31daf02b\" data-element_type=\"widget\" data-widget_type=\"button.default\">\n\t\t\t\t<div class=\"elementor-widget-container\">\n\t\t\t\t\t\t\t\t\t<div class=\"elementor-button-wrapper\">\n\t\t\t\t\t<a class=\"elementor-button elementor-button-link elementor-size-sm\" href=\"https:\/\/www.joseppons.net\/es\/josep-pons-da-un-paso-mas-en-la-consolidacion-de-la-orquesta-del-gtl-con-turandot\/\">\n\t\t\t\t\t\t<span class=\"elementor-button-content-wrapper\">\n\t\t\t\t\t\t\t\t\t<span class=\"elementor-button-text\">Leer m\u00e1s<\/span>\n\t\t\t\t\t<\/span>\n\t\t\t\t\t<\/a>\n\t\t\t\t<\/div>\n\t\t\t\t\t\t\t\t<\/div>\n\t\t\t\t<\/div>\n\t\t\t\t\t<\/div>\n\t\t\t\t<\/div>\n\t\t\t\t\t<\/div>\n\t\t\t\t<\/div>\n\t\t\t\t<\/div>\n\t\t\t\t<div data-elementor-type=\"loop-item\" data-elementor-id=\"5797\" class=\"elementor elementor-5797 elementor-3840 e-loop-item e-loop-item-5276 post-5276 post type-post status-publish format-standard has-post-thumbnail hentry\" data-elementor-post-type=\"elementor_library\" data-custom-edit-handle=\"1\">\n\t\t\t<div class=\"elementor-element elementor-element-50da0826 e-flex e-con-boxed e-con e-parent\" data-id=\"50da0826\" data-element_type=\"container\">\n\t\t\t\t\t<div class=\"e-con-inner\">\n\t\t<div class=\"elementor-element elementor-element-16d3c757 e-flex e-con-boxed e-con e-child\" data-id=\"16d3c757\" data-element_type=\"container\">\n\t\t\t\t\t<div class=\"e-con-inner\">\n\t\t\t\t<div class=\"elementor-element elementor-element-a9270ce elementor-widget elementor-widget-theme-post-featured-image elementor-widget-image\" data-id=\"a9270ce\" data-element_type=\"widget\" data-widget_type=\"theme-post-featured-image.default\">\n\t\t\t\t<div class=\"elementor-widget-container\">\n\t\t\t\t\t\t\t\t\t\t\t\t\t\t\t\t<a href=\"https:\/\/www.joseppons.net\/es\/nueva-grabacion-goyescas-de-granados-para-harmonia-mundi-france\/\">\n\t\t\t\t\t\t\t<img loading=\"lazy\" decoding=\"async\" width=\"900\" height=\"900\" src=\"https:\/\/www.joseppons.net\/wp-content\/uploads\/2025\/06\/3149020938041.jpg\" class=\"attachment-large size-large wp-image-3585\" alt=\"\" srcset=\"https:\/\/www.joseppons.net\/wp-content\/uploads\/2025\/06\/3149020938041.jpg 900w, https:\/\/www.joseppons.net\/wp-content\/uploads\/2025\/06\/3149020938041-300x300.jpg 300w, https:\/\/www.joseppons.net\/wp-content\/uploads\/2025\/06\/3149020938041-150x150.jpg 150w, https:\/\/www.joseppons.net\/wp-content\/uploads\/2025\/06\/3149020938041-768x768.jpg 768w, https:\/\/www.joseppons.net\/wp-content\/uploads\/2025\/06\/3149020938041-650x650.jpg 650w\" sizes=\"(max-width: 900px) 100vw, 900px\" \/>\t\t\t\t\t\t\t\t<\/a>\n\t\t\t\t\t\t\t\t\t\t\t\t\t\t\t<\/div>\n\t\t\t\t<\/div>\n\t\t\t\t<div class=\"elementor-element elementor-element-68646aa5 elementor-widget elementor-widget-theme-post-title elementor-page-title elementor-widget-heading\" data-id=\"68646aa5\" data-element_type=\"widget\" data-widget_type=\"theme-post-title.default\">\n\t\t\t\t<div class=\"elementor-widget-container\">\n\t\t\t\t\t<h4 class=\"elementor-heading-title elementor-size-default\">Nueva grabaci\u00f3n Goyescas de Granados para Harmonia Mundi France<\/h4>\t\t\t\t<\/div>\n\t\t\t\t<\/div>\n\t\t\t\t<div class=\"elementor-element elementor-element-31daf02b elementor-mobile-align-center elementor-widget elementor-widget-button\" data-id=\"31daf02b\" data-element_type=\"widget\" data-widget_type=\"button.default\">\n\t\t\t\t<div class=\"elementor-widget-container\">\n\t\t\t\t\t\t\t\t\t<div class=\"elementor-button-wrapper\">\n\t\t\t\t\t<a class=\"elementor-button elementor-button-link elementor-size-sm\" href=\"https:\/\/www.joseppons.net\/es\/nueva-grabacion-goyescas-de-granados-para-harmonia-mundi-france\/\">\n\t\t\t\t\t\t<span class=\"elementor-button-content-wrapper\">\n\t\t\t\t\t\t\t\t\t<span class=\"elementor-button-text\">Leer m\u00e1s<\/span>\n\t\t\t\t\t<\/span>\n\t\t\t\t\t<\/a>\n\t\t\t\t<\/div>\n\t\t\t\t\t\t\t\t<\/div>\n\t\t\t\t<\/div>\n\t\t\t\t\t<\/div>\n\t\t\t\t<\/div>\n\t\t\t\t\t<\/div>\n\t\t\t\t<\/div>\n\t\t\t\t<\/div>\n\t\t\t\t<div data-elementor-type=\"loop-item\" data-elementor-id=\"5797\" class=\"elementor elementor-5797 elementor-3840 e-loop-item e-loop-item-5275 post-5275 post type-post status-publish format-standard has-post-thumbnail hentry\" data-elementor-post-type=\"elementor_library\" data-custom-edit-handle=\"1\">\n\t\t\t<div class=\"elementor-element elementor-element-50da0826 e-flex e-con-boxed e-con e-parent\" data-id=\"50da0826\" data-element_type=\"container\">\n\t\t\t\t\t<div class=\"e-con-inner\">\n\t\t<div class=\"elementor-element elementor-element-16d3c757 e-flex e-con-boxed e-con e-child\" data-id=\"16d3c757\" data-element_type=\"container\">\n\t\t\t\t\t<div class=\"e-con-inner\">\n\t\t\t\t<div class=\"elementor-element elementor-element-a9270ce elementor-widget elementor-widget-theme-post-featured-image elementor-widget-image\" data-id=\"a9270ce\" data-element_type=\"widget\" data-widget_type=\"theme-post-featured-image.default\">\n\t\t\t\t<div class=\"elementor-widget-container\">\n\t\t\t\t\t\t\t\t\t\t\t\t\t\t\t\t<a href=\"https:\/\/www.joseppons.net\/es\/presentacion-de-la-nueva-temporada-artistica-19-20-en-el-gran-teatro-del-liceo-de-barcelona\/\">\n\t\t\t\t\t\t\t<img loading=\"lazy\" decoding=\"async\" width=\"1024\" height=\"536\" src=\"https:\/\/www.joseppons.net\/wp-content\/uploads\/2025\/06\/emailing_ok_cat_03-1024x536.jpg\" class=\"attachment-large size-large wp-image-3578\" alt=\"\" srcset=\"https:\/\/www.joseppons.net\/wp-content\/uploads\/2025\/06\/emailing_ok_cat_03-1024x536.jpg 1024w, https:\/\/www.joseppons.net\/wp-content\/uploads\/2025\/06\/emailing_ok_cat_03-300x157.jpg 300w, https:\/\/www.joseppons.net\/wp-content\/uploads\/2025\/06\/emailing_ok_cat_03-768x402.jpg 768w, https:\/\/www.joseppons.net\/wp-content\/uploads\/2025\/06\/emailing_ok_cat_03.jpg 1200w\" sizes=\"(max-width: 1024px) 100vw, 1024px\" \/>\t\t\t\t\t\t\t\t<\/a>\n\t\t\t\t\t\t\t\t\t\t\t\t\t\t\t<\/div>\n\t\t\t\t<\/div>\n\t\t\t\t<div class=\"elementor-element elementor-element-68646aa5 elementor-widget elementor-widget-theme-post-title elementor-page-title elementor-widget-heading\" data-id=\"68646aa5\" data-element_type=\"widget\" data-widget_type=\"theme-post-title.default\">\n\t\t\t\t<div class=\"elementor-widget-container\">\n\t\t\t\t\t<h4 class=\"elementor-heading-title elementor-size-default\">Presentaci\u00f3n de la nueva temporada art\u00edstica 19\/20 en el Gran Teatro del Liceo de Barcelona<\/h4>\t\t\t\t<\/div>\n\t\t\t\t<\/div>\n\t\t\t\t<div class=\"elementor-element elementor-element-31daf02b elementor-mobile-align-center elementor-widget elementor-widget-button\" data-id=\"31daf02b\" data-element_type=\"widget\" data-widget_type=\"button.default\">\n\t\t\t\t<div class=\"elementor-widget-container\">\n\t\t\t\t\t\t\t\t\t<div class=\"elementor-button-wrapper\">\n\t\t\t\t\t<a class=\"elementor-button elementor-button-link elementor-size-sm\" href=\"https:\/\/www.joseppons.net\/es\/presentacion-de-la-nueva-temporada-artistica-19-20-en-el-gran-teatro-del-liceo-de-barcelona\/\">\n\t\t\t\t\t\t<span class=\"elementor-button-content-wrapper\">\n\t\t\t\t\t\t\t\t\t<span class=\"elementor-button-text\">Leer m\u00e1s<\/span>\n\t\t\t\t\t<\/span>\n\t\t\t\t\t<\/a>\n\t\t\t\t<\/div>\n\t\t\t\t\t\t\t\t<\/div>\n\t\t\t\t<\/div>\n\t\t\t\t\t<\/div>\n\t\t\t\t<\/div>\n\t\t\t\t\t<\/div>\n\t\t\t\t<\/div>\n\t\t\t\t<\/div>\n\t\t\t\t<div data-elementor-type=\"loop-item\" data-elementor-id=\"5797\" class=\"elementor elementor-5797 elementor-3840 e-loop-item e-loop-item-5274 post-5274 post type-post status-publish format-standard has-post-thumbnail hentry\" data-elementor-post-type=\"elementor_library\" data-custom-edit-handle=\"1\">\n\t\t\t<div class=\"elementor-element elementor-element-50da0826 e-flex e-con-boxed e-con e-parent\" data-id=\"50da0826\" data-element_type=\"container\">\n\t\t\t\t\t<div class=\"e-con-inner\">\n\t\t<div class=\"elementor-element elementor-element-16d3c757 e-flex e-con-boxed e-con e-child\" data-id=\"16d3c757\" data-element_type=\"container\">\n\t\t\t\t\t<div class=\"e-con-inner\">\n\t\t\t\t<div class=\"elementor-element elementor-element-a9270ce elementor-widget elementor-widget-theme-post-featured-image elementor-widget-image\" data-id=\"a9270ce\" data-element_type=\"widget\" data-widget_type=\"theme-post-featured-image.default\">\n\t\t\t\t<div class=\"elementor-widget-container\">\n\t\t\t\t\t\t\t\t\t\t\t\t\t\t\t\t<a href=\"https:\/\/www.joseppons.net\/es\/nueva-produccion-de-rodelinda-en-el-liceu\/\">\n\t\t\t\t\t\t\t<img loading=\"lazy\" decoding=\"async\" width=\"1024\" height=\"683\" src=\"https:\/\/www.joseppons.net\/wp-content\/uploads\/2025\/06\/4957_281__A_Bofill-1024x683.jpg\" class=\"attachment-large size-large wp-image-3571\" alt=\"\" srcset=\"https:\/\/www.joseppons.net\/wp-content\/uploads\/2025\/06\/4957_281__A_Bofill-1024x683.jpg 1024w, https:\/\/www.joseppons.net\/wp-content\/uploads\/2025\/06\/4957_281__A_Bofill-300x200.jpg 300w, https:\/\/www.joseppons.net\/wp-content\/uploads\/2025\/06\/4957_281__A_Bofill-768x512.jpg 768w, https:\/\/www.joseppons.net\/wp-content\/uploads\/2025\/06\/4957_281__A_Bofill-1536x1024.jpg 1536w, https:\/\/www.joseppons.net\/wp-content\/uploads\/2025\/06\/4957_281__A_Bofill-2048x1365.jpg 2048w, https:\/\/www.joseppons.net\/wp-content\/uploads\/2025\/06\/4957_281__A_Bofill-930x620.jpg 930w\" sizes=\"(max-width: 1024px) 100vw, 1024px\" \/>\t\t\t\t\t\t\t\t<\/a>\n\t\t\t\t\t\t\t\t\t\t\t\t\t\t\t<\/div>\n\t\t\t\t<\/div>\n\t\t\t\t<div class=\"elementor-element elementor-element-68646aa5 elementor-widget elementor-widget-theme-post-title elementor-page-title elementor-widget-heading\" data-id=\"68646aa5\" data-element_type=\"widget\" data-widget_type=\"theme-post-title.default\">\n\t\t\t\t<div class=\"elementor-widget-container\">\n\t\t\t\t\t<h4 class=\"elementor-heading-title elementor-size-default\">Nueva producci\u00f3n de Rodelinda en el Liceu<\/h4>\t\t\t\t<\/div>\n\t\t\t\t<\/div>\n\t\t\t\t<div class=\"elementor-element elementor-element-31daf02b elementor-mobile-align-center elementor-widget elementor-widget-button\" data-id=\"31daf02b\" data-element_type=\"widget\" data-widget_type=\"button.default\">\n\t\t\t\t<div class=\"elementor-widget-container\">\n\t\t\t\t\t\t\t\t\t<div class=\"elementor-button-wrapper\">\n\t\t\t\t\t<a class=\"elementor-button elementor-button-link elementor-size-sm\" href=\"https:\/\/www.joseppons.net\/es\/nueva-produccion-de-rodelinda-en-el-liceu\/\">\n\t\t\t\t\t\t<span class=\"elementor-button-content-wrapper\">\n\t\t\t\t\t\t\t\t\t<span class=\"elementor-button-text\">Leer m\u00e1s<\/span>\n\t\t\t\t\t<\/span>\n\t\t\t\t\t<\/a>\n\t\t\t\t<\/div>\n\t\t\t\t\t\t\t\t<\/div>\n\t\t\t\t<\/div>\n\t\t\t\t\t<\/div>\n\t\t\t\t<\/div>\n\t\t\t\t\t<\/div>\n\t\t\t\t<\/div>\n\t\t\t\t<\/div>\n\t\t\t\t<div data-elementor-type=\"loop-item\" data-elementor-id=\"5797\" class=\"elementor elementor-5797 elementor-3840 e-loop-item e-loop-item-5273 post-5273 post type-post status-publish format-standard has-post-thumbnail hentry\" data-elementor-post-type=\"elementor_library\" data-custom-edit-handle=\"1\">\n\t\t\t<div class=\"elementor-element elementor-element-50da0826 e-flex e-con-boxed e-con e-parent\" data-id=\"50da0826\" data-element_type=\"container\">\n\t\t\t\t\t<div class=\"e-con-inner\">\n\t\t<div class=\"elementor-element elementor-element-16d3c757 e-flex e-con-boxed e-con e-child\" data-id=\"16d3c757\" data-element_type=\"container\">\n\t\t\t\t\t<div class=\"e-con-inner\">\n\t\t\t\t<div class=\"elementor-element elementor-element-a9270ce elementor-widget elementor-widget-theme-post-featured-image elementor-widget-image\" data-id=\"a9270ce\" data-element_type=\"widget\" data-widget_type=\"theme-post-featured-image.default\">\n\t\t\t\t<div class=\"elementor-widget-container\">\n\t\t\t\t\t\t\t\t\t\t\t\t\t\t\t\t<a href=\"https:\/\/www.joseppons.net\/es\/estrena-mundial-de-l-enigma-di-lea\/\">\n\t\t\t\t\t\t\t<img loading=\"lazy\" decoding=\"async\" width=\"1024\" height=\"683\" src=\"https:\/\/www.joseppons.net\/wp-content\/uploads\/2025\/06\/4950_0494___A_Bofill-1024x683.jpg\" class=\"attachment-large size-large wp-image-5116\" alt=\"\" srcset=\"https:\/\/www.joseppons.net\/wp-content\/uploads\/2025\/06\/4950_0494___A_Bofill-1024x683.jpg 1024w, https:\/\/www.joseppons.net\/wp-content\/uploads\/2025\/06\/4950_0494___A_Bofill-300x200.jpg 300w, https:\/\/www.joseppons.net\/wp-content\/uploads\/2025\/06\/4950_0494___A_Bofill-768x512.jpg 768w, https:\/\/www.joseppons.net\/wp-content\/uploads\/2025\/06\/4950_0494___A_Bofill-1536x1024.jpg 1536w, https:\/\/www.joseppons.net\/wp-content\/uploads\/2025\/06\/4950_0494___A_Bofill-2048x1365.jpg 2048w, https:\/\/www.joseppons.net\/wp-content\/uploads\/2025\/06\/4950_0494___A_Bofill-930x620.jpg 930w\" sizes=\"(max-width: 1024px) 100vw, 1024px\" \/>\t\t\t\t\t\t\t\t<\/a>\n\t\t\t\t\t\t\t\t\t\t\t\t\t\t\t<\/div>\n\t\t\t\t<\/div>\n\t\t\t\t<div class=\"elementor-element elementor-element-68646aa5 elementor-widget elementor-widget-theme-post-title elementor-page-title elementor-widget-heading\" data-id=\"68646aa5\" data-element_type=\"widget\" data-widget_type=\"theme-post-title.default\">\n\t\t\t\t<div class=\"elementor-widget-container\">\n\t\t\t\t\t<h4 class=\"elementor-heading-title elementor-size-default\">Estrena mundial de \u00abL\u00b4enigma di Lea\u00bb<\/h4>\t\t\t\t<\/div>\n\t\t\t\t<\/div>\n\t\t\t\t<div class=\"elementor-element elementor-element-31daf02b elementor-mobile-align-center elementor-widget elementor-widget-button\" data-id=\"31daf02b\" data-element_type=\"widget\" data-widget_type=\"button.default\">\n\t\t\t\t<div class=\"elementor-widget-container\">\n\t\t\t\t\t\t\t\t\t<div class=\"elementor-button-wrapper\">\n\t\t\t\t\t<a class=\"elementor-button elementor-button-link elementor-size-sm\" href=\"https:\/\/www.joseppons.net\/es\/estrena-mundial-de-l-enigma-di-lea\/\">\n\t\t\t\t\t\t<span class=\"elementor-button-content-wrapper\">\n\t\t\t\t\t\t\t\t\t<span class=\"elementor-button-text\">Leer m\u00e1s<\/span>\n\t\t\t\t\t<\/span>\n\t\t\t\t\t<\/a>\n\t\t\t\t<\/div>\n\t\t\t\t\t\t\t\t<\/div>\n\t\t\t\t<\/div>\n\t\t\t\t\t<\/div>\n\t\t\t\t<\/div>\n\t\t\t\t\t<\/div>\n\t\t\t\t<\/div>\n\t\t\t\t<\/div>\n\t\t\t\t<div data-elementor-type=\"loop-item\" data-elementor-id=\"5797\" class=\"elementor elementor-5797 elementor-3840 e-loop-item e-loop-item-5272 post-5272 post type-post status-publish format-standard has-post-thumbnail hentry\" data-elementor-post-type=\"elementor_library\" data-custom-edit-handle=\"1\">\n\t\t\t<div class=\"elementor-element elementor-element-50da0826 e-flex e-con-boxed e-con e-parent\" data-id=\"50da0826\" data-element_type=\"container\">\n\t\t\t\t\t<div class=\"e-con-inner\">\n\t\t<div class=\"elementor-element elementor-element-16d3c757 e-flex e-con-boxed e-con e-child\" data-id=\"16d3c757\" data-element_type=\"container\">\n\t\t\t\t\t<div class=\"e-con-inner\">\n\t\t\t\t<div class=\"elementor-element elementor-element-a9270ce elementor-widget elementor-widget-theme-post-featured-image elementor-widget-image\" data-id=\"a9270ce\" data-element_type=\"widget\" data-widget_type=\"theme-post-featured-image.default\">\n\t\t\t\t<div class=\"elementor-widget-container\">\n\t\t\t\t\t\t\t\t\t\t\t\t\t\t\t\t<a href=\"https:\/\/www.joseppons.net\/es\/premio-de-la-critica-a-la-mejor-direccion-musical-2017-18\/\">\n\t\t\t\t\t\t\t<img loading=\"lazy\" decoding=\"async\" width=\"610\" height=\"429\" src=\"https:\/\/www.joseppons.net\/wp-content\/uploads\/2025\/06\/Tristan_und_Isolde.jpg\" class=\"attachment-large size-large wp-image-3563\" alt=\"\" srcset=\"https:\/\/www.joseppons.net\/wp-content\/uploads\/2025\/06\/Tristan_und_Isolde.jpg 610w, https:\/\/www.joseppons.net\/wp-content\/uploads\/2025\/06\/Tristan_und_Isolde-300x211.jpg 300w\" sizes=\"(max-width: 610px) 100vw, 610px\" \/>\t\t\t\t\t\t\t\t<\/a>\n\t\t\t\t\t\t\t\t\t\t\t\t\t\t\t<\/div>\n\t\t\t\t<\/div>\n\t\t\t\t<div class=\"elementor-element elementor-element-68646aa5 elementor-widget elementor-widget-theme-post-title elementor-page-title elementor-widget-heading\" data-id=\"68646aa5\" data-element_type=\"widget\" data-widget_type=\"theme-post-title.default\">\n\t\t\t\t<div class=\"elementor-widget-container\">\n\t\t\t\t\t<h4 class=\"elementor-heading-title elementor-size-default\">Premio de la cr\u00edtica a la mejor direcci\u00f3n musical 2017\/18<\/h4>\t\t\t\t<\/div>\n\t\t\t\t<\/div>\n\t\t\t\t<div class=\"elementor-element elementor-element-31daf02b elementor-mobile-align-center elementor-widget elementor-widget-button\" data-id=\"31daf02b\" data-element_type=\"widget\" data-widget_type=\"button.default\">\n\t\t\t\t<div class=\"elementor-widget-container\">\n\t\t\t\t\t\t\t\t\t<div class=\"elementor-button-wrapper\">\n\t\t\t\t\t<a class=\"elementor-button elementor-button-link elementor-size-sm\" href=\"https:\/\/www.joseppons.net\/es\/premio-de-la-critica-a-la-mejor-direccion-musical-2017-18\/\">\n\t\t\t\t\t\t<span class=\"elementor-button-content-wrapper\">\n\t\t\t\t\t\t\t\t\t<span class=\"elementor-button-text\">Leer m\u00e1s<\/span>\n\t\t\t\t\t<\/span>\n\t\t\t\t\t<\/a>\n\t\t\t\t<\/div>\n\t\t\t\t\t\t\t\t<\/div>\n\t\t\t\t<\/div>\n\t\t\t\t\t<\/div>\n\t\t\t\t<\/div>\n\t\t\t\t\t<\/div>\n\t\t\t\t<\/div>\n\t\t\t\t<\/div>\n\t\t\t\t<div data-elementor-type=\"loop-item\" data-elementor-id=\"5797\" class=\"elementor elementor-5797 elementor-3840 e-loop-item e-loop-item-5271 post-5271 post type-post status-publish format-standard has-post-thumbnail hentry\" data-elementor-post-type=\"elementor_library\" data-custom-edit-handle=\"1\">\n\t\t\t<div class=\"elementor-element elementor-element-50da0826 e-flex e-con-boxed e-con e-parent\" data-id=\"50da0826\" data-element_type=\"container\">\n\t\t\t\t\t<div class=\"e-con-inner\">\n\t\t<div class=\"elementor-element elementor-element-16d3c757 e-flex e-con-boxed e-con e-child\" data-id=\"16d3c757\" data-element_type=\"container\">\n\t\t\t\t\t<div class=\"e-con-inner\">\n\t\t\t\t<div class=\"elementor-element elementor-element-a9270ce elementor-widget elementor-widget-theme-post-featured-image elementor-widget-image\" data-id=\"a9270ce\" data-element_type=\"widget\" data-widget_type=\"theme-post-featured-image.default\">\n\t\t\t\t<div class=\"elementor-widget-container\">\n\t\t\t\t\t\t\t\t\t\t\t\t\t\t\t\t<a href=\"https:\/\/www.joseppons.net\/es\/requiem-para-montserrat-caballe\/\">\n\t\t\t\t\t\t\t<img loading=\"lazy\" decoding=\"async\" width=\"859\" height=\"425\" src=\"https:\/\/www.joseppons.net\/wp-content\/uploads\/2025\/06\/4936_235c_a_bofill_noticia10.jpg\" class=\"attachment-large size-large wp-image-3559\" alt=\"\" srcset=\"https:\/\/www.joseppons.net\/wp-content\/uploads\/2025\/06\/4936_235c_a_bofill_noticia10.jpg 859w, https:\/\/www.joseppons.net\/wp-content\/uploads\/2025\/06\/4936_235c_a_bofill_noticia10-300x148.jpg 300w, https:\/\/www.joseppons.net\/wp-content\/uploads\/2025\/06\/4936_235c_a_bofill_noticia10-768x380.jpg 768w\" sizes=\"(max-width: 859px) 100vw, 859px\" \/>\t\t\t\t\t\t\t\t<\/a>\n\t\t\t\t\t\t\t\t\t\t\t\t\t\t\t<\/div>\n\t\t\t\t<\/div>\n\t\t\t\t<div class=\"elementor-element elementor-element-68646aa5 elementor-widget elementor-widget-theme-post-title elementor-page-title elementor-widget-heading\" data-id=\"68646aa5\" data-element_type=\"widget\" data-widget_type=\"theme-post-title.default\">\n\t\t\t\t<div class=\"elementor-widget-container\">\n\t\t\t\t\t<h4 class=\"elementor-heading-title elementor-size-default\">R\u00e8quiem para Montserrat Caball\u00e9<\/h4>\t\t\t\t<\/div>\n\t\t\t\t<\/div>\n\t\t\t\t<div class=\"elementor-element elementor-element-31daf02b elementor-mobile-align-center elementor-widget elementor-widget-button\" data-id=\"31daf02b\" data-element_type=\"widget\" data-widget_type=\"button.default\">\n\t\t\t\t<div class=\"elementor-widget-container\">\n\t\t\t\t\t\t\t\t\t<div class=\"elementor-button-wrapper\">\n\t\t\t\t\t<a class=\"elementor-button elementor-button-link elementor-size-sm\" href=\"https:\/\/www.joseppons.net\/es\/requiem-para-montserrat-caballe\/\">\n\t\t\t\t\t\t<span class=\"elementor-button-content-wrapper\">\n\t\t\t\t\t\t\t\t\t<span class=\"elementor-button-text\">Leer m\u00e1s<\/span>\n\t\t\t\t\t<\/span>\n\t\t\t\t\t<\/a>\n\t\t\t\t<\/div>\n\t\t\t\t\t\t\t\t<\/div>\n\t\t\t\t<\/div>\n\t\t\t\t\t<\/div>\n\t\t\t\t<\/div>\n\t\t\t\t\t<\/div>\n\t\t\t\t<\/div>\n\t\t\t\t<\/div>\n\t\t\t\t<div data-elementor-type=\"loop-item\" data-elementor-id=\"5797\" class=\"elementor elementor-5797 elementor-3840 e-loop-item e-loop-item-5270 post-5270 post type-post status-publish format-standard has-post-thumbnail hentry\" data-elementor-post-type=\"elementor_library\" data-custom-edit-handle=\"1\">\n\t\t\t<div class=\"elementor-element elementor-element-50da0826 e-flex e-con-boxed e-con e-parent\" data-id=\"50da0826\" data-element_type=\"container\">\n\t\t\t\t\t<div class=\"e-con-inner\">\n\t\t<div class=\"elementor-element elementor-element-16d3c757 e-flex e-con-boxed e-con e-child\" data-id=\"16d3c757\" data-element_type=\"container\">\n\t\t\t\t\t<div class=\"e-con-inner\">\n\t\t\t\t<div class=\"elementor-element elementor-element-a9270ce elementor-widget elementor-widget-theme-post-featured-image elementor-widget-image\" data-id=\"a9270ce\" data-element_type=\"widget\" data-widget_type=\"theme-post-featured-image.default\">\n\t\t\t\t<div class=\"elementor-widget-container\">\n\t\t\t\t\t\t\t\t\t\t\t\t\t\t\t\t<a href=\"https:\/\/www.joseppons.net\/es\/josep-pons-firma-la-renovacion-de-contrato-como-director-musical-del-gran-teatre-del-liceu\/\">\n\t\t\t\t\t\t\t<img loading=\"lazy\" decoding=\"async\" width=\"658\" height=\"419\" src=\"https:\/\/www.joseppons.net\/wp-content\/uploads\/2025\/06\/Signatura_contracte_Liceu_marc__2018.jpg\" class=\"attachment-large size-large wp-image-3555\" alt=\"\" srcset=\"https:\/\/www.joseppons.net\/wp-content\/uploads\/2025\/06\/Signatura_contracte_Liceu_marc__2018.jpg 658w, https:\/\/www.joseppons.net\/wp-content\/uploads\/2025\/06\/Signatura_contracte_Liceu_marc__2018-300x191.jpg 300w\" sizes=\"(max-width: 658px) 100vw, 658px\" \/>\t\t\t\t\t\t\t\t<\/a>\n\t\t\t\t\t\t\t\t\t\t\t\t\t\t\t<\/div>\n\t\t\t\t<\/div>\n\t\t\t\t<div class=\"elementor-element elementor-element-68646aa5 elementor-widget elementor-widget-theme-post-title elementor-page-title elementor-widget-heading\" data-id=\"68646aa5\" data-element_type=\"widget\" data-widget_type=\"theme-post-title.default\">\n\t\t\t\t<div class=\"elementor-widget-container\">\n\t\t\t\t\t<h4 class=\"elementor-heading-title elementor-size-default\">Josep Pons, firma la renovaci\u00f3n de contrato como director musical del Gran Teatre del Liceu<\/h4>\t\t\t\t<\/div>\n\t\t\t\t<\/div>\n\t\t\t\t<div class=\"elementor-element elementor-element-31daf02b elementor-mobile-align-center elementor-widget elementor-widget-button\" data-id=\"31daf02b\" data-element_type=\"widget\" data-widget_type=\"button.default\">\n\t\t\t\t<div class=\"elementor-widget-container\">\n\t\t\t\t\t\t\t\t\t<div class=\"elementor-button-wrapper\">\n\t\t\t\t\t<a class=\"elementor-button elementor-button-link elementor-size-sm\" href=\"https:\/\/www.joseppons.net\/es\/josep-pons-firma-la-renovacion-de-contrato-como-director-musical-del-gran-teatre-del-liceu\/\">\n\t\t\t\t\t\t<span class=\"elementor-button-content-wrapper\">\n\t\t\t\t\t\t\t\t\t<span class=\"elementor-button-text\">Leer m\u00e1s<\/span>\n\t\t\t\t\t<\/span>\n\t\t\t\t\t<\/a>\n\t\t\t\t<\/div>\n\t\t\t\t\t\t\t\t<\/div>\n\t\t\t\t<\/div>\n\t\t\t\t\t<\/div>\n\t\t\t\t<\/div>\n\t\t\t\t\t<\/div>\n\t\t\t\t<\/div>\n\t\t\t\t<\/div>\n\t\t\t\t<div data-elementor-type=\"loop-item\" data-elementor-id=\"5797\" class=\"elementor elementor-5797 elementor-3840 e-loop-item e-loop-item-5269 post-5269 post type-post status-publish format-standard has-post-thumbnail hentry\" data-elementor-post-type=\"elementor_library\" data-custom-edit-handle=\"1\">\n\t\t\t<div class=\"elementor-element elementor-element-50da0826 e-flex e-con-boxed e-con e-parent\" data-id=\"50da0826\" data-element_type=\"container\">\n\t\t\t\t\t<div class=\"e-con-inner\">\n\t\t<div class=\"elementor-element elementor-element-16d3c757 e-flex e-con-boxed e-con e-child\" data-id=\"16d3c757\" data-element_type=\"container\">\n\t\t\t\t\t<div class=\"e-con-inner\">\n\t\t\t\t<div class=\"elementor-element elementor-element-a9270ce elementor-widget elementor-widget-theme-post-featured-image elementor-widget-image\" data-id=\"a9270ce\" data-element_type=\"widget\" data-widget_type=\"theme-post-featured-image.default\">\n\t\t\t\t<div class=\"elementor-widget-container\">\n\t\t\t\t\t\t\t\t\t\t\t\t\t\t\t\t<a href=\"https:\/\/www.joseppons.net\/es\/josep-pons-premio-de-la-critica-a-la-mejor-direccion-musical-2017-por-elektra\/\">\n\t\t\t\t\t\t\t<img loading=\"lazy\" decoding=\"async\" width=\"275\" height=\"183\" src=\"https:\/\/www.joseppons.net\/wp-content\/uploads\/2025\/06\/imgres_3.jpg\" class=\"attachment-large size-large wp-image-3551\" alt=\"\" \/>\t\t\t\t\t\t\t\t<\/a>\n\t\t\t\t\t\t\t\t\t\t\t\t\t\t\t<\/div>\n\t\t\t\t<\/div>\n\t\t\t\t<div class=\"elementor-element elementor-element-68646aa5 elementor-widget elementor-widget-theme-post-title elementor-page-title elementor-widget-heading\" data-id=\"68646aa5\" data-element_type=\"widget\" data-widget_type=\"theme-post-title.default\">\n\t\t\t\t<div class=\"elementor-widget-container\">\n\t\t\t\t\t<h4 class=\"elementor-heading-title elementor-size-default\">Josep Pons, Premio de la cr\u00edtica a la mejor Direcci\u00f3n Musical 2017 por Elektra<\/h4>\t\t\t\t<\/div>\n\t\t\t\t<\/div>\n\t\t\t\t<div class=\"elementor-element elementor-element-31daf02b elementor-mobile-align-center elementor-widget elementor-widget-button\" data-id=\"31daf02b\" data-element_type=\"widget\" data-widget_type=\"button.default\">\n\t\t\t\t<div class=\"elementor-widget-container\">\n\t\t\t\t\t\t\t\t\t<div class=\"elementor-button-wrapper\">\n\t\t\t\t\t<a class=\"elementor-button elementor-button-link elementor-size-sm\" href=\"https:\/\/www.joseppons.net\/es\/josep-pons-premio-de-la-critica-a-la-mejor-direccion-musical-2017-por-elektra\/\">\n\t\t\t\t\t\t<span class=\"elementor-button-content-wrapper\">\n\t\t\t\t\t\t\t\t\t<span class=\"elementor-button-text\">Leer m\u00e1s<\/span>\n\t\t\t\t\t<\/span>\n\t\t\t\t\t<\/a>\n\t\t\t\t<\/div>\n\t\t\t\t\t\t\t\t<\/div>\n\t\t\t\t<\/div>\n\t\t\t\t\t<\/div>\n\t\t\t\t<\/div>\n\t\t\t\t\t<\/div>\n\t\t\t\t<\/div>\n\t\t\t\t<\/div>\n\t\t\t\t<div data-elementor-type=\"loop-item\" data-elementor-id=\"5797\" class=\"elementor elementor-5797 elementor-3840 e-loop-item e-loop-item-5268 post-5268 post type-post status-publish format-standard has-post-thumbnail hentry\" data-elementor-post-type=\"elementor_library\" data-custom-edit-handle=\"1\">\n\t\t\t<div class=\"elementor-element elementor-element-50da0826 e-flex e-con-boxed e-con e-parent\" data-id=\"50da0826\" data-element_type=\"container\">\n\t\t\t\t\t<div class=\"e-con-inner\">\n\t\t<div class=\"elementor-element elementor-element-16d3c757 e-flex e-con-boxed e-con e-child\" data-id=\"16d3c757\" data-element_type=\"container\">\n\t\t\t\t\t<div class=\"e-con-inner\">\n\t\t\t\t<div class=\"elementor-element elementor-element-a9270ce elementor-widget elementor-widget-theme-post-featured-image elementor-widget-image\" data-id=\"a9270ce\" data-element_type=\"widget\" data-widget_type=\"theme-post-featured-image.default\">\n\t\t\t\t<div class=\"elementor-widget-container\">\n\t\t\t\t\t\t\t\t\t\t\t\t\t\t\t\t<a href=\"https:\/\/www.joseppons.net\/es\/emotivo-concierto-en-la-sede-de-las-naciones-unidas-en-ginebra\/\">\n\t\t\t\t\t\t\t<img loading=\"lazy\" decoding=\"async\" width=\"300\" height=\"168\" src=\"https:\/\/www.joseppons.net\/wp-content\/uploads\/2025\/06\/imgres.jpg\" class=\"attachment-large size-large wp-image-3547\" alt=\"\" \/>\t\t\t\t\t\t\t\t<\/a>\n\t\t\t\t\t\t\t\t\t\t\t\t\t\t\t<\/div>\n\t\t\t\t<\/div>\n\t\t\t\t<div class=\"elementor-element elementor-element-68646aa5 elementor-widget elementor-widget-theme-post-title elementor-page-title elementor-widget-heading\" data-id=\"68646aa5\" data-element_type=\"widget\" data-widget_type=\"theme-post-title.default\">\n\t\t\t\t<div class=\"elementor-widget-container\">\n\t\t\t\t\t<h4 class=\"elementor-heading-title elementor-size-default\">Emotivo concierto en la sede de las Naciones Unidas en Ginebra<\/h4>\t\t\t\t<\/div>\n\t\t\t\t<\/div>\n\t\t\t\t<div class=\"elementor-element elementor-element-31daf02b elementor-mobile-align-center elementor-widget elementor-widget-button\" data-id=\"31daf02b\" data-element_type=\"widget\" data-widget_type=\"button.default\">\n\t\t\t\t<div class=\"elementor-widget-container\">\n\t\t\t\t\t\t\t\t\t<div class=\"elementor-button-wrapper\">\n\t\t\t\t\t<a class=\"elementor-button elementor-button-link elementor-size-sm\" href=\"https:\/\/www.joseppons.net\/es\/emotivo-concierto-en-la-sede-de-las-naciones-unidas-en-ginebra\/\">\n\t\t\t\t\t\t<span class=\"elementor-button-content-wrapper\">\n\t\t\t\t\t\t\t\t\t<span class=\"elementor-button-text\">Leer m\u00e1s<\/span>\n\t\t\t\t\t<\/span>\n\t\t\t\t\t<\/a>\n\t\t\t\t<\/div>\n\t\t\t\t\t\t\t\t<\/div>\n\t\t\t\t<\/div>\n\t\t\t\t\t<\/div>\n\t\t\t\t<\/div>\n\t\t\t\t\t<\/div>\n\t\t\t\t<\/div>\n\t\t\t\t<\/div>\n\t\t\t\t<div data-elementor-type=\"loop-item\" data-elementor-id=\"5797\" class=\"elementor elementor-5797 elementor-3840 e-loop-item e-loop-item-5267 post-5267 post type-post status-publish format-standard has-post-thumbnail hentry\" data-elementor-post-type=\"elementor_library\" data-custom-edit-handle=\"1\">\n\t\t\t<div class=\"elementor-element elementor-element-50da0826 e-flex e-con-boxed e-con e-parent\" data-id=\"50da0826\" data-element_type=\"container\">\n\t\t\t\t\t<div class=\"e-con-inner\">\n\t\t<div class=\"elementor-element elementor-element-16d3c757 e-flex e-con-boxed e-con e-child\" data-id=\"16d3c757\" data-element_type=\"container\">\n\t\t\t\t\t<div class=\"e-con-inner\">\n\t\t\t\t<div class=\"elementor-element elementor-element-a9270ce elementor-widget elementor-widget-theme-post-featured-image elementor-widget-image\" data-id=\"a9270ce\" data-element_type=\"widget\" data-widget_type=\"theme-post-featured-image.default\">\n\t\t\t\t<div class=\"elementor-widget-container\">\n\t\t\t\t\t\t\t\t\t\t\t\t\t\t\t\t<a href=\"https:\/\/www.joseppons.net\/es\/clamoroso-exito-de-tristan-und-isolde-al-liceu\/\">\n\t\t\t\t\t\t\t<img loading=\"lazy\" decoding=\"async\" width=\"259\" height=\"194\" src=\"https:\/\/www.joseppons.net\/wp-content\/uploads\/2025\/06\/images.jpg\" class=\"attachment-large size-large wp-image-3543\" alt=\"\" \/>\t\t\t\t\t\t\t\t<\/a>\n\t\t\t\t\t\t\t\t\t\t\t\t\t\t\t<\/div>\n\t\t\t\t<\/div>\n\t\t\t\t<div class=\"elementor-element elementor-element-68646aa5 elementor-widget elementor-widget-theme-post-title elementor-page-title elementor-widget-heading\" data-id=\"68646aa5\" data-element_type=\"widget\" data-widget_type=\"theme-post-title.default\">\n\t\t\t\t<div class=\"elementor-widget-container\">\n\t\t\t\t\t<h4 class=\"elementor-heading-title elementor-size-default\">Clamoroso \u00e9xito de Tristan und Isolde al Liceu<\/h4>\t\t\t\t<\/div>\n\t\t\t\t<\/div>\n\t\t\t\t<div class=\"elementor-element elementor-element-31daf02b elementor-mobile-align-center elementor-widget elementor-widget-button\" data-id=\"31daf02b\" data-element_type=\"widget\" data-widget_type=\"button.default\">\n\t\t\t\t<div class=\"elementor-widget-container\">\n\t\t\t\t\t\t\t\t\t<div class=\"elementor-button-wrapper\">\n\t\t\t\t\t<a class=\"elementor-button elementor-button-link elementor-size-sm\" href=\"https:\/\/www.joseppons.net\/es\/clamoroso-exito-de-tristan-und-isolde-al-liceu\/\">\n\t\t\t\t\t\t<span class=\"elementor-button-content-wrapper\">\n\t\t\t\t\t\t\t\t\t<span class=\"elementor-button-text\">Leer m\u00e1s<\/span>\n\t\t\t\t\t<\/span>\n\t\t\t\t\t<\/a>\n\t\t\t\t<\/div>\n\t\t\t\t\t\t\t\t<\/div>\n\t\t\t\t<\/div>\n\t\t\t\t\t<\/div>\n\t\t\t\t<\/div>\n\t\t\t\t\t<\/div>\n\t\t\t\t<\/div>\n\t\t\t\t<\/div>\n\t\t\t\t<div data-elementor-type=\"loop-item\" data-elementor-id=\"5797\" class=\"elementor elementor-5797 elementor-3840 e-loop-item e-loop-item-5266 post-5266 post type-post status-publish format-standard has-post-thumbnail hentry\" data-elementor-post-type=\"elementor_library\" data-custom-edit-handle=\"1\">\n\t\t\t<div class=\"elementor-element elementor-element-50da0826 e-flex e-con-boxed e-con e-parent\" data-id=\"50da0826\" data-element_type=\"container\">\n\t\t\t\t\t<div class=\"e-con-inner\">\n\t\t<div class=\"elementor-element elementor-element-16d3c757 e-flex e-con-boxed e-con e-child\" data-id=\"16d3c757\" data-element_type=\"container\">\n\t\t\t\t\t<div class=\"e-con-inner\">\n\t\t\t\t<div class=\"elementor-element elementor-element-a9270ce elementor-widget elementor-widget-theme-post-featured-image elementor-widget-image\" data-id=\"a9270ce\" data-element_type=\"widget\" data-widget_type=\"theme-post-featured-image.default\">\n\t\t\t\t<div class=\"elementor-widget-container\">\n\t\t\t\t\t\t\t\t\t\t\t\t\t\t\t\t<a href=\"https:\/\/www.joseppons.net\/es\/josep-pons-renueva-contrato-como-director-musical-con-el-liceu-hasta-el-2022\/\">\n\t\t\t\t\t\t\t<img loading=\"lazy\" decoding=\"async\" width=\"542\" height=\"494\" src=\"https:\/\/www.joseppons.net\/wp-content\/uploads\/2025\/06\/GTL_ICEU.jpg\" class=\"attachment-large size-large wp-image-3539\" alt=\"\" srcset=\"https:\/\/www.joseppons.net\/wp-content\/uploads\/2025\/06\/GTL_ICEU.jpg 542w, https:\/\/www.joseppons.net\/wp-content\/uploads\/2025\/06\/GTL_ICEU-300x273.jpg 300w\" sizes=\"(max-width: 542px) 100vw, 542px\" \/>\t\t\t\t\t\t\t\t<\/a>\n\t\t\t\t\t\t\t\t\t\t\t\t\t\t\t<\/div>\n\t\t\t\t<\/div>\n\t\t\t\t<div class=\"elementor-element elementor-element-68646aa5 elementor-widget elementor-widget-theme-post-title elementor-page-title elementor-widget-heading\" data-id=\"68646aa5\" data-element_type=\"widget\" data-widget_type=\"theme-post-title.default\">\n\t\t\t\t<div class=\"elementor-widget-container\">\n\t\t\t\t\t<h4 class=\"elementor-heading-title elementor-size-default\">Josep Pons renueva contrato como Director Musical con el Liceu hasta el 2022<\/h4>\t\t\t\t<\/div>\n\t\t\t\t<\/div>\n\t\t\t\t<div class=\"elementor-element elementor-element-31daf02b elementor-mobile-align-center elementor-widget elementor-widget-button\" data-id=\"31daf02b\" data-element_type=\"widget\" data-widget_type=\"button.default\">\n\t\t\t\t<div class=\"elementor-widget-container\">\n\t\t\t\t\t\t\t\t\t<div class=\"elementor-button-wrapper\">\n\t\t\t\t\t<a class=\"elementor-button elementor-button-link elementor-size-sm\" href=\"https:\/\/www.joseppons.net\/es\/josep-pons-renueva-contrato-como-director-musical-con-el-liceu-hasta-el-2022\/\">\n\t\t\t\t\t\t<span class=\"elementor-button-content-wrapper\">\n\t\t\t\t\t\t\t\t\t<span class=\"elementor-button-text\">Leer m\u00e1s<\/span>\n\t\t\t\t\t<\/span>\n\t\t\t\t\t<\/a>\n\t\t\t\t<\/div>\n\t\t\t\t\t\t\t\t<\/div>\n\t\t\t\t<\/div>\n\t\t\t\t\t<\/div>\n\t\t\t\t<\/div>\n\t\t\t\t\t<\/div>\n\t\t\t\t<\/div>\n\t\t\t\t<\/div>\n\t\t\t\t<div data-elementor-type=\"loop-item\" data-elementor-id=\"5797\" class=\"elementor elementor-5797 elementor-3840 e-loop-item e-loop-item-5264 post-5264 post type-post status-publish format-standard has-post-thumbnail hentry\" data-elementor-post-type=\"elementor_library\" data-custom-edit-handle=\"1\">\n\t\t\t<div class=\"elementor-element elementor-element-50da0826 e-flex e-con-boxed e-con e-parent\" data-id=\"50da0826\" data-element_type=\"container\">\n\t\t\t\t\t<div class=\"e-con-inner\">\n\t\t<div class=\"elementor-element elementor-element-16d3c757 e-flex e-con-boxed e-con e-child\" data-id=\"16d3c757\" data-element_type=\"container\">\n\t\t\t\t\t<div class=\"e-con-inner\">\n\t\t\t\t<div class=\"elementor-element elementor-element-a9270ce elementor-widget elementor-widget-theme-post-featured-image elementor-widget-image\" data-id=\"a9270ce\" data-element_type=\"widget\" data-widget_type=\"theme-post-featured-image.default\">\n\t\t\t\t<div class=\"elementor-widget-container\">\n\t\t\t\t\t\t\t\t\t\t\t\t\t\t\t\t<a href=\"https:\/\/www.joseppons.net\/es\/rock-roll\/\">\n\t\t\t\t\t\t\t<img loading=\"lazy\" decoding=\"async\" width=\"1024\" height=\"683\" src=\"https:\/\/www.joseppons.net\/wp-content\/uploads\/2025\/06\/FB_IMG_1499504659167-1024x683.jpg\" class=\"attachment-large size-large wp-image-3531\" alt=\"\" srcset=\"https:\/\/www.joseppons.net\/wp-content\/uploads\/2025\/06\/FB_IMG_1499504659167-1024x683.jpg 1024w, https:\/\/www.joseppons.net\/wp-content\/uploads\/2025\/06\/FB_IMG_1499504659167-300x200.jpg 300w, https:\/\/www.joseppons.net\/wp-content\/uploads\/2025\/06\/FB_IMG_1499504659167-768x512.jpg 768w, https:\/\/www.joseppons.net\/wp-content\/uploads\/2025\/06\/FB_IMG_1499504659167-930x620.jpg 930w, https:\/\/www.joseppons.net\/wp-content\/uploads\/2025\/06\/FB_IMG_1499504659167.jpg 1080w\" sizes=\"(max-width: 1024px) 100vw, 1024px\" \/>\t\t\t\t\t\t\t\t<\/a>\n\t\t\t\t\t\t\t\t\t\t\t\t\t\t\t<\/div>\n\t\t\t\t<\/div>\n\t\t\t\t<div class=\"elementor-element elementor-element-68646aa5 elementor-widget elementor-widget-theme-post-title elementor-page-title elementor-widget-heading\" data-id=\"68646aa5\" data-element_type=\"widget\" data-widget_type=\"theme-post-title.default\">\n\t\t\t\t<div class=\"elementor-widget-container\">\n\t\t\t\t\t<h4 class=\"elementor-heading-title elementor-size-default\">Rock &#038; Roll<\/h4>\t\t\t\t<\/div>\n\t\t\t\t<\/div>\n\t\t\t\t<div class=\"elementor-element elementor-element-31daf02b elementor-mobile-align-center elementor-widget elementor-widget-button\" data-id=\"31daf02b\" data-element_type=\"widget\" data-widget_type=\"button.default\">\n\t\t\t\t<div class=\"elementor-widget-container\">\n\t\t\t\t\t\t\t\t\t<div class=\"elementor-button-wrapper\">\n\t\t\t\t\t<a class=\"elementor-button elementor-button-link elementor-size-sm\" href=\"https:\/\/www.joseppons.net\/es\/rock-roll\/\">\n\t\t\t\t\t\t<span class=\"elementor-button-content-wrapper\">\n\t\t\t\t\t\t\t\t\t<span class=\"elementor-button-text\">Leer m\u00e1s<\/span>\n\t\t\t\t\t<\/span>\n\t\t\t\t\t<\/a>\n\t\t\t\t<\/div>\n\t\t\t\t\t\t\t\t<\/div>\n\t\t\t\t<\/div>\n\t\t\t\t\t<\/div>\n\t\t\t\t<\/div>\n\t\t\t\t\t<\/div>\n\t\t\t\t<\/div>\n\t\t\t\t<\/div>\n\t\t\t\t<div data-elementor-type=\"loop-item\" data-elementor-id=\"5797\" class=\"elementor elementor-5797 elementor-3840 e-loop-item e-loop-item-5265 post-5265 post type-post status-publish format-standard has-post-thumbnail hentry\" data-elementor-post-type=\"elementor_library\" data-custom-edit-handle=\"1\">\n\t\t\t<div class=\"elementor-element elementor-element-50da0826 e-flex e-con-boxed e-con e-parent\" data-id=\"50da0826\" data-element_type=\"container\">\n\t\t\t\t\t<div class=\"e-con-inner\">\n\t\t<div class=\"elementor-element elementor-element-16d3c757 e-flex e-con-boxed e-con e-child\" data-id=\"16d3c757\" data-element_type=\"container\">\n\t\t\t\t\t<div class=\"e-con-inner\">\n\t\t\t\t<div class=\"elementor-element elementor-element-a9270ce elementor-widget elementor-widget-theme-post-featured-image elementor-widget-image\" data-id=\"a9270ce\" data-element_type=\"widget\" data-widget_type=\"theme-post-featured-image.default\">\n\t\t\t\t<div class=\"elementor-widget-container\">\n\t\t\t\t\t\t\t\t\t\t\t\t\t\t\t\t<a href=\"https:\/\/www.joseppons.net\/es\/josep-pons-nombrado-director-honorifico-de-la-ocg\/\">\n\t\t\t\t\t\t\t<img loading=\"lazy\" decoding=\"async\" width=\"1024\" height=\"683\" src=\"https:\/\/www.joseppons.net\/wp-content\/uploads\/2025\/06\/FB_IMG_1499504833206-1024x683.jpg\" class=\"attachment-large size-large wp-image-3535\" alt=\"\" srcset=\"https:\/\/www.joseppons.net\/wp-content\/uploads\/2025\/06\/FB_IMG_1499504833206-1024x683.jpg 1024w, https:\/\/www.joseppons.net\/wp-content\/uploads\/2025\/06\/FB_IMG_1499504833206-300x200.jpg 300w, https:\/\/www.joseppons.net\/wp-content\/uploads\/2025\/06\/FB_IMG_1499504833206-768x512.jpg 768w, https:\/\/www.joseppons.net\/wp-content\/uploads\/2025\/06\/FB_IMG_1499504833206-930x620.jpg 930w, https:\/\/www.joseppons.net\/wp-content\/uploads\/2025\/06\/FB_IMG_1499504833206.jpg 1080w\" sizes=\"(max-width: 1024px) 100vw, 1024px\" \/>\t\t\t\t\t\t\t\t<\/a>\n\t\t\t\t\t\t\t\t\t\t\t\t\t\t\t<\/div>\n\t\t\t\t<\/div>\n\t\t\t\t<div class=\"elementor-element elementor-element-68646aa5 elementor-widget elementor-widget-theme-post-title elementor-page-title elementor-widget-heading\" data-id=\"68646aa5\" data-element_type=\"widget\" data-widget_type=\"theme-post-title.default\">\n\t\t\t\t<div class=\"elementor-widget-container\">\n\t\t\t\t\t<h4 class=\"elementor-heading-title elementor-size-default\">Josep Pons nombrado Director Honor\u00edfico de la OCG<\/h4>\t\t\t\t<\/div>\n\t\t\t\t<\/div>\n\t\t\t\t<div class=\"elementor-element elementor-element-31daf02b elementor-mobile-align-center elementor-widget elementor-widget-button\" data-id=\"31daf02b\" data-element_type=\"widget\" data-widget_type=\"button.default\">\n\t\t\t\t<div class=\"elementor-widget-container\">\n\t\t\t\t\t\t\t\t\t<div class=\"elementor-button-wrapper\">\n\t\t\t\t\t<a class=\"elementor-button elementor-button-link elementor-size-sm\" href=\"https:\/\/www.joseppons.net\/es\/josep-pons-nombrado-director-honorifico-de-la-ocg\/\">\n\t\t\t\t\t\t<span class=\"elementor-button-content-wrapper\">\n\t\t\t\t\t\t\t\t\t<span class=\"elementor-button-text\">Leer m\u00e1s<\/span>\n\t\t\t\t\t<\/span>\n\t\t\t\t\t<\/a>\n\t\t\t\t<\/div>\n\t\t\t\t\t\t\t\t<\/div>\n\t\t\t\t<\/div>\n\t\t\t\t\t<\/div>\n\t\t\t\t<\/div>\n\t\t\t\t\t<\/div>\n\t\t\t\t<\/div>\n\t\t\t\t<\/div>\n\t\t\t\t<div data-elementor-type=\"loop-item\" data-elementor-id=\"5797\" class=\"elementor elementor-5797 elementor-3840 e-loop-item e-loop-item-5263 post-5263 post type-post status-publish format-standard has-post-thumbnail hentry\" data-elementor-post-type=\"elementor_library\" data-custom-edit-handle=\"1\">\n\t\t\t<div class=\"elementor-element elementor-element-50da0826 e-flex e-con-boxed e-con e-parent\" data-id=\"50da0826\" data-element_type=\"container\">\n\t\t\t\t\t<div class=\"e-con-inner\">\n\t\t<div class=\"elementor-element elementor-element-16d3c757 e-flex e-con-boxed e-con e-child\" data-id=\"16d3c757\" data-element_type=\"container\">\n\t\t\t\t\t<div class=\"e-con-inner\">\n\t\t\t\t<div class=\"elementor-element elementor-element-a9270ce elementor-widget elementor-widget-theme-post-featured-image elementor-widget-image\" data-id=\"a9270ce\" data-element_type=\"widget\" data-widget_type=\"theme-post-featured-image.default\">\n\t\t\t\t<div class=\"elementor-widget-container\">\n\t\t\t\t\t\t\t\t\t\t\t\t\t\t\t\t<a href=\"https:\/\/www.joseppons.net\/es\/don-giovanni\/\">\n\t\t\t\t\t\t\t<img loading=\"lazy\" decoding=\"async\" width=\"523\" height=\"379\" src=\"https:\/\/www.joseppons.net\/wp-content\/uploads\/2025\/06\/Don_Giovanni.jpg\" class=\"attachment-large size-large wp-image-3527\" alt=\"\" srcset=\"https:\/\/www.joseppons.net\/wp-content\/uploads\/2025\/06\/Don_Giovanni.jpg 523w, https:\/\/www.joseppons.net\/wp-content\/uploads\/2025\/06\/Don_Giovanni-300x217.jpg 300w\" sizes=\"(max-width: 523px) 100vw, 523px\" \/>\t\t\t\t\t\t\t\t<\/a>\n\t\t\t\t\t\t\t\t\t\t\t\t\t\t\t<\/div>\n\t\t\t\t<\/div>\n\t\t\t\t<div class=\"elementor-element elementor-element-68646aa5 elementor-widget elementor-widget-theme-post-title elementor-page-title elementor-widget-heading\" data-id=\"68646aa5\" data-element_type=\"widget\" data-widget_type=\"theme-post-title.default\">\n\t\t\t\t<div class=\"elementor-widget-container\">\n\t\t\t\t\t<h4 class=\"elementor-heading-title elementor-size-default\">Don Giovanni<\/h4>\t\t\t\t<\/div>\n\t\t\t\t<\/div>\n\t\t\t\t<div class=\"elementor-element elementor-element-31daf02b elementor-mobile-align-center elementor-widget elementor-widget-button\" data-id=\"31daf02b\" data-element_type=\"widget\" data-widget_type=\"button.default\">\n\t\t\t\t<div class=\"elementor-widget-container\">\n\t\t\t\t\t\t\t\t\t<div class=\"elementor-button-wrapper\">\n\t\t\t\t\t<a class=\"elementor-button elementor-button-link elementor-size-sm\" href=\"https:\/\/www.joseppons.net\/es\/don-giovanni\/\">\n\t\t\t\t\t\t<span class=\"elementor-button-content-wrapper\">\n\t\t\t\t\t\t\t\t\t<span class=\"elementor-button-text\">Leer m\u00e1s<\/span>\n\t\t\t\t\t<\/span>\n\t\t\t\t\t<\/a>\n\t\t\t\t<\/div>\n\t\t\t\t\t\t\t\t<\/div>\n\t\t\t\t<\/div>\n\t\t\t\t\t<\/div>\n\t\t\t\t<\/div>\n\t\t\t\t\t<\/div>\n\t\t\t\t<\/div>\n\t\t\t\t<\/div>\n\t\t\t\t<div data-elementor-type=\"loop-item\" data-elementor-id=\"5797\" class=\"elementor elementor-5797 elementor-3840 e-loop-item e-loop-item-5262 post-5262 post type-post status-publish format-standard has-post-thumbnail hentry\" data-elementor-post-type=\"elementor_library\" data-custom-edit-handle=\"1\">\n\t\t\t<div class=\"elementor-element elementor-element-50da0826 e-flex e-con-boxed e-con e-parent\" data-id=\"50da0826\" data-element_type=\"container\">\n\t\t\t\t\t<div class=\"e-con-inner\">\n\t\t<div class=\"elementor-element elementor-element-16d3c757 e-flex e-con-boxed e-con e-child\" data-id=\"16d3c757\" data-element_type=\"container\">\n\t\t\t\t\t<div class=\"e-con-inner\">\n\t\t\t\t<div class=\"elementor-element elementor-element-a9270ce elementor-widget elementor-widget-theme-post-featured-image elementor-widget-image\" data-id=\"a9270ce\" data-element_type=\"widget\" data-widget_type=\"theme-post-featured-image.default\">\n\t\t\t\t<div class=\"elementor-widget-container\">\n\t\t\t\t\t\t\t\t\t\t\t\t\t\t\t\t<a href=\"https:\/\/www.joseppons.net\/es\/electrizante-elektra\/\">\n\t\t\t\t\t\t\t<img loading=\"lazy\" decoding=\"async\" width=\"366\" height=\"256\" src=\"https:\/\/www.joseppons.net\/wp-content\/uploads\/2025\/06\/ELEKTRA.jpg\" class=\"attachment-large size-large wp-image-3523\" alt=\"\" srcset=\"https:\/\/www.joseppons.net\/wp-content\/uploads\/2025\/06\/ELEKTRA.jpg 366w, https:\/\/www.joseppons.net\/wp-content\/uploads\/2025\/06\/ELEKTRA-300x210.jpg 300w\" sizes=\"(max-width: 366px) 100vw, 366px\" \/>\t\t\t\t\t\t\t\t<\/a>\n\t\t\t\t\t\t\t\t\t\t\t\t\t\t\t<\/div>\n\t\t\t\t<\/div>\n\t\t\t\t<div class=\"elementor-element elementor-element-68646aa5 elementor-widget elementor-widget-theme-post-title elementor-page-title elementor-widget-heading\" data-id=\"68646aa5\" data-element_type=\"widget\" data-widget_type=\"theme-post-title.default\">\n\t\t\t\t<div class=\"elementor-widget-container\">\n\t\t\t\t\t<h4 class=\"elementor-heading-title elementor-size-default\">Electrizante Elektra<\/h4>\t\t\t\t<\/div>\n\t\t\t\t<\/div>\n\t\t\t\t<div class=\"elementor-element elementor-element-31daf02b elementor-mobile-align-center elementor-widget elementor-widget-button\" data-id=\"31daf02b\" data-element_type=\"widget\" data-widget_type=\"button.default\">\n\t\t\t\t<div class=\"elementor-widget-container\">\n\t\t\t\t\t\t\t\t\t<div class=\"elementor-button-wrapper\">\n\t\t\t\t\t<a class=\"elementor-button elementor-button-link elementor-size-sm\" href=\"https:\/\/www.joseppons.net\/es\/electrizante-elektra\/\">\n\t\t\t\t\t\t<span class=\"elementor-button-content-wrapper\">\n\t\t\t\t\t\t\t\t\t<span class=\"elementor-button-text\">Leer m\u00e1s<\/span>\n\t\t\t\t\t<\/span>\n\t\t\t\t\t<\/a>\n\t\t\t\t<\/div>\n\t\t\t\t\t\t\t\t<\/div>\n\t\t\t\t<\/div>\n\t\t\t\t\t<\/div>\n\t\t\t\t<\/div>\n\t\t\t\t\t<\/div>\n\t\t\t\t<\/div>\n\t\t\t\t<\/div>\n\t\t\t\t<div data-elementor-type=\"loop-item\" data-elementor-id=\"5797\" class=\"elementor elementor-5797 elementor-3840 e-loop-item e-loop-item-5261 post-5261 post type-post status-publish format-standard has-post-thumbnail hentry\" data-elementor-post-type=\"elementor_library\" data-custom-edit-handle=\"1\">\n\t\t\t<div class=\"elementor-element elementor-element-50da0826 e-flex e-con-boxed e-con e-parent\" data-id=\"50da0826\" data-element_type=\"container\">\n\t\t\t\t\t<div class=\"e-con-inner\">\n\t\t<div class=\"elementor-element elementor-element-16d3c757 e-flex e-con-boxed e-con e-child\" data-id=\"16d3c757\" data-element_type=\"container\">\n\t\t\t\t\t<div class=\"e-con-inner\">\n\t\t\t\t<div class=\"elementor-element elementor-element-a9270ce elementor-widget elementor-widget-theme-post-featured-image elementor-widget-image\" data-id=\"a9270ce\" data-element_type=\"widget\" data-widget_type=\"theme-post-featured-image.default\">\n\t\t\t\t<div class=\"elementor-widget-container\">\n\t\t\t\t\t\t\t\t\t\t\t\t\t\t\t\t<a href=\"https:\/\/www.joseppons.net\/es\/premios-para-el-cd-mahler-berio-con-matthias-goerne\/\">\n\t\t\t\t\t\t\t<img loading=\"lazy\" decoding=\"async\" width=\"700\" height=\"700\" src=\"https:\/\/www.joseppons.net\/wp-content\/uploads\/2025\/06\/berio.jpg\" class=\"attachment-large size-large wp-image-3519\" alt=\"\" srcset=\"https:\/\/www.joseppons.net\/wp-content\/uploads\/2025\/06\/berio.jpg 700w, https:\/\/www.joseppons.net\/wp-content\/uploads\/2025\/06\/berio-300x300.jpg 300w, https:\/\/www.joseppons.net\/wp-content\/uploads\/2025\/06\/berio-150x150.jpg 150w, https:\/\/www.joseppons.net\/wp-content\/uploads\/2025\/06\/berio-650x650.jpg 650w\" sizes=\"(max-width: 700px) 100vw, 700px\" \/>\t\t\t\t\t\t\t\t<\/a>\n\t\t\t\t\t\t\t\t\t\t\t\t\t\t\t<\/div>\n\t\t\t\t<\/div>\n\t\t\t\t<div class=\"elementor-element elementor-element-68646aa5 elementor-widget elementor-widget-theme-post-title elementor-page-title elementor-widget-heading\" data-id=\"68646aa5\" data-element_type=\"widget\" data-widget_type=\"theme-post-title.default\">\n\t\t\t\t<div class=\"elementor-widget-container\">\n\t\t\t\t\t<h4 class=\"elementor-heading-title elementor-size-default\">Premios para el CD Mahler-Berio con Matthias Goerne<\/h4>\t\t\t\t<\/div>\n\t\t\t\t<\/div>\n\t\t\t\t<div class=\"elementor-element elementor-element-31daf02b elementor-mobile-align-center elementor-widget elementor-widget-button\" data-id=\"31daf02b\" data-element_type=\"widget\" data-widget_type=\"button.default\">\n\t\t\t\t<div class=\"elementor-widget-container\">\n\t\t\t\t\t\t\t\t\t<div class=\"elementor-button-wrapper\">\n\t\t\t\t\t<a class=\"elementor-button elementor-button-link elementor-size-sm\" href=\"https:\/\/www.joseppons.net\/es\/premios-para-el-cd-mahler-berio-con-matthias-goerne\/\">\n\t\t\t\t\t\t<span class=\"elementor-button-content-wrapper\">\n\t\t\t\t\t\t\t\t\t<span class=\"elementor-button-text\">Leer m\u00e1s<\/span>\n\t\t\t\t\t<\/span>\n\t\t\t\t\t<\/a>\n\t\t\t\t<\/div>\n\t\t\t\t\t\t\t\t<\/div>\n\t\t\t\t<\/div>\n\t\t\t\t\t<\/div>\n\t\t\t\t<\/div>\n\t\t\t\t\t<\/div>\n\t\t\t\t<\/div>\n\t\t\t\t<\/div>\n\t\t\t\t<div data-elementor-type=\"loop-item\" data-elementor-id=\"5797\" class=\"elementor elementor-5797 elementor-3840 e-loop-item e-loop-item-5260 post-5260 post type-post status-publish format-standard has-post-thumbnail hentry\" data-elementor-post-type=\"elementor_library\" data-custom-edit-handle=\"1\">\n\t\t\t<div class=\"elementor-element elementor-element-50da0826 e-flex e-con-boxed e-con e-parent\" data-id=\"50da0826\" data-element_type=\"container\">\n\t\t\t\t\t<div class=\"e-con-inner\">\n\t\t<div class=\"elementor-element elementor-element-16d3c757 e-flex e-con-boxed e-con e-child\" data-id=\"16d3c757\" data-element_type=\"container\">\n\t\t\t\t\t<div class=\"e-con-inner\">\n\t\t\t\t<div class=\"elementor-element elementor-element-a9270ce elementor-widget elementor-widget-theme-post-featured-image elementor-widget-image\" data-id=\"a9270ce\" data-element_type=\"widget\" data-widget_type=\"theme-post-featured-image.default\">\n\t\t\t\t<div class=\"elementor-widget-container\">\n\t\t\t\t\t\t\t\t\t\t\t\t\t\t\t\t<a href=\"https:\/\/www.joseppons.net\/es\/debut-con-la-philharmonia-orchestra-en-el-royal-festival-hall\/\">\n\t\t\t\t\t\t\t<img loading=\"lazy\" decoding=\"async\" width=\"658\" height=\"148\" src=\"https:\/\/www.joseppons.net\/wp-content\/uploads\/2025\/06\/philharmonia_orchestra.jpg\" class=\"attachment-large size-large wp-image-3515\" alt=\"\" srcset=\"https:\/\/www.joseppons.net\/wp-content\/uploads\/2025\/06\/philharmonia_orchestra.jpg 658w, https:\/\/www.joseppons.net\/wp-content\/uploads\/2025\/06\/philharmonia_orchestra-300x67.jpg 300w\" sizes=\"(max-width: 658px) 100vw, 658px\" \/>\t\t\t\t\t\t\t\t<\/a>\n\t\t\t\t\t\t\t\t\t\t\t\t\t\t\t<\/div>\n\t\t\t\t<\/div>\n\t\t\t\t<div class=\"elementor-element elementor-element-68646aa5 elementor-widget elementor-widget-theme-post-title elementor-page-title elementor-widget-heading\" data-id=\"68646aa5\" data-element_type=\"widget\" data-widget_type=\"theme-post-title.default\">\n\t\t\t\t<div class=\"elementor-widget-container\">\n\t\t\t\t\t<h4 class=\"elementor-heading-title elementor-size-default\">Debut con la Philharmonia Orchestra en el Royal Festival Hall<\/h4>\t\t\t\t<\/div>\n\t\t\t\t<\/div>\n\t\t\t\t<div class=\"elementor-element elementor-element-31daf02b elementor-mobile-align-center elementor-widget elementor-widget-button\" data-id=\"31daf02b\" data-element_type=\"widget\" data-widget_type=\"button.default\">\n\t\t\t\t<div class=\"elementor-widget-container\">\n\t\t\t\t\t\t\t\t\t<div class=\"elementor-button-wrapper\">\n\t\t\t\t\t<a class=\"elementor-button elementor-button-link elementor-size-sm\" href=\"https:\/\/www.joseppons.net\/es\/debut-con-la-philharmonia-orchestra-en-el-royal-festival-hall\/\">\n\t\t\t\t\t\t<span class=\"elementor-button-content-wrapper\">\n\t\t\t\t\t\t\t\t\t<span class=\"elementor-button-text\">Leer m\u00e1s<\/span>\n\t\t\t\t\t<\/span>\n\t\t\t\t\t<\/a>\n\t\t\t\t<\/div>\n\t\t\t\t\t\t\t\t<\/div>\n\t\t\t\t<\/div>\n\t\t\t\t\t<\/div>\n\t\t\t\t<\/div>\n\t\t\t\t\t<\/div>\n\t\t\t\t<\/div>\n\t\t\t\t<\/div>\n\t\t\t\t<\/div>\n\t\t\t\t\t<span class=\"e-load-more-spinner\">\n\t\t\t\t<i aria-hidden=\"true\" class=\"fas fa-spinner\"><\/i>\t\t\t<\/span>\n\t\t\n\t\t\t\t\t\t<\/div>\n\t\t\t\t<\/div>\n\t\t\t\t\t<\/div>\n\t\t\t\t<\/div>\n\t\t\t\t<\/div>\n\t\t","protected":false},"excerpt":{"rendered":"<p>Noticias<\/p>\n","protected":false},"author":1,"featured_media":0,"parent":0,"menu_order":0,"comment_status":"closed","ping_status":"closed","template":"page-templates\/template-pagebuilder-full-width.php","meta":{"_acf_changed":false,"neve_meta_sidebar":"","neve_meta_container":"","neve_meta_enable_content_width":"off","neve_meta_content_width":100,"neve_meta_title_alignment":"","neve_meta_author_avatar":"","neve_post_elements_order":"","neve_meta_disable_header":"","neve_meta_disable_footer":"","neve_meta_disable_title":"","footnotes":""},"class_list":["post-5775","page","type-page","status-publish","hentry"],"acf":[],"yoast_head":"<!-- This site is optimized with the Yoast SEO plugin v26.2 - https:\/\/yoast.com\/wordpress\/plugins\/seo\/ -->\n<title>Noticias | Josep Pons<\/title>\n<meta name=\"description\" content=\"\u00a1Las noticias m\u00e1s importantes te est\u00e1n esperando! \u00bfQuieres estar al d\u00eda sobre los nuevos proyectos de la marca? \u00a1No te pierdas nuestro blog!.\" \/>\n<meta name=\"robots\" content=\"index, follow, max-snippet:-1, max-image-preview:large, max-video-preview:-1\" \/>\n<link rel=\"canonical\" href=\"https:\/\/www.joseppons.net\/es\/noticias\/\" \/>\n<meta property=\"og:locale\" content=\"es_ES\" \/>\n<meta property=\"og:type\" content=\"article\" \/>\n<meta property=\"og:title\" content=\"Noticias | Josep Pons\" \/>\n<meta property=\"og:description\" content=\"\u00a1Las noticias m\u00e1s importantes te est\u00e1n esperando! \u00bfQuieres estar al d\u00eda sobre los nuevos proyectos de la marca? \u00a1No te pierdas nuestro blog!.\" \/>\n<meta property=\"og:url\" content=\"https:\/\/www.joseppons.net\/es\/noticias\/\" \/>\n<meta property=\"og:site_name\" content=\"JOSEP PONS\" \/>\n<meta property=\"article:publisher\" content=\"https:\/\/www.facebook.com\/people\/Josep-Pons\/\" \/>\n<meta property=\"article:modified_time\" content=\"2025-10-28T10:30:29+00:00\" \/>\n<meta property=\"og:image\" content=\"https:\/\/www.joseppons.net\/wp-content\/uploads\/2025\/10\/Josep-pons.jpg\" \/>\n\t<meta property=\"og:image:width\" content=\"1280\" \/>\n\t<meta property=\"og:image:height\" content=\"720\" \/>\n\t<meta property=\"og:image:type\" content=\"image\/jpeg\" \/>\n<meta name=\"twitter:card\" content=\"summary_large_image\" \/>\n<script type=\"application\/ld+json\" class=\"yoast-schema-graph\">{\"@context\":\"https:\/\/schema.org\",\"@graph\":[{\"@type\":\"WebPage\",\"@id\":\"https:\/\/www.joseppons.net\/es\/noticias\/\",\"url\":\"https:\/\/www.joseppons.net\/es\/noticias\/\",\"name\":\"Noticias | Josep Pons\",\"isPartOf\":{\"@id\":\"https:\/\/www.joseppons.net\/es\/#website\"},\"datePublished\":\"2022-05-19T07:20:32+00:00\",\"dateModified\":\"2025-10-28T10:30:29+00:00\",\"description\":\"\u00a1Las noticias m\u00e1s importantes te est\u00e1n esperando! \u00bfQuieres estar al d\u00eda sobre los nuevos proyectos de la marca? \u00a1No te pierdas nuestro blog!.\",\"breadcrumb\":{\"@id\":\"https:\/\/www.joseppons.net\/es\/noticias\/#breadcrumb\"},\"inLanguage\":\"es\",\"potentialAction\":[{\"@type\":\"ReadAction\",\"target\":[\"https:\/\/www.joseppons.net\/es\/noticias\/\"]}]},{\"@type\":\"BreadcrumbList\",\"@id\":\"https:\/\/www.joseppons.net\/es\/noticias\/#breadcrumb\",\"itemListElement\":[{\"@type\":\"ListItem\",\"position\":1,\"name\":\"Inici\",\"item\":\"https:\/\/www.joseppons.net\/es\/\"},{\"@type\":\"ListItem\",\"position\":2,\"name\":\"Noticias\"}]},{\"@type\":\"WebSite\",\"@id\":\"https:\/\/www.joseppons.net\/es\/#website\",\"url\":\"https:\/\/www.joseppons.net\/es\/\",\"name\":\"JOSEP PONS\",\"description\":\"Comprom\u00e8s amb la m\u00fasica\",\"publisher\":{\"@id\":\"https:\/\/www.joseppons.net\/es\/#organization\"},\"alternateName\":\"JOSEP PONS\",\"potentialAction\":[{\"@type\":\"SearchAction\",\"target\":{\"@type\":\"EntryPoint\",\"urlTemplate\":\"https:\/\/www.joseppons.net\/es\/?s={search_term_string}\"},\"query-input\":{\"@type\":\"PropertyValueSpecification\",\"valueRequired\":true,\"valueName\":\"search_term_string\"}}],\"inLanguage\":\"es\"},{\"@type\":\"Organization\",\"@id\":\"https:\/\/www.joseppons.net\/es\/#organization\",\"name\":\"JOSEP PONS\",\"alternateName\":\"JOSEP PONS\",\"url\":\"https:\/\/www.joseppons.net\/es\/\",\"logo\":{\"@type\":\"ImageObject\",\"inLanguage\":\"es\",\"@id\":\"https:\/\/www.joseppons.net\/es\/#\/schema\/logo\/image\/\",\"url\":\"https:\/\/www.joseppons.net\/wp-content\/uploads\/2025\/06\/cropped-favicon-jp.png\",\"contentUrl\":\"https:\/\/www.joseppons.net\/wp-content\/uploads\/2025\/06\/cropped-favicon-jp.png\",\"width\":512,\"height\":512,\"caption\":\"JOSEP PONS\"},\"image\":{\"@id\":\"https:\/\/www.joseppons.net\/es\/#\/schema\/logo\/image\/\"},\"sameAs\":[\"https:\/\/www.facebook.com\/people\/Josep-Pons\/\",\"https:\/\/www.instagram.com\/josepponsconductor\/\",\"https:\/\/x.com\/ConductorPons\",\"https:\/\/open.spotify.com\/artist\/1TlFTSPL1hXKUTjHIqqFvV\",\"https:\/\/music.apple.com\/es\/artist\/josep-pons\/205799774\"]}]}<\/script>\n<!-- \/ Yoast SEO plugin. -->","yoast_head_json":{"title":"Noticias | Josep Pons","description":"\u00a1Las noticias m\u00e1s importantes te est\u00e1n esperando! \u00bfQuieres estar al d\u00eda sobre los nuevos proyectos de la marca? \u00a1No te pierdas nuestro blog!.","robots":{"index":"index","follow":"follow","max-snippet":"max-snippet:-1","max-image-preview":"max-image-preview:large","max-video-preview":"max-video-preview:-1"},"canonical":"https:\/\/www.joseppons.net\/es\/noticias\/","og_locale":"es_ES","og_type":"article","og_title":"Noticias | Josep Pons","og_description":"\u00a1Las noticias m\u00e1s importantes te est\u00e1n esperando! \u00bfQuieres estar al d\u00eda sobre los nuevos proyectos de la marca? \u00a1No te pierdas nuestro blog!.","og_url":"https:\/\/www.joseppons.net\/es\/noticias\/","og_site_name":"JOSEP PONS","article_publisher":"https:\/\/www.facebook.com\/people\/Josep-Pons\/","article_modified_time":"2025-10-28T10:30:29+00:00","og_image":[{"width":1280,"height":720,"url":"https:\/\/www.joseppons.net\/wp-content\/uploads\/2025\/10\/Josep-pons.jpg","type":"image\/jpeg"}],"twitter_card":"summary_large_image","schema":{"@context":"https:\/\/schema.org","@graph":[{"@type":"WebPage","@id":"https:\/\/www.joseppons.net\/es\/noticias\/","url":"https:\/\/www.joseppons.net\/es\/noticias\/","name":"Noticias | Josep Pons","isPartOf":{"@id":"https:\/\/www.joseppons.net\/es\/#website"},"datePublished":"2022-05-19T07:20:32+00:00","dateModified":"2025-10-28T10:30:29+00:00","description":"\u00a1Las noticias m\u00e1s importantes te est\u00e1n esperando! \u00bfQuieres estar al d\u00eda sobre los nuevos proyectos de la marca? \u00a1No te pierdas nuestro blog!.","breadcrumb":{"@id":"https:\/\/www.joseppons.net\/es\/noticias\/#breadcrumb"},"inLanguage":"es","potentialAction":[{"@type":"ReadAction","target":["https:\/\/www.joseppons.net\/es\/noticias\/"]}]},{"@type":"BreadcrumbList","@id":"https:\/\/www.joseppons.net\/es\/noticias\/#breadcrumb","itemListElement":[{"@type":"ListItem","position":1,"name":"Inici","item":"https:\/\/www.joseppons.net\/es\/"},{"@type":"ListItem","position":2,"name":"Noticias"}]},{"@type":"WebSite","@id":"https:\/\/www.joseppons.net\/es\/#website","url":"https:\/\/www.joseppons.net\/es\/","name":"JOSEP PONS","description":"Comprom\u00e8s amb la m\u00fasica","publisher":{"@id":"https:\/\/www.joseppons.net\/es\/#organization"},"alternateName":"JOSEP PONS","potentialAction":[{"@type":"SearchAction","target":{"@type":"EntryPoint","urlTemplate":"https:\/\/www.joseppons.net\/es\/?s={search_term_string}"},"query-input":{"@type":"PropertyValueSpecification","valueRequired":true,"valueName":"search_term_string"}}],"inLanguage":"es"},{"@type":"Organization","@id":"https:\/\/www.joseppons.net\/es\/#organization","name":"JOSEP PONS","alternateName":"JOSEP PONS","url":"https:\/\/www.joseppons.net\/es\/","logo":{"@type":"ImageObject","inLanguage":"es","@id":"https:\/\/www.joseppons.net\/es\/#\/schema\/logo\/image\/","url":"https:\/\/www.joseppons.net\/wp-content\/uploads\/2025\/06\/cropped-favicon-jp.png","contentUrl":"https:\/\/www.joseppons.net\/wp-content\/uploads\/2025\/06\/cropped-favicon-jp.png","width":512,"height":512,"caption":"JOSEP PONS"},"image":{"@id":"https:\/\/www.joseppons.net\/es\/#\/schema\/logo\/image\/"},"sameAs":["https:\/\/www.facebook.com\/people\/Josep-Pons\/","https:\/\/www.instagram.com\/josepponsconductor\/","https:\/\/x.com\/ConductorPons","https:\/\/open.spotify.com\/artist\/1TlFTSPL1hXKUTjHIqqFvV","https:\/\/music.apple.com\/es\/artist\/josep-pons\/205799774"]}]}},"_links":{"self":[{"href":"https:\/\/www.joseppons.net\/es\/wp-json\/wp\/v2\/pages\/5775","targetHints":{"allow":["GET"]}}],"collection":[{"href":"https:\/\/www.joseppons.net\/es\/wp-json\/wp\/v2\/pages"}],"about":[{"href":"https:\/\/www.joseppons.net\/es\/wp-json\/wp\/v2\/types\/page"}],"author":[{"embeddable":true,"href":"https:\/\/www.joseppons.net\/es\/wp-json\/wp\/v2\/users\/1"}],"replies":[{"embeddable":true,"href":"https:\/\/www.joseppons.net\/es\/wp-json\/wp\/v2\/comments?post=5775"}],"version-history":[{"count":4,"href":"https:\/\/www.joseppons.net\/es\/wp-json\/wp\/v2\/pages\/5775\/revisions"}],"predecessor-version":[{"id":6154,"href":"https:\/\/www.joseppons.net\/es\/wp-json\/wp\/v2\/pages\/5775\/revisions\/6154"}],"wp:attachment":[{"href":"https:\/\/www.joseppons.net\/es\/wp-json\/wp\/v2\/media?parent=5775"}],"curies":[{"name":"wp","href":"https:\/\/api.w.org\/{rel}","templated":true}]}}