{"id":5782,"date":"2022-05-16T19:27:34","date_gmt":"2022-05-16T17:27:34","guid":{"rendered":"https:\/\/joseppons.neorgvirtual.com\/biografia\/"},"modified":"2025-10-28T09:55:52","modified_gmt":"2025-10-28T08:55:52","slug":"biografia","status":"publish","type":"page","link":"https:\/\/www.joseppons.net\/es\/biografia\/","title":{"rendered":"Biograf\u00eda"},"content":{"rendered":"\t\t<div data-elementor-type=\"wp-page\" data-elementor-id=\"5782\" class=\"elementor elementor-5782 elementor-929\" data-elementor-post-type=\"page\">\n\t\t\t\t<div class=\"elementor-element elementor-element-fc05e37 e-con-full e-flex e-con e-parent\" data-id=\"fc05e37\" data-element_type=\"container\" data-settings=\"{&quot;background_background&quot;:&quot;classic&quot;,&quot;sticky&quot;:&quot;top&quot;,&quot;sticky_on&quot;:[&quot;desktop&quot;,&quot;laptop&quot;,&quot;tablet&quot;,&quot;mobile&quot;],&quot;sticky_offset&quot;:0,&quot;sticky_effects_offset&quot;:0,&quot;sticky_anchor_link_offset&quot;:0}\">\n\t\t<div class=\"elementor-element elementor-element-95361a4 e-con-full e-flex e-con e-child\" data-id=\"95361a4\" data-element_type=\"container\">\n\t\t\t\t<div class=\"elementor-element elementor-element-aae9538 elementor-widget elementor-widget-qi_addons_for_elementor_animated_text\" data-id=\"aae9538\" data-element_type=\"widget\" data-widget_type=\"qi_addons_for_elementor_animated_text.default\">\n\t\t\t\t<div class=\"elementor-widget-container\">\n\t\t\t\t\t<div class=\"qodef-shortcode qodef-m qodef-qi-animated-text qodef--animated-by-letter qodef-qi--has-appear qodef--appear-from-bottom\" data-appear-delay=\"2500\">\n\t\t<h1 class=\"qodef-m-title\">\n\t\t<span class=\"qodef-e-word-holder\">\"En<\/span> <span class=\"qodef-e-word-holder\">cada<\/span> <span class=\"qodef-e-word-holder\">concierto<\/span> <span class=\"qodef-e-word-holder\">vivo<\/span> <span class=\"qodef-e-word-holder\">una<\/span> <span class=\"qodef-e-word-holder\">emoci\u00f3n<\/span> <span class=\"qodef-e-word-holder\">\u00edntima\"<\/span>\t<\/h1>\n<\/div>\n\t\t\t\t<\/div>\n\t\t\t\t<\/div>\n\t\t\t\t<div class=\"elementor-element elementor-element-01a7607 elementor-widget elementor-widget-qi_addons_for_elementor_animated_text\" data-id=\"01a7607\" data-element_type=\"widget\" data-widget_type=\"qi_addons_for_elementor_animated_text.default\">\n\t\t\t\t<div class=\"elementor-widget-container\">\n\t\t\t\t\t<div class=\"qodef-shortcode qodef-m qodef-qi-animated-text qodef--animated-by-letter qodef-qi--has-appear qodef--appear-from-bottom\" data-appear-delay=\"2500\">\n\t\t<h1 class=\"qodef-m-title\">\n\t\t<span class=\"qodef-e-word-holder\">Josep<\/span> <span class=\"qodef-e-word-holder\">Pons<\/span> <span class=\"qodef-e-word-holder\">-<\/span> <span class=\"qodef-e-word-holder\">Director<\/span>\t<\/h1>\n<\/div>\n\t\t\t\t<\/div>\n\t\t\t\t<\/div>\n\t\t\t\t<\/div>\n\t\t\t\t<\/div>\n\t\t<div class=\"elementor-element elementor-element-e25681f e-con-full e-flex e-con e-parent\" data-id=\"e25681f\" data-element_type=\"container\" data-settings=\"{&quot;background_background&quot;:&quot;classic&quot;}\">\n\t\t<div class=\"elementor-element elementor-element-9a8e295 e-con-full e-flex e-con e-child\" data-id=\"9a8e295\" data-element_type=\"container\" data-settings=\"{&quot;background_background&quot;:&quot;classic&quot;}\">\n\t\t\t\t<\/div>\n\t\t<div class=\"elementor-element elementor-element-a48198b e-con-full e-flex e-con e-child\" data-id=\"a48198b\" data-element_type=\"container\">\n\t\t<div class=\"elementor-element elementor-element-53a2206 e-flex e-con-boxed e-con e-child\" data-id=\"53a2206\" data-element_type=\"container\">\n\t\t\t\t\t<div class=\"e-con-inner\">\n\t\t\t\t<div class=\"elementor-element elementor-element-0b02aff elementor-widget elementor-widget-heading\" data-id=\"0b02aff\" data-element_type=\"widget\" data-widget_type=\"heading.default\">\n\t\t\t\t<div class=\"elementor-widget-container\">\n\t\t\t\t\t<h2 class=\"elementor-heading-title elementor-size-default\">Biograf\u00eda<\/h2>\t\t\t\t<\/div>\n\t\t\t\t<\/div>\n\t\t\t\t<div class=\"elementor-element elementor-element-b31ab7d elementor-widget elementor-widget-text-editor\" data-id=\"b31ab7d\" data-element_type=\"widget\" data-widget_type=\"text-editor.default\">\n\t\t\t\t<div class=\"elementor-widget-container\">\n\t\t\t\t\t\t\t\t\t<p>Josep Pons es el Director Musical del Gran Teatre del Liceu desde 2012, y su \u00faltima renovaci\u00f3n lo mantiene en el cargo hasta 2026.\u00a0<br \/>A lo largo de estos a\u00f1os ha dirigido una cuarentena de t\u00edtulos, con especial atenci\u00f3n a las grandes obras del repertorio de los siglos XIX y XX, como el ciclo del Anillo del Nibelungo, Trist\u00e1n e Isolda, Parsifal o Lohengrin de Wagner, Elektra de Richard Strauss, Wozzeck de Alban Berg o Pell\u00e9as et M\u00e9lisande de Debussy, y tambi\u00e9n de otros estilos como la trilog\u00eda Da Ponte de Mozart o Rodelinda de H\u00e4ndel, adem\u00e1s de varias estrenos.<\/p>\n<p>Es Director Honor\u00edfico de la \u00abOrquesta y Coro Nacionales de Espa\u00f1a\u00bb, donde fue director titular y art\u00edstico de 2003 a 2012, y tambi\u00e9n de la Orquesta Ciudad de Granada (1993-2003). Fue fundador de la Orquestra de Cambra Teatre Lliure, de la que fue director titular de 1985 a 1997, y de la JONC (Jove Orquestra Nacional de Catalunya), de la que es \u00abDirector fundador\u00bb.<br \/>En 1992 fue Director Musical ejecutivo de las ceremonias de los Juegos Ol\u00edmpicos \u00abBarcelona-92\u00bb.\u00a0<\/p>\n<p>Recientemente ha sido elegido Director Titular y Art\u00edstico de la \u00abDeutsche Radio Philharmonie\u00bb a partir de la temporada 2025-26.<\/p>\n\t\t\t\t\t\t\t\t<\/div>\n\t\t\t\t<\/div>\n\t\t\t\t\t<\/div>\n\t\t\t\t<\/div>\n\t\t\t\t<\/div>\n\t\t\t\t<\/div>\n\t\t<div class=\"elementor-element elementor-element-fbaab7e e-con-full e-flex e-con e-parent\" data-id=\"fbaab7e\" data-element_type=\"container\" data-settings=\"{&quot;background_background&quot;:&quot;classic&quot;}\">\n\t\t<div class=\"elementor-element elementor-element-6e3764e e-con-full e-flex e-con e-child\" data-id=\"6e3764e\" data-element_type=\"container\" data-settings=\"{&quot;background_background&quot;:&quot;classic&quot;}\">\n\t\t\t\t<\/div>\n\t\t<div class=\"elementor-element elementor-element-792339d e-con-full e-flex e-con e-child\" data-id=\"792339d\" data-element_type=\"container\">\n\t\t<div class=\"elementor-element elementor-element-cec0bdb e-flex e-con-boxed e-con e-child\" data-id=\"cec0bdb\" data-element_type=\"container\">\n\t\t\t\t\t<div class=\"e-con-inner\">\n\t\t\t\t<div class=\"elementor-element elementor-element-011a93d elementor-widget elementor-widget-text-editor\" data-id=\"011a93d\" data-element_type=\"widget\" data-widget_type=\"text-editor.default\">\n\t\t\t\t<div class=\"elementor-widget-container\">\n\t\t\t\t\t\t\t\t\t<p>La discograf\u00eda de Josep Pons, con m\u00e1s de 50 CDs y DVDs, en su mayor\u00eda editados por Harmonia Mundi France y por Deutsche Grammophon, incluye grabaciones de Falla y repertorio franc\u00e9s consideradas interpretaciones de referencia y que han recibido numerosos premios, como el Premio de la Academia Charles Cros, los Cannes Classical Awards o los Grammy.\u00a0<\/p>\n<p>Su grabaci\u00f3n de Noches en los jardines de Espa\u00f1a con Javier Perianes gan\u00f3 un Choc de la Musique, Melancol\u00eda con Patricia Petibon recibi\u00f3 una Elecci\u00f3n del Editor de Gramophone, y su colaboraci\u00f3n con Tomatito le vali\u00f3 un Grammy Latino. Su grabaci\u00f3n de la Sinfon\u00eda de Berio y 10 Fr\u00fche Lieder de Mahler\/Berio con la BBC Symphony Orchestra y Matthias Goerne obtuvo el BBC Music Award, Choc de la Musique, ECHO Klassik Awards y el premio T\u00e9l\u00e9rama.\u00a0<\/p>\n<p>Sus \u00faltimos lanzamientos con Harmonia Mundi han sido las grabaciones de la \u00f3pera Goyescas de Granados con la BBC Symphony Orchestra, y Le Tombeau de Couperin \u2013 Alborada del gracioso de Ravel con la Orchestre de Par\u00eds y Javier Perianes.<\/p>\n\t\t\t\t\t\t\t\t<\/div>\n\t\t\t\t<\/div>\n\t\t\t\t\t<\/div>\n\t\t\t\t<\/div>\n\t\t\t\t<\/div>\n\t\t\t\t<\/div>\n\t\t<div class=\"elementor-element elementor-element-fc1846f e-con-full e-flex e-con e-parent\" data-id=\"fc1846f\" data-element_type=\"container\" data-settings=\"{&quot;background_background&quot;:&quot;classic&quot;}\">\n\t\t<div class=\"elementor-element elementor-element-00fd336 e-con-full e-flex e-con e-child\" data-id=\"00fd336\" data-element_type=\"container\" data-settings=\"{&quot;background_background&quot;:&quot;classic&quot;}\">\n\t\t\t\t<\/div>\n\t\t<div class=\"elementor-element elementor-element-9392b8d e-con-full e-flex e-con e-child\" data-id=\"9392b8d\" data-element_type=\"container\">\n\t\t\t\t<div class=\"elementor-element elementor-element-886d3ff elementor-widget elementor-widget-text-editor\" data-id=\"886d3ff\" data-element_type=\"widget\" data-widget_type=\"text-editor.default\">\n\t\t\t\t<div class=\"elementor-widget-container\">\n\t\t\t\t\t\t\t\t\t<p>Ha sido distinguido, entre otros, con el \u00abPremio Nacional de M\u00fasica\u00bb otorgado por el Ministerio de Cultura del Estado espa\u00f1ol, por su destacada labor en la m\u00fasica del siglo XX.\u00a0<br \/>En 2019 fue investido Doctor Honoris Causa por la Universidad Aut\u00f3noma de Barcelona (UAB) y tambi\u00e9n recibi\u00f3 la \u00abMedalla de Oro al M\u00e9rito en las Bellas Artes\u00bb.<br \/>Es Acad\u00e9mico Supernumerario de la Real Academia Catalana de Bellas Artes de San Jorge.<\/p>\n<p>A lo largo de su carrera, Josep Pons ha establecido fuertes v\u00ednculos con la mayor\u00eda de las grandes orquestas europeas, habiendo grabado con la Orchestre de Paris y la BBC Symphony Orchestra, con las que ha realizado varias apariciones en los BBC Proms.<\/p>\n<p>Josep Pons inici\u00f3 su formaci\u00f3n musical en la prestigiosa Escolan\u00eda de Montserrat. La tradici\u00f3n secular y el estudio intensivo tanto de la Polifon\u00eda como de la m\u00fasica contempor\u00e1nea en este centro marcaron su desarrollo posterior, tanto musical como intelectual.<\/p>\n\t\t\t\t\t\t\t\t<\/div>\n\t\t\t\t<\/div>\n\t\t<div class=\"elementor-element elementor-element-9855841 e-flex e-con-boxed e-con e-child\" data-id=\"9855841\" data-element_type=\"container\">\n\t\t\t\t\t<div class=\"e-con-inner\">\n\t\t\t\t\t<\/div>\n\t\t\t\t<\/div>\n\t\t\t\t<\/div>\n\t\t\t\t<\/div>\n\t\t<div class=\"elementor-element elementor-element-c8f4dc4 e-flex e-con-boxed e-con e-parent\" data-id=\"c8f4dc4\" data-element_type=\"container\" data-settings=\"{&quot;background_background&quot;:&quot;classic&quot;}\">\n\t\t\t\t\t<div class=\"e-con-inner\">\n\t\t<div class=\"elementor-element elementor-element-8f34537 e-con-full e-flex e-con e-child\" data-id=\"8f34537\" data-element_type=\"container\">\n\t\t<div class=\"elementor-element elementor-element-ef07933 e-con-full e-flex e-con e-child\" data-id=\"ef07933\" data-element_type=\"container\">\n\t\t\t\t<div class=\"elementor-element elementor-element-48f9788 elementor-widget elementor-widget-heading\" data-id=\"48f9788\" data-element_type=\"widget\" data-widget_type=\"heading.default\">\n\t\t\t\t<div class=\"elementor-widget-container\">\n\t\t\t\t\t<h2 class=\"elementor-heading-title elementor-size-default\">Director musical<\/h2>\t\t\t\t<\/div>\n\t\t\t\t<\/div>\n\t\t\t\t<div class=\"elementor-element elementor-element-6c4798d elementor-widget__width-inherit elementor-widget elementor-widget-image\" data-id=\"6c4798d\" data-element_type=\"widget\" data-widget_type=\"image.default\">\n\t\t\t\t<div class=\"elementor-widget-container\">\n\t\t\t\t\t\t\t\t\t\t\t\t\t\t\t\t<a href=\"https:\/\/www.liceubarcelona.cat\/\" target=\"_blank\">\n\t\t\t\t\t\t\t<img fetchpriority=\"high\" decoding=\"async\" width=\"640\" height=\"360\" src=\"https:\/\/www.joseppons.net\/wp-content\/uploads\/2025\/06\/liceu-logo.png\" class=\"attachment-large size-large wp-image-5784\" alt=\"\" srcset=\"https:\/\/www.joseppons.net\/wp-content\/uploads\/2025\/06\/liceu-logo.png 640w, https:\/\/www.joseppons.net\/wp-content\/uploads\/2025\/06\/liceu-logo-300x169.png 300w\" sizes=\"(max-width: 640px) 100vw, 640px\" \/>\t\t\t\t\t\t\t\t<\/a>\n\t\t\t\t\t\t\t\t\t\t\t\t\t\t\t<\/div>\n\t\t\t\t<\/div>\n\t\t\t\t<\/div>\n\t\t<div class=\"elementor-element elementor-element-99b33f9 e-con-full e-flex e-con e-child\" data-id=\"99b33f9\" data-element_type=\"container\">\n\t\t\t\t<div class=\"elementor-element elementor-element-f144884 elementor-widget elementor-widget-heading\" data-id=\"f144884\" data-element_type=\"widget\" data-widget_type=\"heading.default\">\n\t\t\t\t<div class=\"elementor-widget-container\">\n\t\t\t\t\t<h2 class=\"elementor-heading-title elementor-size-default\">Director honorario<\/h2>\t\t\t\t<\/div>\n\t\t\t\t<\/div>\n\t\t\t\t<div class=\"elementor-element elementor-element-efc79d2 elementor-widget__width-inherit elementor-widget elementor-widget-image\" data-id=\"efc79d2\" data-element_type=\"widget\" data-widget_type=\"image.default\">\n\t\t\t\t<div class=\"elementor-widget-container\">\n\t\t\t\t\t\t\t\t\t\t\t\t\t\t\t\t<a href=\"https:\/\/ocne.mcu.es\/\" target=\"_blank\">\n\t\t\t\t\t\t\t<img decoding=\"async\" width=\"640\" height=\"360\" src=\"https:\/\/www.joseppons.net\/wp-content\/uploads\/2025\/06\/orquesta-coro-nacionales-esp-logo-1.png\" class=\"attachment-large size-large wp-image-5788\" alt=\"\" srcset=\"https:\/\/www.joseppons.net\/wp-content\/uploads\/2025\/06\/orquesta-coro-nacionales-esp-logo-1.png 640w, https:\/\/www.joseppons.net\/wp-content\/uploads\/2025\/06\/orquesta-coro-nacionales-esp-logo-1-300x169.png 300w\" sizes=\"(max-width: 640px) 100vw, 640px\" \/>\t\t\t\t\t\t\t\t<\/a>\n\t\t\t\t\t\t\t\t\t\t\t\t\t\t\t<\/div>\n\t\t\t\t<\/div>\n\t\t\t\t<\/div>\n\t\t<div class=\"elementor-element elementor-element-b5a35f4 e-con-full e-flex e-con e-child\" data-id=\"b5a35f4\" data-element_type=\"container\">\n\t\t\t\t<div class=\"elementor-element elementor-element-c95d18e elementor-widget elementor-widget-heading\" data-id=\"c95d18e\" data-element_type=\"widget\" data-widget_type=\"heading.default\">\n\t\t\t\t<div class=\"elementor-widget-container\">\n\t\t\t\t\t<h2 class=\"elementor-heading-title elementor-size-default\">Director honor\u00edfico<\/h2>\t\t\t\t<\/div>\n\t\t\t\t<\/div>\n\t\t\t\t<div class=\"elementor-element elementor-element-e119214 elementor-widget__width-inherit elementor-widget elementor-widget-image\" data-id=\"e119214\" data-element_type=\"widget\" data-widget_type=\"image.default\">\n\t\t\t\t<div class=\"elementor-widget-container\">\n\t\t\t\t\t\t\t\t\t\t\t\t\t\t\t\t<a href=\"https:\/\/www.orquestaciudadgranada.es\/\" target=\"_blank\">\n\t\t\t\t\t\t\t<img decoding=\"async\" width=\"640\" height=\"360\" src=\"https:\/\/www.joseppons.net\/wp-content\/uploads\/2025\/06\/o-granada-logo.png\" class=\"attachment-large size-large wp-image-5785\" alt=\"\" srcset=\"https:\/\/www.joseppons.net\/wp-content\/uploads\/2025\/06\/o-granada-logo.png 640w, https:\/\/www.joseppons.net\/wp-content\/uploads\/2025\/06\/o-granada-logo-300x169.png 300w\" sizes=\"(max-width: 640px) 100vw, 640px\" \/>\t\t\t\t\t\t\t\t<\/a>\n\t\t\t\t\t\t\t\t\t\t\t\t\t\t\t<\/div>\n\t\t\t\t<\/div>\n\t\t\t\t<\/div>\n\t\t<div class=\"elementor-element elementor-element-3f03bcc e-con-full e-flex e-con e-child\" data-id=\"3f03bcc\" data-element_type=\"container\">\n\t\t\t\t<div class=\"elementor-element elementor-element-dc9b5ce elementor-widget elementor-widget-heading\" data-id=\"dc9b5ce\" data-element_type=\"widget\" data-widget_type=\"heading.default\">\n\t\t\t\t<div class=\"elementor-widget-container\">\n\t\t\t\t\t<h2 class=\"elementor-heading-title elementor-size-default\">Director fundador<\/h2>\t\t\t\t<\/div>\n\t\t\t\t<\/div>\n\t\t\t\t<div class=\"elementor-element elementor-element-c7ea3d2 elementor-widget__width-inherit elementor-widget elementor-widget-image\" data-id=\"c7ea3d2\" data-element_type=\"widget\" data-widget_type=\"image.default\">\n\t\t\t\t<div class=\"elementor-widget-container\">\n\t\t\t\t\t\t\t\t\t\t\t\t\t\t\t\t<a href=\"https:\/\/www.jonc.cat\/\" target=\"_blank\">\n\t\t\t\t\t\t\t<img loading=\"lazy\" decoding=\"async\" width=\"640\" height=\"360\" src=\"https:\/\/www.joseppons.net\/wp-content\/uploads\/2025\/06\/JONC-logo.png\" class=\"attachment-large size-large wp-image-5783\" alt=\"\" srcset=\"https:\/\/www.joseppons.net\/wp-content\/uploads\/2025\/06\/JONC-logo.png 640w, https:\/\/www.joseppons.net\/wp-content\/uploads\/2025\/06\/JONC-logo-300x169.png 300w\" sizes=\"(max-width: 640px) 100vw, 640px\" \/>\t\t\t\t\t\t\t\t<\/a>\n\t\t\t\t\t\t\t\t\t\t\t\t\t\t\t<\/div>\n\t\t\t\t<\/div>\n\t\t\t\t<\/div>\n\t\t<div class=\"elementor-element elementor-element-e29b7fa e-con-full e-flex e-con e-child\" data-id=\"e29b7fa\" data-element_type=\"container\">\n\t\t\t\t<div class=\"elementor-element elementor-element-d983efe elementor-widget elementor-widget-heading\" data-id=\"d983efe\" data-element_type=\"widget\" data-widget_type=\"heading.default\">\n\t\t\t\t<div class=\"elementor-widget-container\">\n\t\t\t\t\t<h2 class=\"elementor-heading-title elementor-size-default\">Director honoris causa<\/h2>\t\t\t\t<\/div>\n\t\t\t\t<\/div>\n\t\t\t\t<div class=\"elementor-element elementor-element-dcd5448 elementor-widget__width-inherit elementor-widget elementor-widget-image\" data-id=\"dcd5448\" data-element_type=\"widget\" data-widget_type=\"image.default\">\n\t\t\t\t<div class=\"elementor-widget-container\">\n\t\t\t\t\t\t\t\t\t\t\t\t\t\t\t\t<a href=\"https:\/\/www.uab.cat\/web\/la-uab\/la-uab\/doctors-honoris-causa\/doctors-honoris-causa-1345468288397.html?param1=1345840084808\" target=\"_blank\">\n\t\t\t\t\t\t\t<img loading=\"lazy\" decoding=\"async\" width=\"640\" height=\"360\" src=\"https:\/\/www.joseppons.net\/wp-content\/uploads\/2025\/06\/UAB-logo.png\" class=\"attachment-large size-large wp-image-5786\" alt=\"\" srcset=\"https:\/\/www.joseppons.net\/wp-content\/uploads\/2025\/06\/UAB-logo.png 640w, https:\/\/www.joseppons.net\/wp-content\/uploads\/2025\/06\/UAB-logo-300x169.png 300w\" sizes=\"(max-width: 640px) 100vw, 640px\" \/>\t\t\t\t\t\t\t\t<\/a>\n\t\t\t\t\t\t\t\t\t\t\t\t\t\t\t<\/div>\n\t\t\t\t<\/div>\n\t\t\t\t<\/div>\n\t\t<div class=\"elementor-element elementor-element-4fc2db6 e-con-full e-flex e-con e-child\" data-id=\"4fc2db6\" data-element_type=\"container\">\n\t\t\t\t<div class=\"elementor-element elementor-element-ecb458e elementor-widget elementor-widget-heading\" data-id=\"ecb458e\" data-element_type=\"widget\" data-widget_type=\"heading.default\">\n\t\t\t\t<div class=\"elementor-widget-container\">\n\t\t\t\t\t<h2 class=\"elementor-heading-title elementor-size-default\">Director numerario<\/h2>\t\t\t\t<\/div>\n\t\t\t\t<\/div>\n\t\t\t\t<div class=\"elementor-element elementor-element-791629e elementor-widget__width-inherit elementor-widget elementor-widget-image\" data-id=\"791629e\" data-element_type=\"widget\" data-widget_type=\"image.default\">\n\t\t\t\t<div class=\"elementor-widget-container\">\n\t\t\t\t\t\t\t\t\t\t\t\t\t\t\t\t<a href=\"https:\/\/www.racba.org\/\" target=\"_blank\">\n\t\t\t\t\t\t\t<img loading=\"lazy\" decoding=\"async\" width=\"640\" height=\"360\" src=\"https:\/\/www.joseppons.net\/wp-content\/uploads\/2025\/06\/reial-academia-cat-belles-arts-logo-1.png\" class=\"attachment-large size-large wp-image-5789\" alt=\"\" srcset=\"https:\/\/www.joseppons.net\/wp-content\/uploads\/2025\/06\/reial-academia-cat-belles-arts-logo-1.png 640w, https:\/\/www.joseppons.net\/wp-content\/uploads\/2025\/06\/reial-academia-cat-belles-arts-logo-1-300x169.png 300w\" sizes=\"(max-width: 640px) 100vw, 640px\" \/>\t\t\t\t\t\t\t\t<\/a>\n\t\t\t\t\t\t\t\t\t\t\t\t\t\t\t<\/div>\n\t\t\t\t<\/div>\n\t\t\t\t<\/div>\n\t\t<div class=\"elementor-element elementor-element-31b3b16 e-con-full e-flex e-con e-child\" data-id=\"31b3b16\" data-element_type=\"container\">\n\t\t\t\t<div class=\"elementor-element elementor-element-5133445 elementor-widget elementor-widget-heading\" data-id=\"5133445\" data-element_type=\"widget\" data-widget_type=\"heading.default\">\n\t\t\t\t<div class=\"elementor-widget-container\">\n\t\t\t\t\t<h2 class=\"elementor-heading-title elementor-size-default\">Artista<\/h2>\t\t\t\t<\/div>\n\t\t\t\t<\/div>\n\t\t\t\t<div class=\"elementor-element elementor-element-6bfc8e6 elementor-widget__width-inherit elementor-widget elementor-widget-image\" data-id=\"6bfc8e6\" data-element_type=\"widget\" data-widget_type=\"image.default\">\n\t\t\t\t<div class=\"elementor-widget-container\">\n\t\t\t\t\t\t\t\t\t\t\t\t\t\t\t\t<a href=\"https:\/\/www.harmoniamundi.com\/en\/artistes\/josep-pons\/\" target=\"_blank\">\n\t\t\t\t\t\t\t<img loading=\"lazy\" decoding=\"async\" width=\"640\" height=\"360\" src=\"https:\/\/www.joseppons.net\/wp-content\/uploads\/2025\/06\/harmonia-mundi-logo-1.png\" class=\"attachment-large size-large wp-image-5787\" alt=\"\" srcset=\"https:\/\/www.joseppons.net\/wp-content\/uploads\/2025\/06\/harmonia-mundi-logo-1.png 640w, https:\/\/www.joseppons.net\/wp-content\/uploads\/2025\/06\/harmonia-mundi-logo-1-300x169.png 300w\" sizes=\"(max-width: 640px) 100vw, 640px\" \/>\t\t\t\t\t\t\t\t<\/a>\n\t\t\t\t\t\t\t\t\t\t\t\t\t\t\t<\/div>\n\t\t\t\t<\/div>\n\t\t\t\t<\/div>\n\t\t\t\t<\/div>\n\t\t\t\t\t<\/div>\n\t\t\t\t<\/div>\n\t\t\t\t<\/div>\n\t\t","protected":false},"excerpt":{"rendered":"<p>\u00abEn cada concierto vivo una emoci\u00f3n \u00edntima\u00bb Josep Pons &#8211; Director Biograf\u00eda Josep Pons es el Director Musical del Gran Teatre del Liceu desde 2012, y su \u00faltima renovaci\u00f3n lo mantiene en el cargo hasta 2026. A lo largo de estos a\u00f1os ha dirigido una cuarentena de t\u00edtulos, con especial atenci\u00f3n a las grandes obras&hellip;&nbsp;<a href=\"https:\/\/www.joseppons.net\/es\/biografia\/\" rel=\"bookmark\"><span class=\"screen-reader-text\">Biograf\u00eda<\/span><\/a><\/p>\n","protected":false},"author":1,"featured_media":5738,"parent":0,"menu_order":0,"comment_status":"closed","ping_status":"closed","template":"page-templates\/template-pagebuilder-full-width.php","meta":{"_acf_changed":false,"neve_meta_sidebar":"","neve_meta_container":"","neve_meta_enable_content_width":"off","neve_meta_content_width":100,"neve_meta_title_alignment":"","neve_meta_author_avatar":"","neve_post_elements_order":"","neve_meta_disable_header":"","neve_meta_disable_footer":"","neve_meta_disable_title":"","footnotes":""},"class_list":["post-5782","page","type-page","status-publish","has-post-thumbnail","hentry"],"acf":[],"yoast_head":"<!-- This site is optimized with the Yoast SEO plugin v26.2 - https:\/\/yoast.com\/wordpress\/plugins\/seo\/ -->\n<title>Biograf\u00eda | Josep Pons<\/title>\n<meta name=\"description\" content=\"Josep Pons es el Director Musical del Gran Teatro del Liceu desde 2012 y su \u00faltima renovaci\u00f3n le lleva hasta 2026.\" \/>\n<meta name=\"robots\" content=\"index, follow, max-snippet:-1, max-image-preview:large, max-video-preview:-1\" \/>\n<link rel=\"canonical\" href=\"https:\/\/www.joseppons.net\/es\/biografia\/\" \/>\n<meta property=\"og:locale\" content=\"es_ES\" \/>\n<meta property=\"og:type\" content=\"article\" \/>\n<meta property=\"og:title\" content=\"Biograf\u00eda | Josep Pons\" \/>\n<meta property=\"og:description\" content=\"Josep Pons es el Director Musical del Gran Teatro del Liceu desde 2012 y su \u00faltima renovaci\u00f3n le lleva hasta 2026.\" \/>\n<meta property=\"og:url\" content=\"https:\/\/www.joseppons.net\/es\/biografia\/\" \/>\n<meta property=\"og:site_name\" content=\"JOSEP PONS\" \/>\n<meta property=\"article:publisher\" content=\"https:\/\/www.facebook.com\/people\/Josep-Pons\/\" \/>\n<meta property=\"article:modified_time\" content=\"2025-10-28T08:55:52+00:00\" \/>\n<meta property=\"og:image\" content=\"https:\/\/www.joseppons.net\/wp-content\/uploads\/2025\/09\/Josep-Pons_antoni_bofill_1.jpg\" \/>\n\t<meta property=\"og:image:width\" content=\"850\" \/>\n\t<meta property=\"og:image:height\" content=\"567\" \/>\n\t<meta property=\"og:image:type\" content=\"image\/jpeg\" \/>\n<meta name=\"twitter:card\" content=\"summary_large_image\" \/>\n<meta name=\"twitter:label1\" content=\"Tiempo de lectura\" \/>\n\t<meta name=\"twitter:data1\" content=\"5 minutos\" \/>\n<script type=\"application\/ld+json\" class=\"yoast-schema-graph\">{\"@context\":\"https:\/\/schema.org\",\"@graph\":[{\"@type\":\"WebPage\",\"@id\":\"https:\/\/www.joseppons.net\/es\/biografia\/\",\"url\":\"https:\/\/www.joseppons.net\/es\/biografia\/\",\"name\":\"Biograf\u00eda | Josep Pons\",\"isPartOf\":{\"@id\":\"https:\/\/www.joseppons.net\/es\/#website\"},\"primaryImageOfPage\":{\"@id\":\"https:\/\/www.joseppons.net\/es\/biografia\/#primaryimage\"},\"image\":{\"@id\":\"https:\/\/www.joseppons.net\/es\/biografia\/#primaryimage\"},\"thumbnailUrl\":\"https:\/\/www.joseppons.net\/wp-content\/uploads\/2025\/09\/Josep-Pons_antoni_bofill_1.jpg\",\"datePublished\":\"2022-05-16T17:27:34+00:00\",\"dateModified\":\"2025-10-28T08:55:52+00:00\",\"description\":\"Josep Pons es el Director Musical del Gran Teatro del Liceu desde 2012 y su \u00faltima renovaci\u00f3n le lleva hasta 2026.\",\"breadcrumb\":{\"@id\":\"https:\/\/www.joseppons.net\/es\/biografia\/#breadcrumb\"},\"inLanguage\":\"es\",\"potentialAction\":[{\"@type\":\"ReadAction\",\"target\":[\"https:\/\/www.joseppons.net\/es\/biografia\/\"]}]},{\"@type\":\"ImageObject\",\"inLanguage\":\"es\",\"@id\":\"https:\/\/www.joseppons.net\/es\/biografia\/#primaryimage\",\"url\":\"https:\/\/www.joseppons.net\/wp-content\/uploads\/2025\/09\/Josep-Pons_antoni_bofill_1.jpg\",\"contentUrl\":\"https:\/\/www.joseppons.net\/wp-content\/uploads\/2025\/09\/Josep-Pons_antoni_bofill_1.jpg\",\"width\":850,\"height\":567},{\"@type\":\"BreadcrumbList\",\"@id\":\"https:\/\/www.joseppons.net\/es\/biografia\/#breadcrumb\",\"itemListElement\":[{\"@type\":\"ListItem\",\"position\":1,\"name\":\"Inici\",\"item\":\"https:\/\/www.joseppons.net\/es\/\"},{\"@type\":\"ListItem\",\"position\":2,\"name\":\"Biograf\u00eda\"}]},{\"@type\":\"WebSite\",\"@id\":\"https:\/\/www.joseppons.net\/es\/#website\",\"url\":\"https:\/\/www.joseppons.net\/es\/\",\"name\":\"JOSEP PONS\",\"description\":\"Comprom\u00e8s amb la m\u00fasica\",\"publisher\":{\"@id\":\"https:\/\/www.joseppons.net\/es\/#organization\"},\"alternateName\":\"JOSEP PONS\",\"potentialAction\":[{\"@type\":\"SearchAction\",\"target\":{\"@type\":\"EntryPoint\",\"urlTemplate\":\"https:\/\/www.joseppons.net\/es\/?s={search_term_string}\"},\"query-input\":{\"@type\":\"PropertyValueSpecification\",\"valueRequired\":true,\"valueName\":\"search_term_string\"}}],\"inLanguage\":\"es\"},{\"@type\":\"Organization\",\"@id\":\"https:\/\/www.joseppons.net\/es\/#organization\",\"name\":\"JOSEP PONS\",\"alternateName\":\"JOSEP PONS\",\"url\":\"https:\/\/www.joseppons.net\/es\/\",\"logo\":{\"@type\":\"ImageObject\",\"inLanguage\":\"es\",\"@id\":\"https:\/\/www.joseppons.net\/es\/#\/schema\/logo\/image\/\",\"url\":\"https:\/\/www.joseppons.net\/wp-content\/uploads\/2025\/06\/cropped-favicon-jp.png\",\"contentUrl\":\"https:\/\/www.joseppons.net\/wp-content\/uploads\/2025\/06\/cropped-favicon-jp.png\",\"width\":512,\"height\":512,\"caption\":\"JOSEP PONS\"},\"image\":{\"@id\":\"https:\/\/www.joseppons.net\/es\/#\/schema\/logo\/image\/\"},\"sameAs\":[\"https:\/\/www.facebook.com\/people\/Josep-Pons\/\",\"https:\/\/www.instagram.com\/josepponsconductor\/\",\"https:\/\/x.com\/ConductorPons\",\"https:\/\/open.spotify.com\/artist\/1TlFTSPL1hXKUTjHIqqFvV\",\"https:\/\/music.apple.com\/es\/artist\/josep-pons\/205799774\"]}]}<\/script>\n<!-- \/ Yoast SEO plugin. -->","yoast_head_json":{"title":"Biograf\u00eda | Josep Pons","description":"Josep Pons es el Director Musical del Gran Teatro del Liceu desde 2012 y su \u00faltima renovaci\u00f3n le lleva hasta 2026.","robots":{"index":"index","follow":"follow","max-snippet":"max-snippet:-1","max-image-preview":"max-image-preview:large","max-video-preview":"max-video-preview:-1"},"canonical":"https:\/\/www.joseppons.net\/es\/biografia\/","og_locale":"es_ES","og_type":"article","og_title":"Biograf\u00eda | Josep Pons","og_description":"Josep Pons es el Director Musical del Gran Teatro del Liceu desde 2012 y su \u00faltima renovaci\u00f3n le lleva hasta 2026.","og_url":"https:\/\/www.joseppons.net\/es\/biografia\/","og_site_name":"JOSEP PONS","article_publisher":"https:\/\/www.facebook.com\/people\/Josep-Pons\/","article_modified_time":"2025-10-28T08:55:52+00:00","og_image":[{"width":850,"height":567,"url":"https:\/\/www.joseppons.net\/wp-content\/uploads\/2025\/09\/Josep-Pons_antoni_bofill_1.jpg","type":"image\/jpeg"}],"twitter_card":"summary_large_image","twitter_misc":{"Tiempo de lectura":"5 minutos"},"schema":{"@context":"https:\/\/schema.org","@graph":[{"@type":"WebPage","@id":"https:\/\/www.joseppons.net\/es\/biografia\/","url":"https:\/\/www.joseppons.net\/es\/biografia\/","name":"Biograf\u00eda | Josep Pons","isPartOf":{"@id":"https:\/\/www.joseppons.net\/es\/#website"},"primaryImageOfPage":{"@id":"https:\/\/www.joseppons.net\/es\/biografia\/#primaryimage"},"image":{"@id":"https:\/\/www.joseppons.net\/es\/biografia\/#primaryimage"},"thumbnailUrl":"https:\/\/www.joseppons.net\/wp-content\/uploads\/2025\/09\/Josep-Pons_antoni_bofill_1.jpg","datePublished":"2022-05-16T17:27:34+00:00","dateModified":"2025-10-28T08:55:52+00:00","description":"Josep Pons es el Director Musical del Gran Teatro del Liceu desde 2012 y su \u00faltima renovaci\u00f3n le lleva hasta 2026.","breadcrumb":{"@id":"https:\/\/www.joseppons.net\/es\/biografia\/#breadcrumb"},"inLanguage":"es","potentialAction":[{"@type":"ReadAction","target":["https:\/\/www.joseppons.net\/es\/biografia\/"]}]},{"@type":"ImageObject","inLanguage":"es","@id":"https:\/\/www.joseppons.net\/es\/biografia\/#primaryimage","url":"https:\/\/www.joseppons.net\/wp-content\/uploads\/2025\/09\/Josep-Pons_antoni_bofill_1.jpg","contentUrl":"https:\/\/www.joseppons.net\/wp-content\/uploads\/2025\/09\/Josep-Pons_antoni_bofill_1.jpg","width":850,"height":567},{"@type":"BreadcrumbList","@id":"https:\/\/www.joseppons.net\/es\/biografia\/#breadcrumb","itemListElement":[{"@type":"ListItem","position":1,"name":"Inici","item":"https:\/\/www.joseppons.net\/es\/"},{"@type":"ListItem","position":2,"name":"Biograf\u00eda"}]},{"@type":"WebSite","@id":"https:\/\/www.joseppons.net\/es\/#website","url":"https:\/\/www.joseppons.net\/es\/","name":"JOSEP PONS","description":"Comprom\u00e8s amb la m\u00fasica","publisher":{"@id":"https:\/\/www.joseppons.net\/es\/#organization"},"alternateName":"JOSEP PONS","potentialAction":[{"@type":"SearchAction","target":{"@type":"EntryPoint","urlTemplate":"https:\/\/www.joseppons.net\/es\/?s={search_term_string}"},"query-input":{"@type":"PropertyValueSpecification","valueRequired":true,"valueName":"search_term_string"}}],"inLanguage":"es"},{"@type":"Organization","@id":"https:\/\/www.joseppons.net\/es\/#organization","name":"JOSEP PONS","alternateName":"JOSEP PONS","url":"https:\/\/www.joseppons.net\/es\/","logo":{"@type":"ImageObject","inLanguage":"es","@id":"https:\/\/www.joseppons.net\/es\/#\/schema\/logo\/image\/","url":"https:\/\/www.joseppons.net\/wp-content\/uploads\/2025\/06\/cropped-favicon-jp.png","contentUrl":"https:\/\/www.joseppons.net\/wp-content\/uploads\/2025\/06\/cropped-favicon-jp.png","width":512,"height":512,"caption":"JOSEP PONS"},"image":{"@id":"https:\/\/www.joseppons.net\/es\/#\/schema\/logo\/image\/"},"sameAs":["https:\/\/www.facebook.com\/people\/Josep-Pons\/","https:\/\/www.instagram.com\/josepponsconductor\/","https:\/\/x.com\/ConductorPons","https:\/\/open.spotify.com\/artist\/1TlFTSPL1hXKUTjHIqqFvV","https:\/\/music.apple.com\/es\/artist\/josep-pons\/205799774"]}]}},"_links":{"self":[{"href":"https:\/\/www.joseppons.net\/es\/wp-json\/wp\/v2\/pages\/5782","targetHints":{"allow":["GET"]}}],"collection":[{"href":"https:\/\/www.joseppons.net\/es\/wp-json\/wp\/v2\/pages"}],"about":[{"href":"https:\/\/www.joseppons.net\/es\/wp-json\/wp\/v2\/types\/page"}],"author":[{"embeddable":true,"href":"https:\/\/www.joseppons.net\/es\/wp-json\/wp\/v2\/users\/1"}],"replies":[{"embeddable":true,"href":"https:\/\/www.joseppons.net\/es\/wp-json\/wp\/v2\/comments?post=5782"}],"version-history":[{"count":5,"href":"https:\/\/www.joseppons.net\/es\/wp-json\/wp\/v2\/pages\/5782\/revisions"}],"predecessor-version":[{"id":6129,"href":"https:\/\/www.joseppons.net\/es\/wp-json\/wp\/v2\/pages\/5782\/revisions\/6129"}],"wp:featuredmedia":[{"embeddable":true,"href":"https:\/\/www.joseppons.net\/es\/wp-json\/wp\/v2\/media\/5738"}],"wp:attachment":[{"href":"https:\/\/www.joseppons.net\/es\/wp-json\/wp\/v2\/media?parent=5782"}],"curies":[{"name":"wp","href":"https:\/\/api.w.org\/{rel}","templated":true}]}}